{"id":3427,"date":"2025-07-23T22:18:38","date_gmt":"2025-07-23T20:18:38","guid":{"rendered":"https:\/\/savoie-argentine.org\/villa-elisa\/"},"modified":"2026-01-31T19:38:14","modified_gmt":"2026-01-31T18:38:14","slug":"villa-elisa","status":"publish","type":"page","link":"https:\/\/savoie-argentine.org\/es\/centros-culturales\/villa-elisa\/","title":{"rendered":"Villa Elisa"},"content":{"rendered":"\t\t<div data-elementor-type=\"wp-page\" data-elementor-id=\"3427\" class=\"elementor elementor-3427 elementor-222\">\n\t\t\t\t<div class=\"elementor-element elementor-element-2710056f e-transform e-transform e-flex e-con-boxed e-con e-parent\" data-id=\"2710056f\" data-element_type=\"container\" data-e-type=\"container\" data-settings=\"{&quot;background_background&quot;:&quot;classic&quot;,&quot;_transform_translateX_effect&quot;:{&quot;unit&quot;:&quot;px&quot;,&quot;size&quot;:207,&quot;sizes&quot;:[]},&quot;_transform_scale_effect&quot;:{&quot;unit&quot;:&quot;px&quot;,&quot;size&quot;:0.5,&quot;sizes&quot;:[]},&quot;_transform_translateX_effect_tablet&quot;:{&quot;unit&quot;:&quot;px&quot;,&quot;size&quot;:&quot;&quot;,&quot;sizes&quot;:[]},&quot;_transform_translateX_effect_mobile&quot;:{&quot;unit&quot;:&quot;px&quot;,&quot;size&quot;:&quot;&quot;,&quot;sizes&quot;:[]},&quot;_transform_translateY_effect&quot;:{&quot;unit&quot;:&quot;px&quot;,&quot;size&quot;:&quot;&quot;,&quot;sizes&quot;:[]},&quot;_transform_translateY_effect_tablet&quot;:{&quot;unit&quot;:&quot;px&quot;,&quot;size&quot;:&quot;&quot;,&quot;sizes&quot;:[]},&quot;_transform_translateY_effect_mobile&quot;:{&quot;unit&quot;:&quot;px&quot;,&quot;size&quot;:&quot;&quot;,&quot;sizes&quot;:[]},&quot;_transform_scale_effect_tablet&quot;:{&quot;unit&quot;:&quot;px&quot;,&quot;size&quot;:&quot;&quot;,&quot;sizes&quot;:[]},&quot;_transform_scale_effect_mobile&quot;:{&quot;unit&quot;:&quot;px&quot;,&quot;size&quot;:&quot;&quot;,&quot;sizes&quot;:[]}}\">\n\t\t\t\t\t<div class=\"e-con-inner\">\n\t\t\t\t<div class=\"elementor-element elementor-element-114fe938 elementor-widget elementor-widget-image\" data-id=\"114fe938\" data-element_type=\"widget\" data-e-type=\"widget\" data-widget_type=\"image.default\">\n\t\t\t\t\t\t\t\t\t\t\t\t\t\t\t\t<a href=\"https:\/\/savoie-argentine.org\/wp-content\/uploads\/2025\/11\/villa_lisa_centre.jpeg\">\n\t\t\t\t\t\t\t<img fetchpriority=\"high\" decoding=\"async\" width=\"1280\" height=\"651\" src=\"https:\/\/savoie-argentine.org\/wp-content\/uploads\/2025\/11\/villa_lisa_centre_p.jpg\" class=\"elementor-animation-bounce-in attachment-full size-full wp-image-4227\" alt=\"\" srcset=\"https:\/\/savoie-argentine.org\/wp-content\/uploads\/2025\/11\/villa_lisa_centre_p.jpg 1280w, https:\/\/savoie-argentine.org\/wp-content\/uploads\/2025\/11\/villa_lisa_centre_p-300x153.jpg 300w, https:\/\/savoie-argentine.org\/wp-content\/uploads\/2025\/11\/villa_lisa_centre_p-1024x521.jpg 1024w, https:\/\/savoie-argentine.org\/wp-content\/uploads\/2025\/11\/villa_lisa_centre_p-768x391.jpg 768w\" sizes=\"(max-width: 1280px) 100vw, 1280px\" \/>\t\t\t\t\t\t\t\t<\/a>\n\t\t\t\t\t\t\t\t\t\t\t\t\t\t\t<\/div>\n\t\t\t\t\t<\/div>\n\t\t\t\t<\/div>\n\t\t<div class=\"elementor-element elementor-element-6d32e86 e-flex e-con-boxed e-con e-parent\" data-id=\"6d32e86\" data-element_type=\"container\" data-e-type=\"container\">\n\t\t\t\t\t<div class=\"e-con-inner\">\n\t\t\t\t<div class=\"elementor-element elementor-element-56d95a3 elementor-widget elementor-widget-text-editor\" data-id=\"56d95a3\" data-element_type=\"widget\" data-e-type=\"widget\" data-widget_type=\"text-editor.default\">\n\t\t\t\t\t\t\t\t\t<p>\u00bfInformaci\u00f3n sobre el centro cultural de Villa Elisa?<a href=\"https:\/\/savoie-argentine.org\/es\/contactenos\/villa-elisa-solicitud-de-informacion\/\" rel=\"noopener\"><span style=\"text-decoration: underline;\">  est\u00e1 aqu\u00ed  &gt;&gt;&gt;<\/span><\/a><\/p>\t\t\t\t\t\t\t\t<\/div>\n\t\t\t\t\t<\/div>\n\t\t\t\t<\/div>\n\t\t<div class=\"elementor-element elementor-element-0d0d0e6 e-flex e-con-boxed e-con e-parent\" data-id=\"0d0d0e6\" data-element_type=\"container\" data-e-type=\"container\">\n\t\t\t\t\t<div class=\"e-con-inner\">\n\t\t\t\t<div class=\"elementor-element elementor-element-19a4f92 elementor-widget elementor-widget-text-editor\" data-id=\"19a4f92\" data-element_type=\"widget\" data-e-type=\"widget\" data-widget_type=\"text-editor.default\">\n\t\t\t\t\t\t\t\t\t<h3 data-start=\"1607\" data-end=\"1661\">Centro Savoyardo de <strong data-start=\"1633\" data-end=\"1648\">Villa Elisa<\/strong> (Entre R\u00edos)<\/h3><ul data-start=\"1662\" data-end=\"2496\"><li data-start=\"1662\" data-end=\"1859\"><p data-start=\"1664\" data-end=\"1859\"><strong data-start=\"1664\" data-end=\"1687\">Contexto hist\u00f3rico<\/strong>: la colonia de Villa Elisa fue fundada en 1890 por colonos saboyanos, piamonteses y valesanos, por iniciativa de H\u00e9ctor de El\u00eda <span class=\"\" data-state=\"closed\"><span class=\"ms-1 inline-flex max-w-full items-center relative top-[-0.094rem] animate-[show_150ms_ease-in]\" data-testid=\"webpage-citation-pill\"><a class=\"flex h-4.5 overflow-hidden rounded-xl px-2 text-[9px] font-medium text-token-text-secondary! bg-[#F4F4F4]! dark:bg-[#303030]! transition-colors duration-150 ease-in-out\" href=\"https:\/\/fr.wikipedia.org\/wiki\/Villa_Elisa_%28Entre_R%C3%ADos%29?utm_source=chatgpt.com\" target=\"_blank\" rel=\"noopener\"><span class=\"relative start-0 bottom-0 flex h-full w-full items-center\"><span class=\"flex h-4 w-full items-center justify-between overflow-hidden\"><span class=\"max-w-full grow truncate overflow-hidden text-center\">Wikipedia<\/span><\/span><\/span><\/a><\/span><\/span>.<\/p><\/li><li data-start=\"1860\" data-end=\"2115\"><p data-start=\"1862\" data-end=\"2115\"><strong data-start=\"1862\" data-end=\"1893\">Creaci\u00f3n del Centro Savoyardo<\/strong>: estructurado en el marco de las conmemoraciones del centenario de la ciudad, a principios de la d\u00e9cada de 1990, inaugurado oficialmente en la misma ceremonia que San Jos\u00e9, el 12 de noviembre de 2000.<\/p><\/li><li data-start=\"2116\" data-end=\"2357\"><p data-start=\"2118\" data-end=\"2180\"><strong data-start=\"2118\" data-end=\"2144\">Funciones y actividades<\/strong>: similares a las de San Jos\u00e9:<\/p><ul data-start=\"2183\" data-end=\"2357\"><li data-start=\"2183\" data-end=\"2228\"><p data-start=\"2185\" data-end=\"2228\">Fomento de la ense\u00f1anza del franc\u00e9s.<\/p><\/li><li data-start=\"2231\" data-end=\"2357\"><p data-start=\"2233\" data-end=\"2357\">Acciones culturales, archivos hist\u00f3ricos, facilitaci\u00f3n de los intercambios con la Saboya.<\/p><\/li><\/ul><\/li><li data-start=\"2358\" data-end=\"2496\"><p data-start=\"2360\" data-end=\"2496\"><strong data-start=\"2360\" data-end=\"2375\">Cooperaci\u00f3n<\/strong>: asociaci\u00f3n duradera con el Consejo General de la Alta Saboya establecida en 2008.<\/p><\/li><\/ul>\t\t\t\t\t\t\t\t<\/div>\n\t\t\t\t\t<\/div>\n\t\t\t\t<\/div>\n\t\t\t\t<\/div>\n\t\t","protected":false},"excerpt":{"rendered":"<p>\u00bfInformaci\u00f3n sobre el centro cultural de Villa Elisa? est\u00e1 aqu\u00ed &gt;&gt;&gt; Centro Savoyardo de Villa Elisa (Entre R\u00edos) Contexto hist\u00f3rico: la colonia de Villa Elisa fue fundada en 1890 por colonos saboyanos, piamonteses y valesanos, por iniciativa de H\u00e9ctor de El\u00eda Wikipedia. Creaci\u00f3n del Centro Savoyardo: estructurado en el marco de las conmemoraciones del centenario [&hellip;]<\/p>\n","protected":false},"author":1,"featured_media":0,"parent":3431,"menu_order":0,"comment_status":"closed","ping_status":"closed","template":"","meta":{"iawp_total_views":6,"footnotes":""},"folder":[],"class_list":["post-3427","page","type-page","status-publish","hentry"],"_links":{"self":[{"href":"https:\/\/savoie-argentine.org\/es\/wp-json\/wp\/v2\/pages\/3427","targetHints":{"allow":["GET"]}}],"collection":[{"href":"https:\/\/savoie-argentine.org\/es\/wp-json\/wp\/v2\/pages"}],"about":[{"href":"https:\/\/savoie-argentine.org\/es\/wp-json\/wp\/v2\/types\/page"}],"author":[{"embeddable":true,"href":"https:\/\/savoie-argentine.org\/es\/wp-json\/wp\/v2\/users\/1"}],"replies":[{"embeddable":true,"href":"https:\/\/savoie-argentine.org\/es\/wp-json\/wp\/v2\/comments?post=3427"}],"version-history":[{"count":3,"href":"https:\/\/savoie-argentine.org\/es\/wp-json\/wp\/v2\/pages\/3427\/revisions"}],"predecessor-version":[{"id":5934,"href":"https:\/\/savoie-argentine.org\/es\/wp-json\/wp\/v2\/pages\/3427\/revisions\/5934"}],"up":[{"embeddable":true,"href":"https:\/\/savoie-argentine.org\/es\/wp-json\/wp\/v2\/pages\/3431"}],"wp:attachment":[{"href":"https:\/\/savoie-argentine.org\/es\/wp-json\/wp\/v2\/media?parent=3427"}],"wp:term":[{"taxonomy":"folder","embeddable":true,"href":"https:\/\/savoie-argentine.org\/es\/wp-json\/wp\/v2\/folder?post=3427"}],"curies":[{"name":"wp","href":"https:\/\/api.w.org\/{rel}","templated":true}]}}