{"id":3431,"date":"2025-07-23T22:15:59","date_gmt":"2025-07-23T20:15:59","guid":{"rendered":"https:\/\/savoie-argentine.org\/centros-culturales\/"},"modified":"2026-01-31T19:36:36","modified_gmt":"2026-01-31T18:36:36","slug":"centros-culturales","status":"publish","type":"page","link":"https:\/\/savoie-argentine.org\/es\/centros-culturales\/","title":{"rendered":"Centros Culturales"},"content":{"rendered":"\t\t<div data-elementor-type=\"wp-page\" data-elementor-id=\"3431\" class=\"elementor elementor-3431 elementor-217\">\n\t\t\t\t<div class=\"elementor-element elementor-element-753f1b97 e-transform e-transform e-flex e-con-boxed e-con e-parent\" data-id=\"753f1b97\" data-element_type=\"container\" data-e-type=\"container\" data-settings=\"{&quot;background_background&quot;:&quot;classic&quot;,&quot;_transform_translateX_effect&quot;:{&quot;unit&quot;:&quot;px&quot;,&quot;size&quot;:207,&quot;sizes&quot;:[]},&quot;_transform_scale_effect&quot;:{&quot;unit&quot;:&quot;px&quot;,&quot;size&quot;:0.5,&quot;sizes&quot;:[]},&quot;_transform_translateX_effect_tablet&quot;:{&quot;unit&quot;:&quot;px&quot;,&quot;size&quot;:&quot;&quot;,&quot;sizes&quot;:[]},&quot;_transform_translateX_effect_mobile&quot;:{&quot;unit&quot;:&quot;px&quot;,&quot;size&quot;:&quot;&quot;,&quot;sizes&quot;:[]},&quot;_transform_translateY_effect&quot;:{&quot;unit&quot;:&quot;px&quot;,&quot;size&quot;:&quot;&quot;,&quot;sizes&quot;:[]},&quot;_transform_translateY_effect_tablet&quot;:{&quot;unit&quot;:&quot;px&quot;,&quot;size&quot;:&quot;&quot;,&quot;sizes&quot;:[]},&quot;_transform_translateY_effect_mobile&quot;:{&quot;unit&quot;:&quot;px&quot;,&quot;size&quot;:&quot;&quot;,&quot;sizes&quot;:[]},&quot;_transform_scale_effect_tablet&quot;:{&quot;unit&quot;:&quot;px&quot;,&quot;size&quot;:&quot;&quot;,&quot;sizes&quot;:[]},&quot;_transform_scale_effect_mobile&quot;:{&quot;unit&quot;:&quot;px&quot;,&quot;size&quot;:&quot;&quot;,&quot;sizes&quot;:[]}}\">\n\t\t\t\t\t<div class=\"e-con-inner\">\n\t\t\t\t<div class=\"elementor-element elementor-element-43b3505e elementor-widget elementor-widget-image\" data-id=\"43b3505e\" data-element_type=\"widget\" data-e-type=\"widget\" data-widget_type=\"image.default\">\n\t\t\t\t\t\t\t\t\t\t\t\t\t\t\t\t<a href=\"https:\/\/savoie-argentine.org\/wp-content\/uploads\/2025\/07\/francais-devant-le-Centre-de-Villa-Elisa.jpg\" data-elementor-open-lightbox=\"yes\" data-elementor-lightbox-title=\"francais-devant-le-Centre-de-Villa-Elisa\" data-e-action-hash=\"#elementor-action%3Aaction%3Dlightbox%26settings%3DeyJpZCI6NDIxOSwidXJsIjoiaHR0cHM6XC9cL3Nhdm9pZS1hcmdlbnRpbmUub3JnXC93cC1jb250ZW50XC91cGxvYWRzXC8yMDI1XC8wN1wvZnJhbmNhaXMtZGV2YW50LWxlLUNlbnRyZS1kZS1WaWxsYS1FbGlzYS5qcGcifQ%3D%3D\">\n\t\t\t\t\t\t\t<img fetchpriority=\"high\" decoding=\"async\" width=\"2044\" height=\"1153\" src=\"https:\/\/savoie-argentine.org\/wp-content\/uploads\/2025\/07\/francais-devant-le-Centre-de-Villa-Elisa.jpg\" class=\"elementor-animation-bounce-in attachment-full size-full wp-image-4219\" alt=\"\" srcset=\"https:\/\/savoie-argentine.org\/wp-content\/uploads\/2025\/07\/francais-devant-le-Centre-de-Villa-Elisa.jpg 2044w, https:\/\/savoie-argentine.org\/wp-content\/uploads\/2025\/07\/francais-devant-le-Centre-de-Villa-Elisa-300x169.jpg 300w, https:\/\/savoie-argentine.org\/wp-content\/uploads\/2025\/07\/francais-devant-le-Centre-de-Villa-Elisa-1024x578.jpg 1024w, https:\/\/savoie-argentine.org\/wp-content\/uploads\/2025\/07\/francais-devant-le-Centre-de-Villa-Elisa-768x433.jpg 768w, https:\/\/savoie-argentine.org\/wp-content\/uploads\/2025\/07\/francais-devant-le-Centre-de-Villa-Elisa-1536x866.jpg 1536w, https:\/\/savoie-argentine.org\/wp-content\/uploads\/2025\/07\/francais-devant-le-Centre-de-Villa-Elisa-1320x745.jpg 1320w\" sizes=\"(max-width: 2044px) 100vw, 2044px\" \/>\t\t\t\t\t\t\t\t<\/a>\n\t\t\t\t\t\t\t\t\t\t\t\t\t\t\t<\/div>\n\t\t\t\t\t<\/div>\n\t\t\t\t<\/div>\n\t\t<div class=\"elementor-element elementor-element-2415d4a e-flex e-con-boxed e-con e-parent\" data-id=\"2415d4a\" data-element_type=\"container\" data-e-type=\"container\">\n\t\t\t\t\t<div class=\"e-con-inner\">\n\t\t\t\t<div class=\"elementor-element elementor-element-b3cb003 elementor-widget elementor-widget-text-editor\" data-id=\"b3cb003\" data-element_type=\"widget\" data-e-type=\"widget\" data-widget_type=\"text-editor.default\">\n\t\t\t\t\t\t\t\t\t<p>Los <strong>Centros Savoyardos en Argentina<\/strong> son asociaciones creadas por los descendientes de Savoyardos (y, en general, de familias originarias de la Alta Saboya y de la Saboya) instalados en Argentina, principalmente en la provincia de Entre R\u00edos, donde tuvo lugar una importante ola de emigraci\u00f3n savoyarda a finales del siglo XIX.<\/p><p>Su funci\u00f3n es m\u00faltiple:<\/p><ul><li><strong>Preservar la memoria familiar e hist\u00f3rica<\/strong> de la emigraci\u00f3n savoyarda.<\/li><li><strong>Mantener los v\u00ednculos culturales<\/strong> con la Saboya y, en general, con Francia (tradiciones, gastronom\u00eda, m\u00fasica, historia).<\/li><li><strong>Reforzar la cohesi\u00f3n comunitaria<\/strong> entre descendientes a trav\u00e9s de actividades sociales, festivas y educativas.<\/li><li><strong>Acoger e informar<\/strong> tanto a las familias locales como a los visitantes franceses interesados en esta historia.<\/li><\/ul><p><span style=\"text-decoration: underline;\"><strong>Los tres centros son:<\/strong><\/span><\/p>\t\t\t\t\t\t\t\t<\/div>\n\t\t\t\t\t<\/div>\n\t\t\t\t<\/div>\n\t\t<div class=\"elementor-element elementor-element-83740d1 e-flex e-con-boxed e-con e-parent\" data-id=\"83740d1\" data-element_type=\"container\" data-e-type=\"container\">\n\t\t\t\t\t<div class=\"e-con-inner\">\n\t\t\t\t<div class=\"elementor-element elementor-element-d78a986 elementor-widget elementor-widget-text-editor\" data-id=\"d78a986\" data-element_type=\"widget\" data-e-type=\"widget\" data-widget_type=\"text-editor.default\">\n\t\t\t\t\t\t\t\t\t<a href=\"https:\/\/savoie-argentine.org\/es\/centros-culturales\/villa-elisa\/\"><span style=\"text-decoration: underline;\">Villa Elisa<\/span><\/a>\t\t\t\t\t\t\t\t<\/div>\n\t\t\t\t\t<\/div>\n\t\t\t\t<\/div>\n\t\t<div class=\"elementor-element elementor-element-376b7c2 e-flex e-con-boxed e-con e-parent\" data-id=\"376b7c2\" data-element_type=\"container\" data-e-type=\"container\">\n\t\t\t\t\t<div class=\"e-con-inner\">\n\t\t\t\t<div class=\"elementor-element elementor-element-c8120c1 elementor-widget elementor-widget-text-editor\" data-id=\"c8120c1\" data-element_type=\"widget\" data-e-type=\"widget\" data-widget_type=\"text-editor.default\">\n\t\t\t\t\t\t\t\t\t<span style=\"text-decoration: underline;\"><a href=\"https:\/\/savoie-argentine.org\/es\/centros-culturales\/san-jose\/\">San Jos\u00e9<\/a><\/span>\t\t\t\t\t\t\t\t<\/div>\n\t\t\t\t\t<\/div>\n\t\t\t\t<\/div>\n\t\t<div class=\"elementor-element elementor-element-ac4b19a e-flex e-con-boxed e-con e-parent\" data-id=\"ac4b19a\" data-element_type=\"container\" data-e-type=\"container\">\n\t\t\t\t\t<div class=\"e-con-inner\">\n\t\t\t\t<div class=\"elementor-element elementor-element-7e284ae elementor-widget elementor-widget-text-editor\" data-id=\"7e284ae\" data-element_type=\"widget\" data-e-type=\"widget\" data-widget_type=\"text-editor.default\">\n\t\t\t\t\t\t\t\t\t<p><a href=\"https:\/\/savoie-argentine.org\/es\/centros-culturales\/san-carlos\/\"><span style=\"text-decoration: underline;\">San Carlos<\/span><\/a><\/p>\t\t\t\t\t\t\t\t<\/div>\n\t\t\t\t\t<\/div>\n\t\t\t\t<\/div>\n\t\t<div class=\"elementor-element elementor-element-e3e09fc e-flex e-con-boxed e-con e-parent\" data-id=\"e3e09fc\" data-element_type=\"container\" data-e-type=\"container\">\n\t\t\t\t\t<div class=\"e-con-inner\">\n\t\t\t\t<div class=\"elementor-element elementor-element-ab137bd elementor-widget elementor-widget-text-editor\" data-id=\"ab137bd\" data-element_type=\"widget\" data-e-type=\"widget\" data-widget_type=\"text-editor.default\">\n\t\t\t\t\t\t\t\t\t<p>Todas estas ciudades se encuentran en la provincia de <strong>Entre R\u00edos<\/strong>, donde se instalaron numerosas familias procedentes de Saboya y de la Alta Saboya (en particular, del valle de Abondance, del Chablais, del Faucigny y de otros pueblos de monta\u00f1a).<\/p><p>Estos centros son hoy en d\u00eda <strong>lugares de memoria y de cultura viva<\/strong>, donde a\u00fan se encuentran fiestas, intercambios con las asociaciones savoyardas en Francia, como <a href=\"https:\/\/savoie-argentine.org\/es\/\" target=\"_blank\" rel=\"noopener\"><span style=\"text-decoration: underline;\"><strong>Savoie-Argentine<\/strong><\/span><\/a>, y a veces proyectos de cooperaci\u00f3n.<\/p>\t\t\t\t\t\t\t\t<\/div>\n\t\t\t\t\t<\/div>\n\t\t\t\t<\/div>\n\t\t<div class=\"elementor-element elementor-element-f73506e e-flex e-con-boxed e-con e-parent\" data-id=\"f73506e\" data-element_type=\"container\" data-e-type=\"container\">\n\t\t\t\t\t<div class=\"e-con-inner\">\n\t\t\t\t<div class=\"elementor-element elementor-element-9f64e90 elementor-widget elementor-widget-text-editor\" data-id=\"9f64e90\" data-element_type=\"widget\" data-e-type=\"widget\" data-widget_type=\"text-editor.default\">\n\t\t\t\t\t\t\t\t\t<p>Estos centros pudieron construirse gracias a la generosa ayuda del Consejo Departamental de la Alta Saboya en Annecy, de los municipios de donde partieron los emigrantes y de nuestros miembros.<br>En ellos ondean la Cruz de Saboya y la bandera azul, blanca y roja. \u00a1All\u00ed se canta La Marsellesa cada 14 de julio y Los Al\u00f3broges, el himno de los savoyardos! <\/p>\t\t\t\t\t\t\t\t<\/div>\n\t\t\t\t\t<\/div>\n\t\t\t\t<\/div>\n\t\t<div class=\"elementor-element elementor-element-5837bb4 e-flex e-con-boxed e-con e-parent\" data-id=\"5837bb4\" data-element_type=\"container\" data-e-type=\"container\">\n\t\t\t\t\t<div class=\"e-con-inner\">\n\t\t\t\t<div class=\"elementor-element elementor-element-62cf2cc elementor-widget elementor-widget-spacer\" data-id=\"62cf2cc\" data-element_type=\"widget\" data-e-type=\"widget\" data-widget_type=\"spacer.default\">\n\t\t\t\t\t\t\t<div class=\"elementor-spacer\">\n\t\t\t<div class=\"elementor-spacer-inner\"><\/div>\n\t\t<\/div>\n\t\t\t\t\t\t<\/div>\n\t\t\t\t\t<\/div>\n\t\t\t\t<\/div>\n\t\t\t\t<\/div>\n\t\t","protected":false},"excerpt":{"rendered":"<p>Los Centros Savoyardos en Argentina son asociaciones creadas por los descendientes de Savoyardos (y, en general, de familias originarias de la Alta Saboya y de la Saboya) instalados en Argentina, principalmente en la provincia de Entre R\u00edos, donde tuvo lugar una importante ola de emigraci\u00f3n savoyarda a finales del siglo XIX. Su funci\u00f3n es m\u00faltiple: [&hellip;]<\/p>\n","protected":false},"author":1,"featured_media":0,"parent":0,"menu_order":0,"comment_status":"closed","ping_status":"closed","template":"","meta":{"iawp_total_views":6,"footnotes":""},"folder":[],"class_list":["post-3431","page","type-page","status-publish","hentry"],"_links":{"self":[{"href":"https:\/\/savoie-argentine.org\/es\/wp-json\/wp\/v2\/pages\/3431","targetHints":{"allow":["GET"]}}],"collection":[{"href":"https:\/\/savoie-argentine.org\/es\/wp-json\/wp\/v2\/pages"}],"about":[{"href":"https:\/\/savoie-argentine.org\/es\/wp-json\/wp\/v2\/types\/page"}],"author":[{"embeddable":true,"href":"https:\/\/savoie-argentine.org\/es\/wp-json\/wp\/v2\/users\/1"}],"replies":[{"embeddable":true,"href":"https:\/\/savoie-argentine.org\/es\/wp-json\/wp\/v2\/comments?post=3431"}],"version-history":[{"count":5,"href":"https:\/\/savoie-argentine.org\/es\/wp-json\/wp\/v2\/pages\/3431\/revisions"}],"predecessor-version":[{"id":5926,"href":"https:\/\/savoie-argentine.org\/es\/wp-json\/wp\/v2\/pages\/3431\/revisions\/5926"}],"wp:attachment":[{"href":"https:\/\/savoie-argentine.org\/es\/wp-json\/wp\/v2\/media?parent=3431"}],"wp:term":[{"taxonomy":"folder","embeddable":true,"href":"https:\/\/savoie-argentine.org\/es\/wp-json\/wp\/v2\/folder?post=3431"}],"curies":[{"name":"wp","href":"https:\/\/api.w.org\/{rel}","templated":true}]}}