{"id":3441,"date":"2025-07-23T22:21:47","date_gmt":"2025-07-23T20:21:47","guid":{"rendered":"https:\/\/savoie-argentine.org\/la-oficina\/"},"modified":"2026-02-18T19:55:01","modified_gmt":"2026-02-18T18:55:01","slug":"la-oficina","status":"publish","type":"page","link":"https:\/\/savoie-argentine.org\/es\/la-asociacion-savoie-argentine\/la-oficina\/","title":{"rendered":"La Oficina"},"content":{"rendered":"\t\t<div data-elementor-type=\"wp-page\" data-elementor-id=\"3441\" class=\"elementor elementor-3441 elementor-230\">\n\t\t\t\t<div class=\"elementor-element elementor-element-63c28aa1 e-transform e-transform e-flex e-con-boxed e-con e-parent\" data-id=\"63c28aa1\" data-element_type=\"container\" data-e-type=\"container\" data-settings=\"{&quot;background_background&quot;:&quot;classic&quot;,&quot;_transform_translateX_effect&quot;:{&quot;unit&quot;:&quot;px&quot;,&quot;size&quot;:276,&quot;sizes&quot;:[]},&quot;_transform_scale_effect&quot;:{&quot;unit&quot;:&quot;px&quot;,&quot;size&quot;:0.4,&quot;sizes&quot;:[]},&quot;_transform_translateX_effect_tablet&quot;:{&quot;unit&quot;:&quot;px&quot;,&quot;size&quot;:&quot;&quot;,&quot;sizes&quot;:[]},&quot;_transform_translateX_effect_mobile&quot;:{&quot;unit&quot;:&quot;px&quot;,&quot;size&quot;:&quot;&quot;,&quot;sizes&quot;:[]},&quot;_transform_translateY_effect&quot;:{&quot;unit&quot;:&quot;px&quot;,&quot;size&quot;:&quot;&quot;,&quot;sizes&quot;:[]},&quot;_transform_translateY_effect_tablet&quot;:{&quot;unit&quot;:&quot;px&quot;,&quot;size&quot;:&quot;&quot;,&quot;sizes&quot;:[]},&quot;_transform_translateY_effect_mobile&quot;:{&quot;unit&quot;:&quot;px&quot;,&quot;size&quot;:&quot;&quot;,&quot;sizes&quot;:[]},&quot;_transform_scale_effect_tablet&quot;:{&quot;unit&quot;:&quot;px&quot;,&quot;size&quot;:&quot;&quot;,&quot;sizes&quot;:[]},&quot;_transform_scale_effect_mobile&quot;:{&quot;unit&quot;:&quot;px&quot;,&quot;size&quot;:&quot;&quot;,&quot;sizes&quot;:[]}}\">\n\t\t\t\t\t<div class=\"e-con-inner\">\n\t\t\t\t<div class=\"elementor-element elementor-element-2edd41f0 elementor-widget elementor-widget-image\" data-id=\"2edd41f0\" data-element_type=\"widget\" data-e-type=\"widget\" data-widget_type=\"image.default\">\n\t\t\t\t\t\t\t\t\t\t\t\t\t\t\t\t<a href=\"https:\/\/savoie-argentine.org\/wp-content\/uploads\/2025\/09\/bureau_savoie-argentine.png\" data-elementor-open-lightbox=\"yes\" data-elementor-lightbox-title=\"bureau_savoie-argentine\" data-e-action-hash=\"#elementor-action%3Aaction%3Dlightbox%26settings%3DeyJpZCI6MzQ0MiwidXJsIjoiaHR0cHM6XC9cL3Nhdm9pZS1hcmdlbnRpbmUub3JnXC93cC1jb250ZW50XC91cGxvYWRzXC8yMDI1XC8wOVwvYnVyZWF1X3Nhdm9pZS1hcmdlbnRpbmUucG5nIn0%3D\">\n\t\t\t\t\t\t\t<img fetchpriority=\"high\" decoding=\"async\" width=\"890\" height=\"562\" src=\"https:\/\/savoie-argentine.org\/wp-content\/uploads\/2025\/09\/bureau_savoie-argentine.png\" class=\"elementor-animation-bounce-in attachment-full size-full wp-image-3442\" alt=\"\" srcset=\"https:\/\/savoie-argentine.org\/wp-content\/uploads\/2025\/09\/bureau_savoie-argentine.png 890w, https:\/\/savoie-argentine.org\/wp-content\/uploads\/2025\/09\/bureau_savoie-argentine-300x189.png 300w, https:\/\/savoie-argentine.org\/wp-content\/uploads\/2025\/09\/bureau_savoie-argentine-768x485.png 768w\" sizes=\"(max-width: 890px) 100vw, 890px\" \/>\t\t\t\t\t\t\t\t<\/a>\n\t\t\t\t\t\t\t\t\t\t\t\t\t\t\t<\/div>\n\t\t\t\t\t<\/div>\n\t\t\t\t<\/div>\n\t\t<div class=\"elementor-element elementor-element-54bf25f e-flex e-con-boxed e-con e-parent\" data-id=\"54bf25f\" data-element_type=\"container\" data-e-type=\"container\">\n\t\t\t\t\t<div class=\"e-con-inner\">\n\t\t\t\t<div class=\"elementor-element elementor-element-85d2e6d elementor-widget elementor-widget-text-editor\" data-id=\"85d2e6d\" data-element_type=\"widget\" data-e-type=\"widget\" data-widget_type=\"text-editor.default\">\n\t\t\t\t\t\t\t\t\t<h4 data-start=\"111\" data-end=\"146\"><span style=\"text-decoration: underline;\">Consejo de Administraci\u00f3n<\/span><\/h4><h6 data-start=\"148\" data-end=\"166\"><strong data-start=\"152\" data-end=\"164\">Oficina:<\/strong><\/h6><p data-start=\"167\" data-end=\"219\"><strong data-start=\"167\" data-end=\"182\">Presidente:<\/strong> Guy Pasquier<\/p><p data-start=\"221\" data-end=\"264\"><strong data-start=\"221\" data-end=\"245\">Primer vicepresidente:<\/strong> Fran\u00e7ois Birraux<\/p><p data-start=\"266\" data-end=\"334\"><strong data-start=\"266\" data-end=\"289\">Segundo vicepresidente:<\/strong> Jacques Grandchamp<\/p><p data-start=\"336\" data-end=\"398\"><strong data-start=\"336\" data-end=\"351\">Tesorero:<\/strong> Fernand Bugnet<\/p><p data-start=\"400\" data-end=\"474\"><strong data-start=\"400\" data-end=\"425\">Tesorera adjunta:<\/strong> Denise Anthonioz<\/p><p data-start=\"476\" data-end=\"528\"><strong data-start=\"476\" data-end=\"492\">Secretaria:<\/strong> H\u00e9l\u00e8ne Meynet<\/p><p data-start=\"530\" data-end=\"608\"><strong data-start=\"530\" data-end=\"555\">Secretaria adjunta:<\/strong> Chantal Bettschen<\/p><hr data-start=\"610\" data-end=\"613\"><h6 data-start=\"615\" data-end=\"641\"> <\/h6><h6 data-start=\"615\" data-end=\"641\"><strong data-start=\"619\" data-end=\"639\">Otros miembros:<\/strong><\/h6><p data-start=\"642\" data-end=\"866\">Dominique Buttay &#8211; Andr\u00e9e Cettour Meunier &#8211; \u00c9tienne Chapuis &#8211; Christian Ducret &#8211; Favre Simone &#8211; C\u00e9cile Hugon &#8211; Alphonse Nembride &#8211; Nadine Perrot-Vallo &#8211; Catherine Verot &#8211; Michel Viola y Josette Trabichet (verificadora de cuentas).<\/p><hr data-start=\"868\" data-end=\"871\"><h6 data-start=\"873\" data-end=\"1035\"> <\/h6><h6 data-start=\"873\" data-end=\"1035\"><strong data-start=\"873\" data-end=\"894\">Raymond Chevallay<\/strong><\/h6><p data-start=\"873\" data-end=\"1035\">Relaciones con los 3 Centros argentinos.<\/p>\t\t\t\t\t\t\t\t<\/div>\n\t\t\t\t\t<\/div>\n\t\t\t\t<\/div>\n\t\t<div class=\"elementor-element elementor-element-680515d e-flex e-con-boxed e-con e-parent\" data-id=\"680515d\" data-element_type=\"container\" data-e-type=\"container\">\n\t\t\t\t\t<div class=\"e-con-inner\">\n\t\t\t\t<div class=\"elementor-element elementor-element-23b16ca elementor-widget elementor-widget-spacer\" data-id=\"23b16ca\" data-element_type=\"widget\" data-e-type=\"widget\" data-widget_type=\"spacer.default\">\n\t\t\t\t\t\t\t<div class=\"elementor-spacer\">\n\t\t\t<div class=\"elementor-spacer-inner\"><\/div>\n\t\t<\/div>\n\t\t\t\t\t\t<\/div>\n\t\t\t\t\t<\/div>\n\t\t\t\t<\/div>\n\t\t\t\t<\/div>\n\t\t","protected":false},"excerpt":{"rendered":"<p>Consejo de Administraci\u00f3n Oficina: Presidente: Guy Pasquier Primer vicepresidente: Fran\u00e7ois Birraux Segundo vicepresidente: Jacques Grandchamp Tesorero: Fernand Bugnet Tesorera adjunta: Denise Anthonioz Secretaria: H\u00e9l\u00e8ne Meynet Secretaria adjunta: Chantal Bettschen Otros miembros: Dominique Buttay &#8211; Andr\u00e9e Cettour Meunier &#8211; \u00c9tienne Chapuis &#8211; Christian Ducret &#8211; Favre Simone &#8211; C\u00e9cile Hugon &#8211; Alphonse Nembride &#8211; Nadine Perrot-Vallo [&hellip;]<\/p>\n","protected":false},"author":1,"featured_media":0,"parent":3444,"menu_order":0,"comment_status":"closed","ping_status":"closed","template":"","meta":{"iawp_total_views":9,"footnotes":""},"folder":[],"class_list":["post-3441","page","type-page","status-publish","hentry"],"_links":{"self":[{"href":"https:\/\/savoie-argentine.org\/es\/wp-json\/wp\/v2\/pages\/3441","targetHints":{"allow":["GET"]}}],"collection":[{"href":"https:\/\/savoie-argentine.org\/es\/wp-json\/wp\/v2\/pages"}],"about":[{"href":"https:\/\/savoie-argentine.org\/es\/wp-json\/wp\/v2\/types\/page"}],"author":[{"embeddable":true,"href":"https:\/\/savoie-argentine.org\/es\/wp-json\/wp\/v2\/users\/1"}],"replies":[{"embeddable":true,"href":"https:\/\/savoie-argentine.org\/es\/wp-json\/wp\/v2\/comments?post=3441"}],"version-history":[{"count":2,"href":"https:\/\/savoie-argentine.org\/es\/wp-json\/wp\/v2\/pages\/3441\/revisions"}],"predecessor-version":[{"id":6589,"href":"https:\/\/savoie-argentine.org\/es\/wp-json\/wp\/v2\/pages\/3441\/revisions\/6589"}],"up":[{"embeddable":true,"href":"https:\/\/savoie-argentine.org\/es\/wp-json\/wp\/v2\/pages\/3444"}],"wp:attachment":[{"href":"https:\/\/savoie-argentine.org\/es\/wp-json\/wp\/v2\/media?parent=3441"}],"wp:term":[{"taxonomy":"folder","embeddable":true,"href":"https:\/\/savoie-argentine.org\/es\/wp-json\/wp\/v2\/folder?post=3441"}],"curies":[{"name":"wp","href":"https:\/\/api.w.org\/{rel}","templated":true}]}}