{"id":3453,"date":"2025-07-23T22:19:44","date_gmt":"2025-07-23T20:19:44","guid":{"rendered":"https:\/\/savoie-argentine.org\/centros-culturales\/san-carlos\/"},"modified":"2026-01-31T19:37:29","modified_gmt":"2026-01-31T18:37:29","slug":"san-carlos","status":"publish","type":"page","link":"https:\/\/savoie-argentine.org\/es\/centros-culturales\/san-carlos\/","title":{"rendered":"San Carlos"},"content":{"rendered":"\t\t<div data-elementor-type=\"wp-page\" data-elementor-id=\"3453\" class=\"elementor elementor-3453 elementor-224\">\n\t\t\t\t<div class=\"elementor-element elementor-element-73b6159c e-transform e-transform e-flex e-con-boxed e-con e-parent\" data-id=\"73b6159c\" data-element_type=\"container\" data-e-type=\"container\" data-settings=\"{&quot;background_background&quot;:&quot;classic&quot;,&quot;_transform_translateX_effect&quot;:{&quot;unit&quot;:&quot;px&quot;,&quot;size&quot;:207,&quot;sizes&quot;:[]},&quot;_transform_scale_effect&quot;:{&quot;unit&quot;:&quot;px&quot;,&quot;size&quot;:0.5,&quot;sizes&quot;:[]},&quot;_transform_translateX_effect_tablet&quot;:{&quot;unit&quot;:&quot;px&quot;,&quot;size&quot;:&quot;&quot;,&quot;sizes&quot;:[]},&quot;_transform_translateX_effect_mobile&quot;:{&quot;unit&quot;:&quot;px&quot;,&quot;size&quot;:&quot;&quot;,&quot;sizes&quot;:[]},&quot;_transform_translateY_effect&quot;:{&quot;unit&quot;:&quot;px&quot;,&quot;size&quot;:&quot;&quot;,&quot;sizes&quot;:[]},&quot;_transform_translateY_effect_tablet&quot;:{&quot;unit&quot;:&quot;px&quot;,&quot;size&quot;:&quot;&quot;,&quot;sizes&quot;:[]},&quot;_transform_translateY_effect_mobile&quot;:{&quot;unit&quot;:&quot;px&quot;,&quot;size&quot;:&quot;&quot;,&quot;sizes&quot;:[]},&quot;_transform_scale_effect_tablet&quot;:{&quot;unit&quot;:&quot;px&quot;,&quot;size&quot;:&quot;&quot;,&quot;sizes&quot;:[]},&quot;_transform_scale_effect_mobile&quot;:{&quot;unit&quot;:&quot;px&quot;,&quot;size&quot;:&quot;&quot;,&quot;sizes&quot;:[]}}\">\n\t\t\t\t\t<div class=\"e-con-inner\">\n\t\t\t\t<div class=\"elementor-element elementor-element-33b9e30c elementor-widget elementor-widget-image\" data-id=\"33b9e30c\" data-element_type=\"widget\" data-e-type=\"widget\" data-widget_type=\"image.default\">\n\t\t\t\t\t\t\t\t\t\t\t\t\t\t\t\t<a href=\"https:\/\/savoie-argentine.org\/wp-content\/uploads\/2025\/11\/san_carlos_001-e1763225004788.jpg\" data-elementor-open-lightbox=\"yes\" data-elementor-lightbox-title=\"san_carlos_001\" data-e-action-hash=\"#elementor-action%3Aaction%3Dlightbox%26settings%3DeyJpZCI6MzQ1NCwidXJsIjoiaHR0cHM6XC9cL3Nhdm9pZS1hcmdlbnRpbmUub3JnXC93cC1jb250ZW50XC91cGxvYWRzXC8yMDI1XC8xMVwvc2FuX2Nhcmxvc18wMDEtZTE3NjMyMjUwMDQ3ODguanBnIn0%3D\">\n\t\t\t\t\t\t\t<img fetchpriority=\"high\" decoding=\"async\" width=\"1280\" height=\"666\" src=\"https:\/\/savoie-argentine.org\/wp-content\/uploads\/2025\/11\/san_carlos_001-e1763225004788.jpg\" class=\"elementor-animation-bounce-in attachment-full size-full wp-image-3454\" alt=\"\" srcset=\"https:\/\/savoie-argentine.org\/wp-content\/uploads\/2025\/11\/san_carlos_001-e1763225004788.jpg 1280w, https:\/\/savoie-argentine.org\/wp-content\/uploads\/2025\/11\/san_carlos_001-e1763225004788-300x156.jpg 300w, https:\/\/savoie-argentine.org\/wp-content\/uploads\/2025\/11\/san_carlos_001-e1763225004788-1024x533.jpg 1024w, https:\/\/savoie-argentine.org\/wp-content\/uploads\/2025\/11\/san_carlos_001-e1763225004788-768x400.jpg 768w\" sizes=\"(max-width: 1280px) 100vw, 1280px\" \/>\t\t\t\t\t\t\t\t<\/a>\n\t\t\t\t\t\t\t\t\t\t\t\t\t\t\t<\/div>\n\t\t\t\t\t<\/div>\n\t\t\t\t<\/div>\n\t\t<div class=\"elementor-element elementor-element-35883bb e-flex e-con-boxed e-con e-parent\" data-id=\"35883bb\" data-element_type=\"container\" data-e-type=\"container\">\n\t\t\t\t\t<div class=\"e-con-inner\">\n\t\t\t\t<div class=\"elementor-element elementor-element-40ad16c elementor-widget elementor-widget-text-editor\" data-id=\"40ad16c\" data-element_type=\"widget\" data-e-type=\"widget\" data-widget_type=\"text-editor.default\">\n\t\t\t\t\t\t\t\t\t<p>\u00bfInformaci\u00f3n sobre el centro cultural de San Carlos? <a href=\"https:\/\/savoie-argentine.org\/es\/contactenos\/san-carlos-solicitud-de-informacion\/\" rel=\"noopener\"><span style=\"text-decoration: underline;\">es aqu\u00ed &gt;&gt;&gt;<\/span><\/a><\/p>\t\t\t\t\t\t\t\t<\/div>\n\t\t\t\t\t<\/div>\n\t\t\t\t<\/div>\n\t\t<div class=\"elementor-element elementor-element-29c7751 e-flex e-con-boxed e-con e-parent\" data-id=\"29c7751\" data-element_type=\"container\" data-e-type=\"container\">\n\t\t\t\t\t<div class=\"e-con-inner\">\n\t\t\t\t<div class=\"elementor-element elementor-element-bab33c3 elementor-widget elementor-widget-text-editor\" data-id=\"bab33c3\" data-element_type=\"widget\" data-e-type=\"widget\" data-widget_type=\"text-editor.default\">\n\t\t\t\t\t\t\t\t\t<h3 data-start=\"2498\" data-end=\"2567\">Centro Savoyardo de <strong data-start=\"2524\" data-end=\"2544\">San Carlos<\/strong> (Provincia de Santa Fe)<\/h3><ul data-start=\"2568\" data-end=\"3499\"><li data-start=\"2568\" data-end=\"2776\"><p data-start=\"2570\" data-end=\"2776\"><strong data-start=\"2570\" data-end=\"2598\">Origen de la asociaci\u00f3n<\/strong>: creada el 19 de octubre de 1992 por descendientes de inmigrantes saboyanos, con motivo del centenario de la iglesia local (inaugurada en 1892).<\/p><\/li><li data-start=\"2777\" data-end=\"2904\"><p data-start=\"2779\" data-end=\"2904\"><strong data-start=\"2779\" data-end=\"2789\">Locales<\/strong>: sede social abierta oficialmente el 5 de octubre de 2002 en San Carlos Norte.<\/p><\/li><li data-start=\"2905\" data-end=\"3189\"><p data-start=\"2907\" data-end=\"2932\"><strong data-start=\"2907\" data-end=\"2930\">Acciones culturales<\/strong>:<\/p><ul data-start=\"2935\" data-end=\"3189\"><li data-start=\"2935\" data-end=\"3002\"><p data-start=\"2937\" data-end=\"3002\">Ense\u00f1anza de franc\u00e9s en San Carlos Norte y San Carlos Centro.<\/p><\/li><li data-start=\"3005\" data-end=\"3189\"><p data-start=\"3007\" data-end=\"3189\">Animaciones festivas (Revoluci\u00f3n Francesa, Fiesta del Inmigrante, etc.), gastron\u00f3micas (cocina saboyana), m\u00fasicas y danzas tradicionales.<\/p><\/li><\/ul><\/li><li data-start=\"3190\" data-end=\"3499\"><p data-start=\"3192\" data-end=\"3224\"><strong data-start=\"3192\" data-end=\"3222\">Espacios de memoria abiertos<\/strong>:<\/p><ul data-start=\"3227\" data-end=\"3499\"><li data-start=\"3227\" data-end=\"3337\"><p data-start=\"3229\" data-end=\"3337\"><strong data-start=\"3229\" data-end=\"3268\">Biblioteca popular Georges Baud<\/strong>, inaugurada en noviembre de 2010.<\/p><\/li><li data-start=\"3340\" data-end=\"3499\"><p data-start=\"3342\" data-end=\"3499\"><strong data-start=\"3342\" data-end=\"3370\">La Casa de los Recuerdos<\/strong>, inaugurada el 28 de octubre de 2017, consagrada a la memoria de las primeras familias saboyanas.<\/p><\/li><\/ul><\/li><\/ul>\t\t\t\t\t\t\t\t<\/div>\n\t\t\t\t\t<\/div>\n\t\t\t\t<\/div>\n\t\t<div class=\"elementor-element elementor-element-a71c363 e-flex e-con-boxed e-con e-parent\" data-id=\"a71c363\" data-element_type=\"container\" data-e-type=\"container\">\n\t\t\t\t\t<div class=\"e-con-inner\">\n\t\t\t\t<div class=\"elementor-element elementor-element-64d3155 elementor-widget-divider--separator-type-pattern elementor-widget-divider--no-spacing elementor-widget-divider--view-line elementor-widget elementor-widget-divider\" data-id=\"64d3155\" data-element_type=\"widget\" data-e-type=\"widget\" data-widget_type=\"divider.default\">\n\t\t\t\t\t\t\t<div class=\"elementor-divider\" style=\"--divider-pattern-url: url(&quot;data:image\/svg+xml,%3Csvg xmlns=&#039;http:\/\/www.w3.org\/2000\/svg&#039; preserveAspectRatio=&#039;none&#039; overflow=&#039;visible&#039; height=&#039;100%&#039; viewBox=&#039;0 0 24 24&#039; fill=&#039;black&#039; stroke=&#039;none&#039;%3E%3Cpath d=&#039;M24,8v12H0V8H24z M24,4v1H0V4H24z&#039;\/%3E%3C\/svg%3E&quot;);\">\n\t\t\t<span class=\"elementor-divider-separator\">\n\t\t\t\t\t\t<\/span>\n\t\t<\/div>\n\t\t\t\t\t\t<\/div>\n\t\t\t\t\t<\/div>\n\t\t\t\t<\/div>\n\t\t<div class=\"elementor-element elementor-element-2b5907b e-flex e-con-boxed e-con e-parent\" data-id=\"2b5907b\" data-element_type=\"container\" data-e-type=\"container\">\n\t\t\t\t\t<div class=\"e-con-inner\">\n\t\t\t\t<div class=\"elementor-element elementor-element-e7efa1a elementor-widget elementor-widget-text-editor\" data-id=\"e7efa1a\" data-element_type=\"widget\" data-e-type=\"widget\" data-widget_type=\"text-editor.default\">\n\t\t\t\t\t\t\t\t\t<p>Traducci\u00f3n del sitio: <span class=\"\" data-state=\"closed\"><span class=\"ms-1 inline-flex max-w-full items-center relative top-[-0.094rem] animate-[show_150ms_ease-in]\" data-testid=\"webpage-citation-pill\"><a class=\"flex h-4.5 overflow-hidden rounded-xl px-2 text-[9px] font-medium text-token-text-secondary! bg-[#F4F4F4]! dark:bg-[#303030]! transition-colors duration-150 ease-in-out\" href=\"https:\/\/www.fhuc.unl.edu.ar\/portalgringo\/crear\/gringa\/FRANCOFONOS\/archivos_museos_saboyana.html?utm_source=chatgpt.com\" target=\"_blank\" rel=\"noopener\"><span class=\"relative start-0 bottom-0 flex h-full w-full items-center\"><span class=\"flex h-4 w-full items-center justify-between overflow-hidden\"><span class=\"max-w-full grow truncate overflow-hidden text-center\"><span style=\"text-decoration: underline;\">fhuc.unl.edu.ar<\/span><\/span><\/span><\/span><\/a><\/span><\/span><\/p><p><a href=\"https:\/\/savoie-argentine.org\/wp-content\/uploads\/2025\/09\/portada.png\"><img decoding=\"async\" class=\"aligncenter wp-image-1761 size-full\" src=\"https:\/\/savoie-argentine.org\/wp-content\/uploads\/2025\/09\/portada.png\" alt=\"\" width=\"1568\" height=\"672\" srcset=\"https:\/\/savoie-argentine.org\/wp-content\/uploads\/2025\/09\/portada.png 1568w, https:\/\/savoie-argentine.org\/wp-content\/uploads\/2025\/09\/portada-300x129.png 300w, https:\/\/savoie-argentine.org\/wp-content\/uploads\/2025\/09\/portada-1024x439.png 1024w, https:\/\/savoie-argentine.org\/wp-content\/uploads\/2025\/09\/portada-768x329.png 768w, https:\/\/savoie-argentine.org\/wp-content\/uploads\/2025\/09\/portada-1536x658.png 1536w, https:\/\/savoie-argentine.org\/wp-content\/uploads\/2025\/09\/portada-1320x566.png 1320w\" sizes=\"(max-width: 1568px) 100vw, 1568px\" \/><\/a><\/p><p><span style=\"text-decoration: underline;\"><strong>ASOCIACI\u00d3N SABOYANA DE LA COLONIA SAN CARLOS<\/strong><\/span><\/p><p>El nacimiento de la Asociaci\u00f3n est\u00e1 estrechamente ligado a la historia de la iglesia cat\u00f3lica de San Carlos, construida por los inmigrantes fundadores de la ciudad.<br>La mayor\u00eda de los colonos eran originarios de Bellevaux (Alta Saboya, Francia), y deseaban aportar, adem\u00e1s de su fe, un elemento de uni\u00f3n con su tierra natal. La iglesia fue construida bajo la direcci\u00f3n del arquitecto saboyano Cl\u00e9ment Converset y dedicada a Notre-Dame de l&#8217;Assomption, como la iglesia de Bellevaux, cuya fiesta patronal (La Vogue) es el 15 de agosto. Numerosas im\u00e1genes, as\u00ed como las campanas, fueron adquiridas en Francia. Inaugurada el 29 de octubre de 1892, la iglesia sigue siendo hoy en d\u00eda un fiel testigo de la presencia saboyana en San Carlos.<br>En octubre de 1992, San Carlos se preparaba para celebrar el centenario de la iglesia. Un gran n\u00famero de saboyanos, especialmente de Bellevaux, llegaron a San Carlos para participar en las festividades.    <\/p><p>Unos d\u00edas antes de este importante evento, el 19 de octubre de 1992, un grupo de vecinos, descendientes de estos primeros saboyanos, decidi\u00f3 unirse, dando nacimiento a la Asociaci\u00f3n Saboyana de la Colonia de San Carlos.<\/p><p>Su sede se encuentra en la calle La Carlota 304, en San Carlos, y fue inaugurada oficialmente el 5 de octubre de 2002. Debe su nombre a la regi\u00f3n francesa de donde proven\u00edan los primeros inmigrantes a San Carlos. Recordemos que, hasta mayo de 1860, los saboyanos formaban parte del Reino de Cerde\u00f1a, junto con el Piamonte y el Condado de Niza, formando as\u00ed los saboyanos propiamente dichos. Finalmente, en mayo de 1860, los saboyanos y los nizardo se unieron a la Rep\u00fablica Francesa. Por eso, los primeros inmigrantes llegaron a San Carlos con pasaportes saboyanos, y los que llegaron despu\u00e9s de la anexi\u00f3n a Francia con pasaportes franceses. En junio de 1860, por decreto imperial, se crearon los departamentos de Saboya y Alta Saboya.<br>La sede de la Asociaci\u00f3n Saboyana se encuentra en la ciudad de San Carlos, en homenaje a su nombre de Secci\u00f3n Norte al principio de la colonia, donde viv\u00edan inmigrantes franc\u00f3fonos. Si bien la mayor\u00eda de los colonos eran saboyanos, tambi\u00e9n se encontraban familias suizas \u2013 originarias del Valais \u2013 y algunas de origen italiano.      <\/p><p>Desde su creaci\u00f3n, fiel a sus principios y a sus estatutos, la Asociaci\u00f3n ha llevado a cabo diversas actividades destinadas a transmitir y a ense\u00f1ar el franc\u00e9s y la cultura saboyana. Ofrece cursos de franc\u00e9s en San Carlos Norte y en la ciudad vecina de San Carlos Centro. Organiza eventos culturales que conmemoran fechas importantes como la Revoluci\u00f3n Francesa, el D\u00eda de los Inmigrantes, el aniversario de la Instituci\u00f3n, etc. Tambi\u00e9n es famosa por sus actividades culinarias, proponiendo platos t\u00edpicos de Saboya y de otras regiones de Francia. Numerosos eventos se amenizan con bailes o cantos tradicionales interpretados en franc\u00e9s por el coro de la Asociaci\u00f3n Saboyana.<br>En noviembre de 2010, la Asociaci\u00f3n inaugur\u00f3 un espacio de promoci\u00f3n cultural, la Biblioteca Popular Georges Baud. La biblioteca lleva el nombre de uno de los sacerdotes saboyanos que llegaron a San Carlos en 1984 para informarse sobre la suerte de los descendientes de estos saboyanos emigrados a mediados del siglo XIX. Gracias a ellos, estos descendientes de saboyanos pudieron reconectar con sus ra\u00edces. Comenzaron intercambios culturales y encuentros enriquecedores.       <br>El 28 de octubre de 2017, la Asociaci\u00f3n Saboyana de Colonia San Carlos realiz\u00f3 otro sue\u00f1o: la inauguraci\u00f3n de la casa que conmemora a las primeras familias fundadoras de la ciudad de San Carlos Norte. \u00abLa Casa de los Recuerdos\u00bb es un espacio de memoria y de reconocimiento para aquellos que tuvieron que dejar su tierra natal para dar nacimiento a nuestro pueblo y hacer de nuestra naci\u00f3n una gran naci\u00f3n. Porque\u2026 \u00abNuestras flores de hoy encuentran su origen en las semillas de ayer\u00bb.  <\/p><p>Documentos &#8211; Con la amable autorizaci\u00f3n de Maria Luisa Rey<br>\u00b0 <a href=\"https:\/\/www.fhuc.unl.edu.ar\/portalgringo\/crear\/gringa\/FRANCOFONOS\/museos\/saboyana\/documentos\/bibliotecasaboyana.pdf\" target=\"_blank\" rel=\"noopener\"><span style=\"text-decoration: underline;\">Inauguraci\u00f3n de la biblioteca de la Asociaci\u00f3n Savoie<\/span><\/a> vista por primos \u200b\u200bsaboyanos en \u00ab\u00c0 PLUS TARD\u00bb, <a href=\"https:\/\/savoie-argentine.org\/wp-content\/uploads\/2025\/09\/HL22.pdf\" target=\"_blank\" rel=\"noopener\"><span style=\"text-decoration: underline;\">El diario de la Asociaci\u00f3n Savoie &#8211; Argentina. Bolet\u00edn de informaci\u00f3n n.\u00ba 22 &#8211; Abril de 2011<\/span><\/a><\/p><p><span class=\"HwtZe\" lang=\"fr\"><span class=\"jCAhz ChMk0b\"><span class=\"ryNqvb\">\u00b0 <a href=\"https:\/\/www.fhuc.unl.edu.ar\/portalgringo\/crear\/gringa\/FRANCOFONOS\/museos\/saboyana\/documentos\/voyage.pdf\" target=\"_blank\" rel=\"noopener\"><span style=\"text-decoration: underline;\">Viaje a Argentina<\/span><\/a><br><\/span><\/span>La AGFPA es la asociaci\u00f3n geneal\u00f3gica de la familia Pasquier y sus parientes franceses. Miembros de la familia Pasquier emigraron a Saint-Charles. Ellos y sus descendientes son la \u00fanica familia que ha mantenido el contacto a pesar del tiempo y la distancia.<br>Esta es la tercera generaci\u00f3n que pierde estos lazos. La Asociaci\u00f3n Savoy ha mantenido lazos amistosos y familiares con ellos, a los que se unieron en 2006 mientras preparaban un viaje a nuestro pa\u00eds. Tambi\u00e9n estuvieron presentes en la inauguraci\u00f3n de la biblioteca. Estos archivos contienen los preparativos para su viaje de 2017, con motivo del 25\u00ba aniversario de la Asociaci\u00f3n Saboya y el 125\u00ba aniversario de la parroquia de Saint-Charles-Nord.<br><\/span><\/p><p><span class=\"HwtZe\" lang=\"fr\"><span class=\"jCAhz ChMk0b\"><span class=\"ryNqvb\">\u00b0 <a href=\"https:\/\/www.fhuc.unl.edu.ar\/portalgringo\/crear\/gringa\/FRANCOFONOS\/museos\/saboyana\/documentos\/visita_25aniversario.pdf\" target=\"_blank\" rel=\"noopener\"><span style=\"text-decoration: underline;\">Visita de un grupo de saboyanos<\/span><\/a> para conmemorar el 25 aniversario de la Asociaci\u00f3n Saboyana y el 125 aniversario de la parroquia.<br><\/span><\/span><span class=\"jCAhz ChMk0b\"><span class=\"ryNqvb\">La Asociaci\u00f3n inaugur\u00f3 la Casa que conmemora a las primeras familias fundadoras de la ciudad de San Carlos Norte.<\/span><\/span> <span class=\"jCAhz ChMk0b\"><span class=\"ryNqvb\">Los archivos incluyen un informe y fotograf\u00edas del bolet\u00edn de la familia Pasquier.<\/span><\/span><\/span><\/p>\t\t\t\t\t\t\t\t<\/div>\n\t\t\t\t\t<\/div>\n\t\t\t\t<\/div>\n\t\t<div class=\"elementor-element elementor-element-a54742f e-flex e-con-boxed e-con e-parent\" data-id=\"a54742f\" data-element_type=\"container\" data-e-type=\"container\">\n\t\t\t\t\t<div class=\"e-con-inner\">\n\t\t\t\t<div class=\"elementor-element elementor-element-6fbef10 elementor-widget elementor-widget-spacer\" data-id=\"6fbef10\" data-element_type=\"widget\" data-e-type=\"widget\" data-widget_type=\"spacer.default\">\n\t\t\t\t\t\t\t<div class=\"elementor-spacer\">\n\t\t\t<div class=\"elementor-spacer-inner\"><\/div>\n\t\t<\/div>\n\t\t\t\t\t\t<\/div>\n\t\t\t\t\t<\/div>\n\t\t\t\t<\/div>\n\t\t<div class=\"elementor-element elementor-element-5acd1dc e-flex e-con-boxed e-con e-parent\" data-id=\"5acd1dc\" data-element_type=\"container\" data-e-type=\"container\">\n\t\t\t\t\t<div class=\"e-con-inner\">\n\t\t\t\t<div class=\"elementor-element elementor-element-7131e92 elementor-widget elementor-widget-spacer\" data-id=\"7131e92\" data-element_type=\"widget\" data-e-type=\"widget\" data-widget_type=\"spacer.default\">\n\t\t\t\t\t\t\t<div class=\"elementor-spacer\">\n\t\t\t<div class=\"elementor-spacer-inner\"><\/div>\n\t\t<\/div>\n\t\t\t\t\t\t<\/div>\n\t\t\t\t\t<\/div>\n\t\t\t\t<\/div>\n\t\t\t\t<\/div>\n\t\t","protected":false},"excerpt":{"rendered":"<p>\u00bfInformaci\u00f3n sobre el centro cultural de San Carlos? es aqu\u00ed &gt;&gt;&gt; Centro Savoyardo de San Carlos (Provincia de Santa Fe) Origen de la asociaci\u00f3n: creada el 19 de octubre de 1992 por descendientes de inmigrantes saboyanos, con motivo del centenario de la iglesia local (inaugurada en 1892). Locales: sede social abierta oficialmente el 5 de [&hellip;]<\/p>\n","protected":false},"author":1,"featured_media":0,"parent":3431,"menu_order":0,"comment_status":"closed","ping_status":"closed","template":"","meta":{"iawp_total_views":9,"footnotes":""},"folder":[],"class_list":["post-3453","page","type-page","status-publish","hentry"],"_links":{"self":[{"href":"https:\/\/savoie-argentine.org\/es\/wp-json\/wp\/v2\/pages\/3453","targetHints":{"allow":["GET"]}}],"collection":[{"href":"https:\/\/savoie-argentine.org\/es\/wp-json\/wp\/v2\/pages"}],"about":[{"href":"https:\/\/savoie-argentine.org\/es\/wp-json\/wp\/v2\/types\/page"}],"author":[{"embeddable":true,"href":"https:\/\/savoie-argentine.org\/es\/wp-json\/wp\/v2\/users\/1"}],"replies":[{"embeddable":true,"href":"https:\/\/savoie-argentine.org\/es\/wp-json\/wp\/v2\/comments?post=3453"}],"version-history":[{"count":3,"href":"https:\/\/savoie-argentine.org\/es\/wp-json\/wp\/v2\/pages\/3453\/revisions"}],"predecessor-version":[{"id":5930,"href":"https:\/\/savoie-argentine.org\/es\/wp-json\/wp\/v2\/pages\/3453\/revisions\/5930"}],"up":[{"embeddable":true,"href":"https:\/\/savoie-argentine.org\/es\/wp-json\/wp\/v2\/pages\/3431"}],"wp:attachment":[{"href":"https:\/\/savoie-argentine.org\/es\/wp-json\/wp\/v2\/media?parent=3453"}],"wp:term":[{"taxonomy":"folder","embeddable":true,"href":"https:\/\/savoie-argentine.org\/es\/wp-json\/wp\/v2\/folder?post=3453"}],"curies":[{"name":"wp","href":"https:\/\/api.w.org\/{rel}","templated":true}]}}