{"id":4783,"date":"2025-12-30T22:40:33","date_gmt":"2025-12-30T21:40:33","guid":{"rendered":"https:\/\/savoie-argentine.org\/aqui-estamos-32-1\/"},"modified":"2026-01-31T19:32:01","modified_gmt":"2026-01-31T18:32:01","slug":"aqui-estamos-32-1","status":"publish","type":"page","link":"https:\/\/savoie-argentine.org\/es\/aqui-estamos-32-1\/","title":{"rendered":"Aqu\u00ed estamos 32-1"},"content":{"rendered":"\t\t<div data-elementor-type=\"wp-page\" data-elementor-id=\"4783\" class=\"elementor elementor-4783 elementor-4365\">\n\t\t\t\t<div class=\"elementor-element elementor-element-3f426c04 e-transform e-transform e-flex e-con-boxed e-con e-parent\" data-id=\"3f426c04\" data-element_type=\"container\" data-e-type=\"container\" data-settings=\"{&quot;background_background&quot;:&quot;classic&quot;,&quot;_transform_translateX_effect&quot;:{&quot;unit&quot;:&quot;px&quot;,&quot;size&quot;:207,&quot;sizes&quot;:[]},&quot;_transform_scale_effect&quot;:{&quot;unit&quot;:&quot;px&quot;,&quot;size&quot;:0.5,&quot;sizes&quot;:[]},&quot;_transform_translateX_effect_tablet&quot;:{&quot;unit&quot;:&quot;px&quot;,&quot;size&quot;:&quot;&quot;,&quot;sizes&quot;:[]},&quot;_transform_translateX_effect_mobile&quot;:{&quot;unit&quot;:&quot;px&quot;,&quot;size&quot;:&quot;&quot;,&quot;sizes&quot;:[]},&quot;_transform_translateY_effect&quot;:{&quot;unit&quot;:&quot;px&quot;,&quot;size&quot;:&quot;&quot;,&quot;sizes&quot;:[]},&quot;_transform_translateY_effect_tablet&quot;:{&quot;unit&quot;:&quot;px&quot;,&quot;size&quot;:&quot;&quot;,&quot;sizes&quot;:[]},&quot;_transform_translateY_effect_mobile&quot;:{&quot;unit&quot;:&quot;px&quot;,&quot;size&quot;:&quot;&quot;,&quot;sizes&quot;:[]},&quot;_transform_scale_effect_tablet&quot;:{&quot;unit&quot;:&quot;px&quot;,&quot;size&quot;:&quot;&quot;,&quot;sizes&quot;:[]},&quot;_transform_scale_effect_mobile&quot;:{&quot;unit&quot;:&quot;px&quot;,&quot;size&quot;:&quot;&quot;,&quot;sizes&quot;:[]}}\">\n\t\t\t\t\t<div class=\"e-con-inner\">\n\t\t\t\t<div class=\"elementor-element elementor-element-78f4240b elementor-widget elementor-widget-image\" data-id=\"78f4240b\" data-element_type=\"widget\" data-e-type=\"widget\" data-widget_type=\"image.default\">\n\t\t\t\t\t\t\t\t\t\t\t\t\t\t\t\t<a href=\"https:\/\/savoie-argentine.org\/wp-content\/uploads\/2025\/12\/nous_voila_100.png\" data-elementor-open-lightbox=\"yes\" data-elementor-lightbox-title=\"nous_voila_100\" data-e-action-hash=\"#elementor-action%3Aaction%3Dlightbox%26settings%3DeyJpZCI6NDM2MSwidXJsIjoiaHR0cHM6XC9cL3Nhdm9pZS1hcmdlbnRpbmUub3JnXC93cC1jb250ZW50XC91cGxvYWRzXC8yMDI1XC8xMlwvbm91c192b2lsYV8xMDAucG5nIn0%3D\">\n\t\t\t\t\t\t\t<img fetchpriority=\"high\" decoding=\"async\" width=\"1575\" height=\"605\" src=\"https:\/\/savoie-argentine.org\/wp-content\/uploads\/2025\/12\/nous_voila_100.png\" class=\"elementor-animation-bounce-in attachment-full size-full wp-image-4361\" alt=\"\" srcset=\"https:\/\/savoie-argentine.org\/wp-content\/uploads\/2025\/12\/nous_voila_100.png 1575w, https:\/\/savoie-argentine.org\/wp-content\/uploads\/2025\/12\/nous_voila_100-300x115.png 300w, https:\/\/savoie-argentine.org\/wp-content\/uploads\/2025\/12\/nous_voila_100-1024x393.png 1024w, https:\/\/savoie-argentine.org\/wp-content\/uploads\/2025\/12\/nous_voila_100-768x295.png 768w, https:\/\/savoie-argentine.org\/wp-content\/uploads\/2025\/12\/nous_voila_100-1536x590.png 1536w, https:\/\/savoie-argentine.org\/wp-content\/uploads\/2025\/12\/nous_voila_100-1320x507.png 1320w\" sizes=\"(max-width: 1575px) 100vw, 1575px\" \/>\t\t\t\t\t\t\t\t<\/a>\n\t\t\t\t\t\t\t\t\t\t\t\t\t\t\t<\/div>\n\t\t\t\t\t<\/div>\n\t\t\t\t<\/div>\n\t\t<div class=\"elementor-element elementor-element-48f7cba e-flex e-con-boxed e-con e-parent\" data-id=\"48f7cba\" data-element_type=\"container\" data-e-type=\"container\">\n\t\t\t\t\t<div class=\"e-con-inner\">\n\t\t\t\t<div class=\"elementor-element elementor-element-865e01d elementor-widget elementor-widget-heading\" data-id=\"865e01d\" data-element_type=\"widget\" data-e-type=\"widget\" id=\"sommaire_a\" data-widget_type=\"heading.default\">\n\t\t\t\t\t<h5 class=\"elementor-heading-title elementor-size-default\"><a href=\"https:\/\/savoie-argentine.org\/es\/4362\/aqui-estamos-n32\/\">P\u00c1GINA 1 \u2013 EDITORIAL<\/a><\/h5>\t\t\t\t<\/div>\n\t\t\t\t\t<\/div>\n\t\t\t\t<\/div>\n\t\t<div class=\"elementor-element elementor-element-5966809 e-flex e-con-boxed e-con e-parent\" data-id=\"5966809\" data-element_type=\"container\" data-e-type=\"container\">\n\t\t\t\t\t<div class=\"e-con-inner\">\n\t\t\t\t<div class=\"elementor-element elementor-element-814193b elementor-widget elementor-widget-text-editor\" data-id=\"814193b\" data-element_type=\"widget\" data-e-type=\"widget\" data-widget_type=\"text-editor.default\">\n\t\t\t\t\t\t\t\t\t<p data-start=\"123\" data-end=\"237\"><strong data-start=\"148\" data-end=\"179\">CENTRO SABOYARDO DE SAN JOS\u00c9<\/strong><br data-start=\"179\" data-end=\"182\">Urquiza 1001 \u2013 3283 San Jos\u00e9 \u2013 Entre R\u00edos \u2013 Argentina<\/p><p data-start=\"239\" data-end=\"301\"><strong data-start=\"239\" data-end=\"301\">San Jos\u00e9, cuna de la inmigraci\u00f3n saboyana en Entre R\u00edos<\/strong><\/p><hr data-start=\"303\" data-end=\"306\"><h3 data-start=\"308\" data-end=\"327\"><strong data-start=\"312\" data-end=\"327\">Feliz Navidad<\/strong><\/h3><p data-start=\"329\" data-end=\"403\"><strong data-start=\"329\" data-end=\"403\">1989 \u2013 2025: 36 a\u00f1os desde la creaci\u00f3n del Centro Saboyar de San Jos\u00e9<\/strong><\/p><hr data-start=\"405\" data-end=\"408\"><h3 data-start=\"410\" data-end=\"493\"><em data-start=\"414\" data-end=\"493\">Las instituciones se fortalecen cuando saben c\u00f3mo renovarse y abrirse.<\/em><\/h3><p data-start=\"495\" data-end=\"541\"><strong data-start=\"495\" data-end=\"541\">Queridos amigos del Centro Saboyano de San Jos\u00e9,<\/strong><\/p><p data-start=\"543\" data-end=\"852\">Hoy estoy viviendo un momento muy especial. Tras 36 a\u00f1os durante los cuales tuve el honor \u2014y la inmensa responsabilidad\u2014 de presidir el Comit\u00e9 Directivo de nuestra querida instituci\u00f3n, a la que pertenezco con orgullo desde su fundaci\u00f3n en 1989, ha llegado el momento de pasar el testigo. <\/p><p data-start=\"854\" data-end=\"1227\">Estoy profundamente convencido de que las instituciones se fortalecen cuando saben c\u00f3mo renovarse, abrirse a nuevas perspectivas y acoger nuevas energ\u00edas. Por eso creo que ha llegado el momento adecuado para ceder el paso a otros miembros que, con nuevas ideas y mucho entusiasmo, podr\u00e1n continuar el desarrollo del Centro Saboyano. <\/p><p data-start=\"1229\" data-end=\"1577\">No obstante, seguir\u00e9 acompa\u00f1ando esta nueva etapa como Vicepresidente, con el deseo de compartir mi experiencia y todo lo que he aprendido a lo largo de estos largos a\u00f1os. Espero que este periodo sea un momento de transici\u00f3n, permitiendo a otros participar plenamente en la gesti\u00f3n de esta casa que tanto amamos. <\/p><p data-start=\"1579\" data-end=\"2104\">Quisiera expresar mi m\u00e1s profunda gratitud a todos los que me han acompa\u00f1ado a lo largo de este viaje: las distintas comisiones, los miembros, las familias y cada persona que, de una u otra manera, ha contribuido a mantener viva la herencia de nuestros antepasados saboyanos en esta tierra. Juntos hemos pasado por tiempos dif\u00edciles, pero tambi\u00e9n hemos celebrado grandes \u00e9xitos. Cada paso siempre ha sido el resultado de un trabajo colectivo, basado en la confianza, el compartir y el amor a nuestras ra\u00edces.  <\/p><p data-start=\"2106\" data-end=\"2308\">Dejo la presidencia con la satisfacci\u00f3n de haber dado lo mejor de m\u00ed mismo y con la certeza de que el Centro Saboyardo de San Jos\u00e9 seguir\u00e1 siendo un lugar de encuentro, cultura y amistad.<\/p><p data-start=\"2310\" data-end=\"2387\">Gracias de todo coraz\u00f3n a todos vosotros por estos <strong data-start=\"2360\" data-end=\"2386\">36 a\u00f1os inolvidables<\/strong>.<\/p><p data-start=\"2389\" data-end=\"2410\"><strong data-start=\"2389\" data-end=\"2410\">Rosa Hayd\u00e9e Maxit<\/strong><a href=\"https:\/\/savoie-argentine.org\/es\/4362\/aqui-estamos-n32\/\"><br><img decoding=\"async\" class=\"alignright wp-image-4388\" src=\"https:\/\/savoie-argentine.org\/wp-content\/uploads\/2025\/12\/sommaire-300x69.jpg\" alt=\"\" width=\"150\" height=\"34\" srcset=\"https:\/\/savoie-argentine.org\/wp-content\/uploads\/2025\/12\/sommaire-300x69.jpg 300w, https:\/\/savoie-argentine.org\/wp-content\/uploads\/2025\/12\/sommaire-1024x234.jpg 1024w, https:\/\/savoie-argentine.org\/wp-content\/uploads\/2025\/12\/sommaire-768x176.jpg 768w, https:\/\/savoie-argentine.org\/wp-content\/uploads\/2025\/12\/sommaire.jpg 1053w\" sizes=\"(max-width: 150px) 100vw, 150px\" \/><\/a><\/p>\t\t\t\t\t\t\t\t<\/div>\n\t\t\t\t\t<\/div>\n\t\t\t\t<\/div>\n\t\t<div class=\"elementor-element elementor-element-07007f1 e-flex e-con-boxed e-con e-parent\" data-id=\"07007f1\" data-element_type=\"container\" data-e-type=\"container\">\n\t\t\t\t\t<div class=\"e-con-inner\">\n\t\t\t\t<div class=\"elementor-element elementor-element-1e39ef4 elementor-widget elementor-widget-image\" data-id=\"1e39ef4\" data-element_type=\"widget\" data-e-type=\"widget\" data-widget_type=\"image.default\">\n\t\t\t\t\t\t\t\t\t\t\t\t\t\t\t\t<a href=\"https:\/\/savoie-argentine.org\/wp-content\/uploads\/2025\/12\/nous_voila_101.png\" data-elementor-open-lightbox=\"yes\" data-elementor-lightbox-title=\"nous_voila_101\" data-e-action-hash=\"#elementor-action%3Aaction%3Dlightbox%26settings%3DeyJpZCI6NDc2NCwidXJsIjoiaHR0cHM6XC9cL3Nhdm9pZS1hcmdlbnRpbmUub3JnXC93cC1jb250ZW50XC91cGxvYWRzXC8yMDI1XC8xMlwvbm91c192b2lsYV8xMDEucG5nIn0%3D\">\n\t\t\t\t\t\t\t<img decoding=\"async\" width=\"791\" height=\"1024\" src=\"https:\/\/savoie-argentine.org\/wp-content\/uploads\/2025\/12\/nous_voila_101-791x1024.png\" class=\"attachment-large size-large wp-image-4764\" alt=\"\" srcset=\"https:\/\/savoie-argentine.org\/wp-content\/uploads\/2025\/12\/nous_voila_101-791x1024.png 791w, https:\/\/savoie-argentine.org\/wp-content\/uploads\/2025\/12\/nous_voila_101-232x300.png 232w, https:\/\/savoie-argentine.org\/wp-content\/uploads\/2025\/12\/nous_voila_101-768x994.png 768w, https:\/\/savoie-argentine.org\/wp-content\/uploads\/2025\/12\/nous_voila_101-1187x1536.png 1187w, https:\/\/savoie-argentine.org\/wp-content\/uploads\/2025\/12\/nous_voila_101-1583x2048.png 1583w, https:\/\/savoie-argentine.org\/wp-content\/uploads\/2025\/12\/nous_voila_101-1320x1708.png 1320w, https:\/\/savoie-argentine.org\/wp-content\/uploads\/2025\/12\/nous_voila_101.png 1700w\" sizes=\"(max-width: 791px) 100vw, 791px\" \/>\t\t\t\t\t\t\t\t<\/a>\n\t\t\t\t\t\t\t\t\t\t\t\t\t\t\t<\/div>\n\t\t\t\t\t<\/div>\n\t\t\t\t<\/div>\n\t\t<div class=\"elementor-element elementor-element-61fda70 e-flex e-con-boxed e-con e-parent\" data-id=\"61fda70\" data-element_type=\"container\" data-e-type=\"container\">\n\t\t\t\t\t<div class=\"e-con-inner\">\n\t\t\t\t<div class=\"elementor-element elementor-element-293c1e6 elementor-widget elementor-widget-heading\" data-id=\"293c1e6\" data-element_type=\"widget\" data-e-type=\"widget\" id=\"sommaire_b\" data-widget_type=\"heading.default\">\n\t\t\t\t\t<h5 class=\"elementor-heading-title elementor-size-default\"><a href=\"https:\/\/savoie-argentine.org\/es\/4362\/aqui-estamos-n32\/\">P\u00c1GINA 2 \u2013 ASAMBLEA GENERAL<\/a><\/h5>\t\t\t\t<\/div>\n\t\t\t\t\t<\/div>\n\t\t\t\t<\/div>\n\t\t<div class=\"elementor-element elementor-element-7d5b754 e-flex e-con-boxed e-con e-parent\" data-id=\"7d5b754\" data-element_type=\"container\" data-e-type=\"container\">\n\t\t\t\t\t<div class=\"e-con-inner\">\n\t\t\t\t<div class=\"elementor-element elementor-element-1711030 elementor-widget elementor-widget-text-editor\" data-id=\"1711030\" data-element_type=\"widget\" data-e-type=\"widget\" data-widget_type=\"text-editor.default\">\n\t\t\t\t\t\t\t\t\t<p data-start=\"215\" data-end=\"289\"><strong data-start=\"215\" data-end=\"289\">1989 \u2013 2025: 36 a\u00f1os desde la creaci\u00f3n del Centro Saboyar de San Jos\u00e9<\/strong><\/p><hr data-start=\"291\" data-end=\"294\"><h3 data-start=\"296\" data-end=\"334\"><strong data-start=\"300\" data-end=\"334\">Reuni\u00f3n Anual 2025 \u2013 2026<\/strong><\/h3><p data-start=\"336\" data-end=\"531\">El <strong data-start=\"339\" data-end=\"364\">viernes 26 de septiembre<\/strong> se celebr\u00f3 la Asamblea General Anual del Centro Saboyano de San Jos\u00e9, marcando una nueva etapa en la vida de nuestra asociaci\u00f3n para el periodo <strong data-start=\"517\" data-end=\"530\">2025\u20132026<\/strong>.<\/p><p data-start=\"533\" data-end=\"632\">En esta ocasi\u00f3n, se eligi\u00f3 un <strong data-start=\"564\" data-end=\"589\">nuevo Comit\u00e9 Directivo<\/strong> . Est\u00e1 compuesto de la siguiente manera:<\/p><p data-start=\"634\" data-end=\"692\"><strong data-start=\"634\" data-end=\"648\">Presidente<\/strong><br data-start=\"648\" data-end=\"651\">\u2022 <strong data-start=\"665\" data-end=\"692\">Profesora Natalia Leticia Ben\u00edtez<\/strong><\/p><p data-start=\"694\" data-end=\"751\"><strong data-start=\"694\" data-end=\"713\">Vicepresidente<\/strong><br data-start=\"713\" data-end=\"716\">\u2022 <strong data-start=\"730\" data-end=\"751\">Profesora Rosa Hayd\u00e9e Maxit<\/strong><\/p><p data-start=\"753\" data-end=\"799\"><strong data-start=\"753\" data-end=\"767\">Secretario<\/strong><br data-start=\"767\" data-end=\"770\">\u2022 Sr. <strong data-start=\"775\" data-end=\"799\">Carlos Javier Creppy<\/strong><\/p><p data-start=\"801\" data-end=\"860\"><strong data-start=\"801\" data-end=\"824\">Secretario Adjunto<\/strong><br data-start=\"824\" data-end=\"827\">\u2022 Sra <strong data-start=\"833\" data-end=\"860\">. Mar\u00eda Cristina Valiente<\/strong><\/p><p data-start=\"862\" data-end=\"908\"><strong data-start=\"862\" data-end=\"876\">Tesorero<\/strong><br data-start=\"876\" data-end=\"879\">\u2022 <strong data-start=\"885\" data-end=\"908\">Sra. Dolores Sacks-Maxit<\/strong><\/p><p data-start=\"910\" data-end=\"967\"><strong data-start=\"910\" data-end=\"933\">Tesorero Adjunto<\/strong><br data-start=\"933\" data-end=\"936\">\u2022 <strong data-start=\"950\" data-end=\"967\">Profesora Susana Dubois<\/strong><\/p><p data-start=\"969\" data-end=\"1126\"><strong data-start=\"969\" data-end=\"991\">Miembros de pleno derecho<\/strong><br data-start=\"991\" data-end=\"994\">\u2022 <strong data-start=\"996\" data-end=\"1035\">Lucila Mar\u00eda del Carmen de la Calle<\/strong><br data-start=\"1035\" data-end=\"1038\">\u2022 <strong data-start=\"1040\" data-end=\"1067\">Silvia Cristina Bastian<\/strong><br data-start=\"1067\" data-end=\"1070\">\u2022 <strong data-start=\"1072\" data-end=\"1095\">Ramiro Alejo Truffa<\/strong><br data-start=\"1095\" data-end=\"1098\">\u2022 <strong data-start=\"1100\" data-end=\"1126\">Sonia Cristina Garnier<\/strong><\/p><p data-start=\"1128\" data-end=\"1262\"><strong data-start=\"1128\" data-end=\"1150\">Miembros suplentes<\/strong><br data-start=\"1150\" data-end=\"1153\">\u2022 <strong data-start=\"1155\" data-end=\"1180\">Gast\u00f3n Emilio Rossier<\/strong><br data-start=\"1180\" data-end=\"1183\">\u2022 <strong data-start=\"1185\" data-end=\"1203\">Dora Trabichet<\/strong><br data-start=\"1203\" data-end=\"1206\">\u2022 <strong data-start=\"1208\" data-end=\"1236\">Florencia Milagros Velzi<\/strong><br data-start=\"1236\" data-end=\"1239\">\u2022 <strong data-start=\"1241\" data-end=\"1262\">Emma Mar\u00eda Falcoz<\/strong><\/p><p data-start=\"1264\" data-end=\"1365\"><strong data-start=\"1264\" data-end=\"1303\">Auditores estatutarios<\/strong><br data-start=\"1303\" data-end=\"1306\">\u2022 <strong data-start=\"1308\" data-end=\"1331\">Ana Mar\u00eda Tramont\u00edn<\/strong><br data-start=\"1331\" data-end=\"1334\">\u2022 <strong data-start=\"1336\" data-end=\"1365\">Etel Beatriz Bondanza-Bel<\/strong><\/p><p data-start=\"1367\" data-end=\"1465\"><strong data-start=\"1367\" data-end=\"1407\">Auditores Estatutarios Alternativos<\/strong><br data-start=\"1407\" data-end=\"1410\">\u2022 <strong data-start=\"1412\" data-end=\"1433\">Mar\u00eda In\u00e9s Mooney<\/strong><br data-start=\"1433\" data-end=\"1436\">\u2022 <strong data-start=\"1438\" data-end=\"1465\">Marta Beatriz Ins\u00faa-Bel<\/strong><\/p><p><a href=\"https:\/\/savoie-argentine.org\/es\/4362\/aqui-estamos-n32\/\"><br><img decoding=\"async\" class=\"alignright wp-image-4388\" src=\"https:\/\/savoie-argentine.org\/wp-content\/uploads\/2025\/12\/sommaire-300x69.jpg\" alt=\"\" width=\"150\" height=\"34\" srcset=\"https:\/\/savoie-argentine.org\/wp-content\/uploads\/2025\/12\/sommaire-300x69.jpg 300w, https:\/\/savoie-argentine.org\/wp-content\/uploads\/2025\/12\/sommaire-1024x234.jpg 1024w, https:\/\/savoie-argentine.org\/wp-content\/uploads\/2025\/12\/sommaire-768x176.jpg 768w, https:\/\/savoie-argentine.org\/wp-content\/uploads\/2025\/12\/sommaire.jpg 1053w\" sizes=\"(max-width: 150px) 100vw, 150px\" \/><\/a><\/p>\t\t\t\t\t\t\t\t<\/div>\n\t\t\t\t\t<\/div>\n\t\t\t\t<\/div>\n\t\t<div class=\"elementor-element elementor-element-c8fad63 e-flex e-con-boxed e-con e-parent\" data-id=\"c8fad63\" data-element_type=\"container\" data-e-type=\"container\">\n\t\t\t\t\t<div class=\"e-con-inner\">\n\t\t\t\t<div class=\"elementor-element elementor-element-a4371d5 elementor-widget elementor-widget-image\" data-id=\"a4371d5\" data-element_type=\"widget\" data-e-type=\"widget\" data-widget_type=\"image.default\">\n\t\t\t\t\t\t\t\t\t\t\t\t\t\t\t\t<a href=\"https:\/\/savoie-argentine.org\/wp-content\/uploads\/2025\/12\/nous_voila_102-1.png\" data-elementor-open-lightbox=\"yes\" data-elementor-lightbox-title=\"nous_voila_102\" data-e-action-hash=\"#elementor-action%3Aaction%3Dlightbox%26settings%3DeyJpZCI6NDc2NSwidXJsIjoiaHR0cHM6XC9cL3Nhdm9pZS1hcmdlbnRpbmUub3JnXC93cC1jb250ZW50XC91cGxvYWRzXC8yMDI1XC8xMlwvbm91c192b2lsYV8xMDItMS5wbmcifQ%3D%3D\">\n\t\t\t\t\t\t\t<img loading=\"lazy\" decoding=\"async\" width=\"791\" height=\"1024\" src=\"https:\/\/savoie-argentine.org\/wp-content\/uploads\/2025\/12\/nous_voila_102-1-791x1024.png\" class=\"attachment-large size-large wp-image-4765\" alt=\"\" srcset=\"https:\/\/savoie-argentine.org\/wp-content\/uploads\/2025\/12\/nous_voila_102-1-791x1024.png 791w, https:\/\/savoie-argentine.org\/wp-content\/uploads\/2025\/12\/nous_voila_102-1-232x300.png 232w, https:\/\/savoie-argentine.org\/wp-content\/uploads\/2025\/12\/nous_voila_102-1-768x994.png 768w, https:\/\/savoie-argentine.org\/wp-content\/uploads\/2025\/12\/nous_voila_102-1-1187x1536.png 1187w, https:\/\/savoie-argentine.org\/wp-content\/uploads\/2025\/12\/nous_voila_102-1-1583x2048.png 1583w, https:\/\/savoie-argentine.org\/wp-content\/uploads\/2025\/12\/nous_voila_102-1-1320x1708.png 1320w, https:\/\/savoie-argentine.org\/wp-content\/uploads\/2025\/12\/nous_voila_102-1.png 1700w\" sizes=\"(max-width: 791px) 100vw, 791px\" \/>\t\t\t\t\t\t\t\t<\/a>\n\t\t\t\t\t\t\t\t\t\t\t\t\t\t\t<\/div>\n\t\t\t\t\t<\/div>\n\t\t\t\t<\/div>\n\t\t<div class=\"elementor-element elementor-element-bfc9078 e-flex e-con-boxed e-con e-parent\" data-id=\"bfc9078\" data-element_type=\"container\" data-e-type=\"container\">\n\t\t\t\t\t<div class=\"e-con-inner\">\n\t\t\t\t<div class=\"elementor-element elementor-element-7a10dc3 elementor-widget elementor-widget-heading\" data-id=\"7a10dc3\" data-element_type=\"widget\" data-e-type=\"widget\" id=\"sommaire_c\" data-widget_type=\"heading.default\">\n\t\t\t\t\t<h5 class=\"elementor-heading-title elementor-size-default\"><a href=\"https:\/\/savoie-argentine.org\/es\/4362\/aqui-estamos-n32\/\">P\u00c1GINA 3 \u2013 D\u00cdA DE LA COLONIZACI\u00d3N<\/a><\/h5>\t\t\t\t<\/div>\n\t\t\t\t\t<\/div>\n\t\t\t\t<\/div>\n\t\t<div class=\"elementor-element elementor-element-4c10df5 e-flex e-con-boxed e-con e-parent\" data-id=\"4c10df5\" data-element_type=\"container\" data-e-type=\"container\">\n\t\t\t\t\t<div class=\"e-con-inner\">\n\t\t\t\t<div class=\"elementor-element elementor-element-e32d40d elementor-widget elementor-widget-text-editor\" data-id=\"e32d40d\" data-element_type=\"widget\" data-e-type=\"widget\" data-widget_type=\"text-editor.default\">\n\t\t\t\t\t\t\t\t\t<p>D\u00eda de la Colonizaci\u00f3n 2025<br>Banderas, estandartes, grupos familiares y escudos de armas familiares son elementos emblem\u00e1ticos que pueden encontrarse a\u00f1o tras a\u00f1o durante la F\u00eate de la Colonisation, a petici\u00f3n del p\u00fablico.<br>Son cada vez m\u00e1s numerosos, ya que al p\u00fablico le gusta reconocer y admirar los escudos de armas familiares, verdaderos s\u00edmbolos de la historia saboya y sus ra\u00edces transmitidas de generaci\u00f3n en generaci\u00f3n.<br>Esta celebraci\u00f3n sigue siendo un momento fuerte de intercambio y memoria colectiva, donde la identidad, el orgullo por los or\u00edgenes y el v\u00ednculo entre familias ocupan un lugar central.<a href=\"https:\/\/savoie-argentine.org\/es\/4362\/aqui-estamos-n32\/\"><img decoding=\"async\" class=\"alignright wp-image-4388\" src=\"https:\/\/savoie-argentine.org\/wp-content\/uploads\/2025\/12\/sommaire-300x69.jpg\" alt=\"\" width=\"150\" height=\"34\" srcset=\"https:\/\/savoie-argentine.org\/wp-content\/uploads\/2025\/12\/sommaire-300x69.jpg 300w, https:\/\/savoie-argentine.org\/wp-content\/uploads\/2025\/12\/sommaire-1024x234.jpg 1024w, https:\/\/savoie-argentine.org\/wp-content\/uploads\/2025\/12\/sommaire-768x176.jpg 768w, https:\/\/savoie-argentine.org\/wp-content\/uploads\/2025\/12\/sommaire.jpg 1053w\" sizes=\"(max-width: 150px) 100vw, 150px\" \/><\/a><\/p>\t\t\t\t\t\t\t\t<\/div>\n\t\t\t\t\t<\/div>\n\t\t\t\t<\/div>\n\t\t<div class=\"elementor-element elementor-element-c620076 e-flex e-con-boxed e-con e-parent\" data-id=\"c620076\" data-element_type=\"container\" data-e-type=\"container\">\n\t\t\t\t\t<div class=\"e-con-inner\">\n\t\t\t\t<div class=\"elementor-element elementor-element-5db1bb0 elementor-widget elementor-widget-image\" data-id=\"5db1bb0\" data-element_type=\"widget\" data-e-type=\"widget\" data-widget_type=\"image.default\">\n\t\t\t\t\t\t\t\t\t\t\t\t\t\t\t\t<a href=\"https:\/\/savoie-argentine.org\/wp-content\/uploads\/2025\/12\/nous_voila_103.png\" data-elementor-open-lightbox=\"yes\" data-elementor-lightbox-title=\"nous_voila_103\" data-e-action-hash=\"#elementor-action%3Aaction%3Dlightbox%26settings%3DeyJpZCI6NDc2NiwidXJsIjoiaHR0cHM6XC9cL3Nhdm9pZS1hcmdlbnRpbmUub3JnXC93cC1jb250ZW50XC91cGxvYWRzXC8yMDI1XC8xMlwvbm91c192b2lsYV8xMDMucG5nIn0%3D\">\n\t\t\t\t\t\t\t<img loading=\"lazy\" decoding=\"async\" width=\"791\" height=\"1024\" src=\"https:\/\/savoie-argentine.org\/wp-content\/uploads\/2025\/12\/nous_voila_103-791x1024.png\" class=\"attachment-large size-large wp-image-4766\" alt=\"\" srcset=\"https:\/\/savoie-argentine.org\/wp-content\/uploads\/2025\/12\/nous_voila_103-791x1024.png 791w, https:\/\/savoie-argentine.org\/wp-content\/uploads\/2025\/12\/nous_voila_103-232x300.png 232w, https:\/\/savoie-argentine.org\/wp-content\/uploads\/2025\/12\/nous_voila_103-768x994.png 768w, https:\/\/savoie-argentine.org\/wp-content\/uploads\/2025\/12\/nous_voila_103-1187x1536.png 1187w, https:\/\/savoie-argentine.org\/wp-content\/uploads\/2025\/12\/nous_voila_103-1583x2048.png 1583w, https:\/\/savoie-argentine.org\/wp-content\/uploads\/2025\/12\/nous_voila_103-1320x1708.png 1320w, https:\/\/savoie-argentine.org\/wp-content\/uploads\/2025\/12\/nous_voila_103.png 1700w\" sizes=\"(max-width: 791px) 100vw, 791px\" \/>\t\t\t\t\t\t\t\t<\/a>\n\t\t\t\t\t\t\t\t\t\t\t\t\t\t\t<\/div>\n\t\t\t\t\t<\/div>\n\t\t\t\t<\/div>\n\t\t<div class=\"elementor-element elementor-element-90e0f7f e-flex e-con-boxed e-con e-parent\" data-id=\"90e0f7f\" data-element_type=\"container\" data-e-type=\"container\">\n\t\t\t\t\t<div class=\"e-con-inner\">\n\t\t\t\t<div class=\"elementor-element elementor-element-3d33f3d elementor-widget elementor-widget-heading\" data-id=\"3d33f3d\" data-element_type=\"widget\" data-e-type=\"widget\" id=\"sommaire_d\" data-widget_type=\"heading.default\">\n\t\t\t\t\t<h5 class=\"elementor-heading-title elementor-size-default\"><a href=\"https:\/\/savoie-argentine.org\/es\/4362\/aqui-estamos-n32\/\">P\u00c1GINA 4 \u2013 PRESENTACI\u00d3N DEL LIBRO<\/a><\/h5>\t\t\t\t<\/div>\n\t\t\t\t\t<\/div>\n\t\t\t\t<\/div>\n\t\t<div class=\"elementor-element elementor-element-0a692b9 e-flex e-con-boxed e-con e-parent\" data-id=\"0a692b9\" data-element_type=\"container\" data-e-type=\"container\">\n\t\t\t\t\t<div class=\"e-con-inner\">\n\t\t\t\t<div class=\"elementor-element elementor-element-fcfdede elementor-widget elementor-widget-text-editor\" data-id=\"fcfdede\" data-element_type=\"widget\" data-e-type=\"widget\" data-widget_type=\"text-editor.default\">\n\t\t\t\t\t\t\t\t\t<p>SAVOYARDS&#8230;<br>Huellas en la niebla de un viaje sin mapas<br>\u00abPresentar un libro es un acto revolucionario: es una actividad inusual, capaz de mover a la sociedad.\u00bb<br>Estas fueron las palabras de Mariela Ibalo, moderadora de la presentaci\u00f3n de este nuevo libro, quien acompa\u00f1\u00f3 al p\u00fablico, junto a su autora Rosa Maxit, en el descubrimiento gradual de su contenido.<br>En palabras de la autora, este libro est\u00e1 sobre todo destinado a rehabilitar a las mujeres inmigrantes, que con demasiada frecuencia est\u00e1n ausentes de las narrativas oficiales.<br>Junto a los jefes de familia, ellos tambi\u00e9n han moldeado estas historias de vida, afrontando la adversidad con valent\u00eda, siempre guiados por la esperanza de una Cruz del Sur en las tierras de San Jos\u00e9.<br>A menudo ausentes en las listas oficiales o apenas mencionadas, lo \u00fanico que queda de ellas en las l\u00e1pidas es una inicial o un apellido.<br>Esta nueva obra tambi\u00e9n ofrece un censo de los inmigrantes franceses que llegaron a partir de 1857, junto con su lugar de origen.<br>Se trata de un proyecto de investigaci\u00f3n considerable, llevado a cabo durante muchos a\u00f1os, tanto en Argentina como en Francia, que requiere rigor, verificaci\u00f3n y paciencia.<a href=\"https:\/\/savoie-argentine.org\/es\/4362\/aqui-estamos-n32\/\"><img decoding=\"async\" class=\"alignright wp-image-4388\" src=\"https:\/\/savoie-argentine.org\/wp-content\/uploads\/2025\/12\/sommaire-300x69.jpg\" alt=\"\" width=\"150\" height=\"34\" srcset=\"https:\/\/savoie-argentine.org\/wp-content\/uploads\/2025\/12\/sommaire-300x69.jpg 300w, https:\/\/savoie-argentine.org\/wp-content\/uploads\/2025\/12\/sommaire-1024x234.jpg 1024w, https:\/\/savoie-argentine.org\/wp-content\/uploads\/2025\/12\/sommaire-768x176.jpg 768w, https:\/\/savoie-argentine.org\/wp-content\/uploads\/2025\/12\/sommaire.jpg 1053w\" sizes=\"(max-width: 150px) 100vw, 150px\" \/><\/a><\/p>\t\t\t\t\t\t\t\t<\/div>\n\t\t\t\t\t<\/div>\n\t\t\t\t<\/div>\n\t\t<div class=\"elementor-element elementor-element-66441d4 e-flex e-con-boxed e-con e-parent\" data-id=\"66441d4\" data-element_type=\"container\" data-e-type=\"container\">\n\t\t\t\t\t<div class=\"e-con-inner\">\n\t\t\t\t<div class=\"elementor-element elementor-element-f9d9f5b elementor-widget elementor-widget-image\" data-id=\"f9d9f5b\" data-element_type=\"widget\" data-e-type=\"widget\" data-widget_type=\"image.default\">\n\t\t\t\t\t\t\t\t\t\t\t\t\t\t\t\t<a href=\"https:\/\/savoie-argentine.org\/wp-content\/uploads\/2025\/12\/nous_voila_104.png\" data-elementor-open-lightbox=\"yes\" data-elementor-lightbox-title=\"nous_voila_104\" data-e-action-hash=\"#elementor-action%3Aaction%3Dlightbox%26settings%3DeyJpZCI6NDc2NywidXJsIjoiaHR0cHM6XC9cL3Nhdm9pZS1hcmdlbnRpbmUub3JnXC93cC1jb250ZW50XC91cGxvYWRzXC8yMDI1XC8xMlwvbm91c192b2lsYV8xMDQucG5nIn0%3D\">\n\t\t\t\t\t\t\t<img loading=\"lazy\" decoding=\"async\" width=\"791\" height=\"1024\" src=\"https:\/\/savoie-argentine.org\/wp-content\/uploads\/2025\/12\/nous_voila_104-791x1024.png\" class=\"attachment-large size-large wp-image-4767\" alt=\"\" srcset=\"https:\/\/savoie-argentine.org\/wp-content\/uploads\/2025\/12\/nous_voila_104-791x1024.png 791w, https:\/\/savoie-argentine.org\/wp-content\/uploads\/2025\/12\/nous_voila_104-232x300.png 232w, https:\/\/savoie-argentine.org\/wp-content\/uploads\/2025\/12\/nous_voila_104-768x994.png 768w, https:\/\/savoie-argentine.org\/wp-content\/uploads\/2025\/12\/nous_voila_104-1187x1536.png 1187w, https:\/\/savoie-argentine.org\/wp-content\/uploads\/2025\/12\/nous_voila_104-1583x2048.png 1583w, https:\/\/savoie-argentine.org\/wp-content\/uploads\/2025\/12\/nous_voila_104-1320x1708.png 1320w, https:\/\/savoie-argentine.org\/wp-content\/uploads\/2025\/12\/nous_voila_104.png 1700w\" sizes=\"(max-width: 791px) 100vw, 791px\" \/>\t\t\t\t\t\t\t\t<\/a>\n\t\t\t\t\t\t\t\t\t\t\t\t\t\t\t<\/div>\n\t\t\t\t\t<\/div>\n\t\t\t\t<\/div>\n\t\t<div class=\"elementor-element elementor-element-b31a768 e-flex e-con-boxed e-con e-parent\" data-id=\"b31a768\" data-element_type=\"container\" data-e-type=\"container\">\n\t\t\t\t\t<div class=\"e-con-inner\">\n\t\t\t\t<div class=\"elementor-element elementor-element-ad3f471 elementor-widget elementor-widget-heading\" data-id=\"ad3f471\" data-element_type=\"widget\" data-e-type=\"widget\" id=\"sommaire_e\" data-widget_type=\"heading.default\">\n\t\t\t\t\t<h5 class=\"elementor-heading-title elementor-size-default\"><a href=\"https:\/\/savoie-argentine.org\/es\/4362\/aqui-estamos-n32\/\">P\u00c1GINA 5 \u2013 ALREDEDOR DEL LIBRO<\/a><\/h5>\t\t\t\t<\/div>\n\t\t\t\t\t<\/div>\n\t\t\t\t<\/div>\n\t\t<div class=\"elementor-element elementor-element-734a196 e-flex e-con-boxed e-con e-parent\" data-id=\"734a196\" data-element_type=\"container\" data-e-type=\"container\">\n\t\t\t\t\t<div class=\"e-con-inner\">\n\t\t\t\t<div class=\"elementor-element elementor-element-fbc9b4f elementor-widget elementor-widget-text-editor\" data-id=\"fbc9b4f\" data-element_type=\"widget\" data-e-type=\"widget\" data-widget_type=\"text-editor.default\">\n\t\t\t\t\t\t\t\t\t<p data-start=\"221\" data-end=\"295\"><strong data-start=\"221\" data-end=\"295\">1989 \u2013 2025: 36 a\u00f1os desde la creaci\u00f3n del Centro Saboyar de San Jos\u00e9<\/strong><\/p><hr data-start=\"297\" data-end=\"300\"><p data-start=\"302\" data-end=\"695\">Este nuevo libro enriquece <strong data-start=\"338\" data-end=\"399\">la rica bibliograf\u00eda dedicada a nuestra historia migratoria<\/strong>. San Jos\u00e9 ha destacado durante mucho tiempo por la cantidad de autores y publicaciones que abordan una variedad de temas, pero especialmente relacionados con la inmigraci\u00f3n. Sin duda, esta herencia est\u00e1 inscrita en nuestros genes y impulsa a los descendientes a profundizar en su historia y comprender mejor sus or\u00edgenes.<\/p><p data-start=\"697\" data-end=\"921\">El <strong data-start=\"700\" data-end=\"750\">Sal\u00f3n de Honor del Centro Savoyardo de San Jos\u00e9<\/strong> acogi\u00f3 esta presentaci\u00f3n en una sala llena, reuniendo a un p\u00fablico atento y apasionado, ansioso por descubrir de d\u00f3nde partieron sus abuelos inmigrantes.<\/p><p data-start=\"923\" data-end=\"1184\">La velada termin\u00f3 con un momento art\u00edstico y convivial, con una interpretaci\u00f3n al piano de <strong data-start=\"1022\" data-end=\"1039\">Carlos Creppy<\/strong>, acompa\u00f1ado por la voz de <strong data-start=\"1068\" data-end=\"1085\">Mariela Ibalo<\/strong>, antes de compartir un <strong data-start=\"1108\" data-end=\"1134\">tradicional vino caliente<\/strong>, tan querido por las monta\u00f1as de nuestros antepasados saboyanos.<\/p><p data-start=\"1186\" data-end=\"1282\">Los libros est\u00e1n disponibles en el <strong data-start=\"1219\" data-end=\"1228\">Museo<\/strong> y tambi\u00e9n pueden enviarse a nivel nacional.<\/p><p data-start=\"1284\" data-end=\"1299\"><strong data-start=\"1284\" data-end=\"1299\">Hugo Martin<\/strong><a href=\"https:\/\/savoie-argentine.org\/es\/4362\/aqui-estamos-n32\/\"><br><img decoding=\"async\" class=\"alignright wp-image-4388\" src=\"https:\/\/savoie-argentine.org\/wp-content\/uploads\/2025\/12\/sommaire-300x69.jpg\" alt=\"\" width=\"150\" height=\"34\" srcset=\"https:\/\/savoie-argentine.org\/wp-content\/uploads\/2025\/12\/sommaire-300x69.jpg 300w, https:\/\/savoie-argentine.org\/wp-content\/uploads\/2025\/12\/sommaire-1024x234.jpg 1024w, https:\/\/savoie-argentine.org\/wp-content\/uploads\/2025\/12\/sommaire-768x176.jpg 768w, https:\/\/savoie-argentine.org\/wp-content\/uploads\/2025\/12\/sommaire.jpg 1053w\" sizes=\"(max-width: 150px) 100vw, 150px\" \/><\/a><\/p>\t\t\t\t\t\t\t\t<\/div>\n\t\t\t\t\t<\/div>\n\t\t\t\t<\/div>\n\t\t<div class=\"elementor-element elementor-element-58c490c e-flex e-con-boxed e-con e-parent\" data-id=\"58c490c\" data-element_type=\"container\" data-e-type=\"container\">\n\t\t\t\t\t<div class=\"e-con-inner\">\n\t\t\t\t<div class=\"elementor-element elementor-element-af569f5 elementor-widget elementor-widget-image\" data-id=\"af569f5\" data-element_type=\"widget\" data-e-type=\"widget\" data-widget_type=\"image.default\">\n\t\t\t\t\t\t\t\t\t\t\t\t\t\t\t\t<a href=\"https:\/\/savoie-argentine.org\/wp-content\/uploads\/2025\/12\/nous_voila_105.png\" data-elementor-open-lightbox=\"yes\" data-elementor-lightbox-title=\"nous_voila_105\" data-e-action-hash=\"#elementor-action%3Aaction%3Dlightbox%26settings%3DeyJpZCI6NDc2OCwidXJsIjoiaHR0cHM6XC9cL3Nhdm9pZS1hcmdlbnRpbmUub3JnXC93cC1jb250ZW50XC91cGxvYWRzXC8yMDI1XC8xMlwvbm91c192b2lsYV8xMDUucG5nIn0%3D\">\n\t\t\t\t\t\t\t<img loading=\"lazy\" decoding=\"async\" width=\"791\" height=\"1024\" src=\"https:\/\/savoie-argentine.org\/wp-content\/uploads\/2025\/12\/nous_voila_105-791x1024.png\" class=\"attachment-large size-large wp-image-4768\" alt=\"\" srcset=\"https:\/\/savoie-argentine.org\/wp-content\/uploads\/2025\/12\/nous_voila_105-791x1024.png 791w, https:\/\/savoie-argentine.org\/wp-content\/uploads\/2025\/12\/nous_voila_105-232x300.png 232w, https:\/\/savoie-argentine.org\/wp-content\/uploads\/2025\/12\/nous_voila_105-768x994.png 768w, https:\/\/savoie-argentine.org\/wp-content\/uploads\/2025\/12\/nous_voila_105-1187x1536.png 1187w, https:\/\/savoie-argentine.org\/wp-content\/uploads\/2025\/12\/nous_voila_105-1583x2048.png 1583w, https:\/\/savoie-argentine.org\/wp-content\/uploads\/2025\/12\/nous_voila_105-1320x1708.png 1320w, https:\/\/savoie-argentine.org\/wp-content\/uploads\/2025\/12\/nous_voila_105.png 1700w\" sizes=\"(max-width: 791px) 100vw, 791px\" \/>\t\t\t\t\t\t\t\t<\/a>\n\t\t\t\t\t\t\t\t\t\t\t\t\t\t\t<\/div>\n\t\t\t\t\t<\/div>\n\t\t\t\t<\/div>\n\t\t<div class=\"elementor-element elementor-element-ee90fa1 e-flex e-con-boxed e-con e-parent\" data-id=\"ee90fa1\" data-element_type=\"container\" data-e-type=\"container\">\n\t\t\t\t\t<div class=\"e-con-inner\">\n\t\t\t\t<div class=\"elementor-element elementor-element-fcb686e elementor-widget elementor-widget-heading\" data-id=\"fcb686e\" data-element_type=\"widget\" data-e-type=\"widget\" id=\"sommaire_f\" data-widget_type=\"heading.default\">\n\t\t\t\t\t<h5 class=\"elementor-heading-title elementor-size-default\"><a href=\"https:\/\/savoie-argentine.org\/es\/4362\/aqui-estamos-n32\/\">P\u00c1GINA 6 \u2013 TEATRO<\/a><\/h5>\t\t\t\t<\/div>\n\t\t\t\t\t<\/div>\n\t\t\t\t<\/div>\n\t\t<div class=\"elementor-element elementor-element-f5fce42 e-flex e-con-boxed e-con e-parent\" data-id=\"f5fce42\" data-element_type=\"container\" data-e-type=\"container\">\n\t\t\t\t\t<div class=\"e-con-inner\">\n\t\t\t\t<div class=\"elementor-element elementor-element-3bcc0f6 elementor-widget elementor-widget-text-editor\" data-id=\"3bcc0f6\" data-element_type=\"widget\" data-e-type=\"widget\" data-widget_type=\"text-editor.default\">\n\t\t\t\t\t\t\t\t\t<h3 data-start=\"280\" data-end=\"353\"><strong data-start=\"284\" data-end=\"353\">\u00abDon Gallo, el Bar\u00f3n\u00bb conquist\u00f3 al p\u00fablico en un auditorio lleno<br><br><\/strong><\/h3><p data-start=\"355\" data-end=\"649\">Los <strong data-start=\"359\" data-end=\"387\">d\u00edas 10, 11, 12 y 17<\/strong> de octubre, la obra <em data-start=\"398\" data-end=\"423\">\u00abDon Gallo, el Bar\u00f3n\u00bb,<\/em> escrita y dirigida por <strong data-start=\"453\" data-end=\"469\">Pablo Alcoba<\/strong>, fue presentada al p\u00fablico por la compa\u00f1\u00eda \u00bb <strong data-start=\"511\" data-end=\"532\">La Marquesina<\/strong>\u00ab, compuesta por <strong data-start=\"546\" data-end=\"625\">\u00c1ngela Ojeda Creppy, Nadia Locher, Celina Faure, Genaro Romero, M\u00f3nica Cruz<\/strong> y <strong data-start=\"629\" data-end=\"648\">Emiliano Vargas<\/strong>.<\/p><p data-start=\"651\" data-end=\"1108\">En cada funci\u00f3n, el sal\u00f3n se llenaba y el p\u00fablico aplaudi\u00f3 calurosamente esta comedia ambientada en <strong data-start=\"773\" data-end=\"781\">1790<\/strong>, que narra la historia de tres hermanas hu\u00e9rfanas que enfrentan muchas dificultades. Obligados a visitar a su t\u00eda materna, poco a poco descubren sus verdaderas intenciones, as\u00ed como las de un joven bar\u00f3n, impulsados tanto por la codicia como por el deseo de apropiarse de la fortuna familiar.<\/p><p data-start=\"1110\" data-end=\"1348\">A trav\u00e9s de una trama llena de malentendidos, mentiras y revelaciones, <em data-start=\"1186\" data-end=\"1207\">Don Gallo, el Bar\u00f3n<\/em> , logra, con humor e iron\u00eda, resaltar comportamientos humanos que, a pesar del paso del tiempo, siguen sorprendentemente actuales.<a href=\"https:\/\/savoie-argentine.org\/es\/4362\/aqui-estamos-n32\/\"><br><img decoding=\"async\" class=\"alignright wp-image-4388\" src=\"https:\/\/savoie-argentine.org\/wp-content\/uploads\/2025\/12\/sommaire-300x69.jpg\" alt=\"\" width=\"150\" height=\"34\" srcset=\"https:\/\/savoie-argentine.org\/wp-content\/uploads\/2025\/12\/sommaire-300x69.jpg 300w, https:\/\/savoie-argentine.org\/wp-content\/uploads\/2025\/12\/sommaire-1024x234.jpg 1024w, https:\/\/savoie-argentine.org\/wp-content\/uploads\/2025\/12\/sommaire-768x176.jpg 768w, https:\/\/savoie-argentine.org\/wp-content\/uploads\/2025\/12\/sommaire.jpg 1053w\" sizes=\"(max-width: 150px) 100vw, 150px\" \/><\/a><\/p>\t\t\t\t\t\t\t\t<\/div>\n\t\t\t\t\t<\/div>\n\t\t\t\t<\/div>\n\t\t<div class=\"elementor-element elementor-element-6cd59cf e-flex e-con-boxed e-con e-parent\" data-id=\"6cd59cf\" data-element_type=\"container\" data-e-type=\"container\">\n\t\t\t\t\t<div class=\"e-con-inner\">\n\t\t\t\t<div class=\"elementor-element elementor-element-0d9e0d1 elementor-widget elementor-widget-image\" data-id=\"0d9e0d1\" data-element_type=\"widget\" data-e-type=\"widget\" data-widget_type=\"image.default\">\n\t\t\t\t\t\t\t\t\t\t\t\t\t\t\t\t<a href=\"https:\/\/savoie-argentine.org\/wp-content\/uploads\/2025\/12\/nous_voila_106.png\" data-elementor-open-lightbox=\"yes\" data-elementor-lightbox-title=\"nous_voila_106\" data-e-action-hash=\"#elementor-action%3Aaction%3Dlightbox%26settings%3DeyJpZCI6NDc2OSwidXJsIjoiaHR0cHM6XC9cL3Nhdm9pZS1hcmdlbnRpbmUub3JnXC93cC1jb250ZW50XC91cGxvYWRzXC8yMDI1XC8xMlwvbm91c192b2lsYV8xMDYucG5nIn0%3D\">\n\t\t\t\t\t\t\t<img loading=\"lazy\" decoding=\"async\" width=\"791\" height=\"1024\" src=\"https:\/\/savoie-argentine.org\/wp-content\/uploads\/2025\/12\/nous_voila_106-791x1024.png\" class=\"attachment-large size-large wp-image-4769\" alt=\"\" srcset=\"https:\/\/savoie-argentine.org\/wp-content\/uploads\/2025\/12\/nous_voila_106-791x1024.png 791w, https:\/\/savoie-argentine.org\/wp-content\/uploads\/2025\/12\/nous_voila_106-232x300.png 232w, https:\/\/savoie-argentine.org\/wp-content\/uploads\/2025\/12\/nous_voila_106-768x994.png 768w, https:\/\/savoie-argentine.org\/wp-content\/uploads\/2025\/12\/nous_voila_106-1187x1536.png 1187w, https:\/\/savoie-argentine.org\/wp-content\/uploads\/2025\/12\/nous_voila_106-1583x2048.png 1583w, https:\/\/savoie-argentine.org\/wp-content\/uploads\/2025\/12\/nous_voila_106-1320x1708.png 1320w, https:\/\/savoie-argentine.org\/wp-content\/uploads\/2025\/12\/nous_voila_106.png 1700w\" sizes=\"(max-width: 791px) 100vw, 791px\" \/>\t\t\t\t\t\t\t\t<\/a>\n\t\t\t\t\t\t\t\t\t\t\t\t\t\t\t<\/div>\n\t\t\t\t\t<\/div>\n\t\t\t\t<\/div>\n\t\t<div class=\"elementor-element elementor-element-16d27c4 e-flex e-con-boxed e-con e-parent\" data-id=\"16d27c4\" data-element_type=\"container\" data-e-type=\"container\">\n\t\t\t\t\t<div class=\"e-con-inner\">\n\t\t\t\t<div class=\"elementor-element elementor-element-ee37df5 elementor-widget elementor-widget-heading\" data-id=\"ee37df5\" data-element_type=\"widget\" data-e-type=\"widget\" id=\"sommaire_g\" data-widget_type=\"heading.default\">\n\t\t\t\t\t<h5 class=\"elementor-heading-title elementor-size-default\"><a href=\"https:\/\/savoie-argentine.org\/es\/4362\/aqui-estamos-n32\/\">P\u00c1GINA 7 \u2013 MARAT\u00d3N DE LECTURA<\/a><\/h5>\t\t\t\t<\/div>\n\t\t\t\t\t<\/div>\n\t\t\t\t<\/div>\n\t\t<div class=\"elementor-element elementor-element-2ad16a2 e-flex e-con-boxed e-con e-parent\" data-id=\"2ad16a2\" data-element_type=\"container\" data-e-type=\"container\">\n\t\t\t\t\t<div class=\"e-con-inner\">\n\t\t\t\t<div class=\"elementor-element elementor-element-c82fcc3 elementor-widget elementor-widget-text-editor\" data-id=\"c82fcc3\" data-element_type=\"widget\" data-e-type=\"widget\" data-widget_type=\"text-editor.default\">\n\t\t\t\t\t\t\t\t\t<h3 data-start=\"253\" data-end=\"285\"><strong data-start=\"257\" data-end=\"285\">Marat\u00f3n de Lectura 2025<br><br><\/strong><\/h3><p data-start=\"287\" data-end=\"370\"><strong data-start=\"287\" data-end=\"298\">Tema:<\/strong> <em data-start=\"299\" data-end=\"370\">\u00abDel Lobo Feroz a Lord Voldemort: El A\u00f1o de los Antagonistas\u00bb<\/em><\/p><p data-start=\"372\" data-end=\"564\">Durante este marat\u00f3n de lecturas, tanto j\u00f3venes como mayores conocieron lobos y brujas, descubriendo que estos personajes no siempre son tan aterradores como pensamos.<\/p><p data-start=\"566\" data-end=\"882\">En la sala polivalente, las familias de la secci\u00f3n de infantil asistieron a la proyecci\u00f3n del cuento <em data-start=\"668\" data-end=\"696\">\u00ab\u00a1El lobo no est\u00e1 all\u00ed!\u00bb,<\/em> mientras que los ni\u00f1os mayores disfrutaron de la puesta en escena dramatizada de los relatos <em data-start=\"791\" data-end=\"815\">\u00abLa bruja Winnie\u00bb<\/em> y <em data-start=\"819\" data-end=\"841\">\u00abHansel y Gretel\u00bb,<\/em> interpretados por los propios ni\u00f1os.<\/p><p data-start=\"884\" data-end=\"1109\">En las diferentes salas, los participantes tambi\u00e9n pudieron crear marionetas de lobo, observar im\u00e1genes, leer relatos y debatir sobre estos famosos antagonistas, en un ambiente divertido y educativo.<\/p><p data-start=\"1111\" data-end=\"1313\">Agradecemos calurosamente a todas las familias su presencia y participaci\u00f3n, que hicieron posible compartir un <strong data-start=\"1236\" data-end=\"1312\">d\u00eda magn\u00edfico bajo el signo de la lectura y la imaginaci\u00f3n<\/strong>.<a href=\"https:\/\/savoie-argentine.org\/es\/4362\/aqui-estamos-n32\/\"><br><img decoding=\"async\" class=\"alignright wp-image-4388\" src=\"https:\/\/savoie-argentine.org\/wp-content\/uploads\/2025\/12\/sommaire-300x69.jpg\" alt=\"\" width=\"150\" height=\"34\" srcset=\"https:\/\/savoie-argentine.org\/wp-content\/uploads\/2025\/12\/sommaire-300x69.jpg 300w, https:\/\/savoie-argentine.org\/wp-content\/uploads\/2025\/12\/sommaire-1024x234.jpg 1024w, https:\/\/savoie-argentine.org\/wp-content\/uploads\/2025\/12\/sommaire-768x176.jpg 768w, https:\/\/savoie-argentine.org\/wp-content\/uploads\/2025\/12\/sommaire.jpg 1053w\" sizes=\"(max-width: 150px) 100vw, 150px\" \/><\/a><\/p>\t\t\t\t\t\t\t\t<\/div>\n\t\t\t\t\t<\/div>\n\t\t\t\t<\/div>\n\t\t<div class=\"elementor-element elementor-element-de09199 e-flex e-con-boxed e-con e-parent\" data-id=\"de09199\" data-element_type=\"container\" data-e-type=\"container\">\n\t\t\t\t\t<div class=\"e-con-inner\">\n\t\t\t\t<div class=\"elementor-element elementor-element-a3774d0 elementor-widget elementor-widget-image\" data-id=\"a3774d0\" data-element_type=\"widget\" data-e-type=\"widget\" data-widget_type=\"image.default\">\n\t\t\t\t\t\t\t\t\t\t\t\t\t\t\t\t<a href=\"https:\/\/savoie-argentine.org\/wp-content\/uploads\/2025\/12\/nous_voila_107.png\" data-elementor-open-lightbox=\"yes\" data-elementor-lightbox-title=\"nous_voila_107\" data-e-action-hash=\"#elementor-action%3Aaction%3Dlightbox%26settings%3DeyJpZCI6NDc3MCwidXJsIjoiaHR0cHM6XC9cL3Nhdm9pZS1hcmdlbnRpbmUub3JnXC93cC1jb250ZW50XC91cGxvYWRzXC8yMDI1XC8xMlwvbm91c192b2lsYV8xMDcucG5nIn0%3D\">\n\t\t\t\t\t\t\t<img loading=\"lazy\" decoding=\"async\" width=\"791\" height=\"1024\" src=\"https:\/\/savoie-argentine.org\/wp-content\/uploads\/2025\/12\/nous_voila_107-791x1024.png\" class=\"attachment-large size-large wp-image-4770\" alt=\"\" srcset=\"https:\/\/savoie-argentine.org\/wp-content\/uploads\/2025\/12\/nous_voila_107-791x1024.png 791w, https:\/\/savoie-argentine.org\/wp-content\/uploads\/2025\/12\/nous_voila_107-232x300.png 232w, https:\/\/savoie-argentine.org\/wp-content\/uploads\/2025\/12\/nous_voila_107-768x994.png 768w, https:\/\/savoie-argentine.org\/wp-content\/uploads\/2025\/12\/nous_voila_107-1187x1536.png 1187w, https:\/\/savoie-argentine.org\/wp-content\/uploads\/2025\/12\/nous_voila_107-1583x2048.png 1583w, https:\/\/savoie-argentine.org\/wp-content\/uploads\/2025\/12\/nous_voila_107-1320x1708.png 1320w, https:\/\/savoie-argentine.org\/wp-content\/uploads\/2025\/12\/nous_voila_107.png 1700w\" sizes=\"(max-width: 791px) 100vw, 791px\" \/>\t\t\t\t\t\t\t\t<\/a>\n\t\t\t\t\t\t\t\t\t\t\t\t\t\t\t<\/div>\n\t\t\t\t\t<\/div>\n\t\t\t\t<\/div>\n\t\t<div class=\"elementor-element elementor-element-2ac7fb9 e-flex e-con-boxed e-con e-parent\" data-id=\"2ac7fb9\" data-element_type=\"container\" data-e-type=\"container\">\n\t\t\t\t\t<div class=\"e-con-inner\">\n\t\t\t\t<div class=\"elementor-element elementor-element-b0ba0f2 elementor-widget elementor-widget-heading\" data-id=\"b0ba0f2\" data-element_type=\"widget\" data-e-type=\"widget\" id=\"sommaire_h\" data-widget_type=\"heading.default\">\n\t\t\t\t\t<h5 class=\"elementor-heading-title elementor-size-default\"><a href=\"https:\/\/savoie-argentine.org\/es\/4362\/aqui-estamos-n32\/\">P\u00c1GINA 8 \u2013 EL PRINCIPITO<\/a><\/h5>\t\t\t\t<\/div>\n\t\t\t\t\t<\/div>\n\t\t\t\t<\/div>\n\t\t<div class=\"elementor-element elementor-element-a42f84f e-flex e-con-boxed e-con e-parent\" data-id=\"a42f84f\" data-element_type=\"container\" data-e-type=\"container\">\n\t\t\t\t\t<div class=\"e-con-inner\">\n\t\t\t\t<div class=\"elementor-element elementor-element-a1b3d1c elementor-widget elementor-widget-text-editor\" data-id=\"a1b3d1c\" data-element_type=\"widget\" data-e-type=\"widget\" data-widget_type=\"text-editor.default\">\n\t\t\t\t\t\t\t\t\t<h3 data-start=\"276\" data-end=\"349\"><strong data-start=\"280\" data-end=\"349\">El Centro Saboyano de San Jos\u00e9 y su colecci\u00f3n del <em data-start=\"333\" data-end=\"347\">Principito<\/em><\/strong><\/h3><p data-start=\"351\" data-end=\"661\">El Centro Saboyano de San Jos\u00e9 se enorgullece de preservar una <strong data-start=\"411\" data-end=\"432\">colecci\u00f3n \u00fanica<\/strong> : m\u00e1s <strong data-start=\"443\" data-end=\"487\">de quinientas copias de El <em data-start=\"471\" data-end=\"485\">Principito<\/em><\/strong>, en lenguas y dialectos de todo el mundo. Esta valiosa colecci\u00f3n fue creada en <strong data-start=\"579\" data-end=\"587\">1996<\/strong>, con motivo del centenario de la Biblioteca General Popular de Urquiza.<\/p><p data-start=\"663\" data-end=\"905\">A lo largo de los a\u00f1os, estos libros han viajado de un continente a otro. Estos intercambios han hecho posible forjar amistades con algunos de los mayores coleccionistas internacionales de esta obra emblem\u00e1tica de <strong data-start=\"876\" data-end=\"904\">Antoine de Saint-Exup\u00e9ry<\/strong>. <\/p><p data-start=\"907\" data-end=\"1365\">Sin embargo, las dificultades econ\u00f3micas que experimenta nuestro pa\u00eds \u2014acentuadas durante el periodo pand\u00e9mico\u2014 nos llevaron, a partir del a\u00f1o 2000, a suspender el comercio con Europa. A pesar de ello, impulsamos con entusiasmo proyectos para enriquecer la colecci\u00f3n, en particular integrando copias en <strong data-start=\"1246\" data-end=\"1271\">lenguas amerindias<\/strong>, aportando una riqueza cultural y ling\u00fc\u00edstica adicional a este notable conjunto. <\/p><p data-start=\"1367\" data-end=\"1780\">El aumento constante en el n\u00famero de libros tambi\u00e9n nos llev\u00f3, durante un tiempo, a interrumpir las exposiciones p\u00fablicas. Sin embargo, este a\u00f1o, gracias a la iniciativa de nuestra nueva presidenta, <strong data-start=\"1585\" data-end=\"1604\">la profesora Leticia Ben\u00edtez<\/strong>, pudimos reconectar con estas presentaciones. Una selecci\u00f3n deliberadamente limitada pero representativa de libros se exhibi\u00f3 en una de las salas de idiomas del Centro.  <\/p><p data-start=\"1782\" data-end=\"2165\">Esta propuesta, dise\u00f1ada para <strong data-start=\"1817\" data-end=\"1848\">peque\u00f1os grupos de estudiantes<\/strong>, ha sido un verdadero \u00e9xito. Los primeros visitantes fueron los alumnos de la Escuela T\u00e9cnica n\u00ba <strong data-start=\"1962\" data-end=\"1982\">6 \u00abJuan Forclaz\u00bb,<\/strong> acompa\u00f1ados por su profesor de idiomas, <strong data-start=\"2027\" data-end=\"2049\">Magal\u00ed de la Calle<\/strong>. Asistieron los j\u00f3venes del <strong data-start=\"2099\" data-end=\"2117\">Instituto Ni\u00f1o Jes\u00fas D-6<\/strong>, quienes tambi\u00e9n agradecieron mucho la visita.<a href=\"https:\/\/savoie-argentine.org\/es\/4362\/aqui-estamos-n32\/\"><img decoding=\"async\" class=\"alignright wp-image-4388\" src=\"https:\/\/savoie-argentine.org\/wp-content\/uploads\/2025\/12\/sommaire-300x69.jpg\" alt=\"\" width=\"150\" height=\"34\" srcset=\"https:\/\/savoie-argentine.org\/wp-content\/uploads\/2025\/12\/sommaire-300x69.jpg 300w, https:\/\/savoie-argentine.org\/wp-content\/uploads\/2025\/12\/sommaire-1024x234.jpg 1024w, https:\/\/savoie-argentine.org\/wp-content\/uploads\/2025\/12\/sommaire-768x176.jpg 768w, https:\/\/savoie-argentine.org\/wp-content\/uploads\/2025\/12\/sommaire.jpg 1053w\" sizes=\"(max-width: 150px) 100vw, 150px\" \/><\/a><\/p>\t\t\t\t\t\t\t\t<\/div>\n\t\t\t\t\t<\/div>\n\t\t\t\t<\/div>\n\t\t<div class=\"elementor-element elementor-element-1e9197d e-flex e-con-boxed e-con e-parent\" data-id=\"1e9197d\" data-element_type=\"container\" data-e-type=\"container\">\n\t\t\t\t\t<div class=\"e-con-inner\">\n\t\t\t\t<div class=\"elementor-element elementor-element-3b5bf1a elementor-widget elementor-widget-image\" data-id=\"3b5bf1a\" data-element_type=\"widget\" data-e-type=\"widget\" data-widget_type=\"image.default\">\n\t\t\t\t\t\t\t\t\t\t\t\t\t\t\t\t<a href=\"https:\/\/savoie-argentine.org\/wp-content\/uploads\/2025\/12\/nous_voila_108.png\" data-elementor-open-lightbox=\"yes\" data-elementor-lightbox-title=\"nous_voila_108\" data-e-action-hash=\"#elementor-action%3Aaction%3Dlightbox%26settings%3DeyJpZCI6NDc3MSwidXJsIjoiaHR0cHM6XC9cL3Nhdm9pZS1hcmdlbnRpbmUub3JnXC93cC1jb250ZW50XC91cGxvYWRzXC8yMDI1XC8xMlwvbm91c192b2lsYV8xMDgucG5nIn0%3D\">\n\t\t\t\t\t\t\t<img loading=\"lazy\" decoding=\"async\" width=\"791\" height=\"1024\" src=\"https:\/\/savoie-argentine.org\/wp-content\/uploads\/2025\/12\/nous_voila_108-791x1024.png\" class=\"attachment-large size-large wp-image-4771\" alt=\"\" srcset=\"https:\/\/savoie-argentine.org\/wp-content\/uploads\/2025\/12\/nous_voila_108-791x1024.png 791w, https:\/\/savoie-argentine.org\/wp-content\/uploads\/2025\/12\/nous_voila_108-232x300.png 232w, https:\/\/savoie-argentine.org\/wp-content\/uploads\/2025\/12\/nous_voila_108-768x994.png 768w, https:\/\/savoie-argentine.org\/wp-content\/uploads\/2025\/12\/nous_voila_108-1187x1536.png 1187w, https:\/\/savoie-argentine.org\/wp-content\/uploads\/2025\/12\/nous_voila_108-1583x2048.png 1583w, https:\/\/savoie-argentine.org\/wp-content\/uploads\/2025\/12\/nous_voila_108-1320x1708.png 1320w, https:\/\/savoie-argentine.org\/wp-content\/uploads\/2025\/12\/nous_voila_108.png 1700w\" sizes=\"(max-width: 791px) 100vw, 791px\" \/>\t\t\t\t\t\t\t\t<\/a>\n\t\t\t\t\t\t\t\t\t\t\t\t\t\t\t<\/div>\n\t\t\t\t\t<\/div>\n\t\t\t\t<\/div>\n\t\t<div class=\"elementor-element elementor-element-b4a3f0f e-flex e-con-boxed e-con e-parent\" data-id=\"b4a3f0f\" data-element_type=\"container\" data-e-type=\"container\">\n\t\t\t\t\t<div class=\"e-con-inner\">\n\t\t\t\t<div class=\"elementor-element elementor-element-8922177 elementor-widget elementor-widget-heading\" data-id=\"8922177\" data-element_type=\"widget\" data-e-type=\"widget\" id=\"sommaire_i\" data-widget_type=\"heading.default\">\n\t\t\t\t\t<h5 class=\"elementor-heading-title elementor-size-default\"><a href=\"https:\/\/savoie-argentine.org\/es\/4362\/aqui-estamos-n32\/\">P\u00c1GINA 9 \u2013 TRANSMISI\u00d3N<\/a><\/h5>\t\t\t\t<\/div>\n\t\t\t\t\t<\/div>\n\t\t\t\t<\/div>\n\t\t<div class=\"elementor-element elementor-element-ba73d29 e-flex e-con-boxed e-con e-parent\" data-id=\"ba73d29\" data-element_type=\"container\" data-e-type=\"container\">\n\t\t\t\t\t<div class=\"e-con-inner\">\n\t\t\t\t<div class=\"elementor-element elementor-element-a557aa1 elementor-widget elementor-widget-text-editor\" data-id=\"a557aa1\" data-element_type=\"widget\" data-e-type=\"widget\" data-widget_type=\"text-editor.default\">\n\t\t\t\t\t\t\t\t\t<p>Esperamos con <strong data-start=\"255\" data-end=\"277\">gran entusiasmo<\/strong> poder reanudar estas visitas <strong data-start=\"326\" data-end=\"347\">el pr\u00f3ximo a\u00f1o<\/strong>, tras las vacaciones de verano, para seguir compartiendo con <strong data-start=\"411\" data-end=\"436\">las nuevas generaciones<\/strong> la magia y el mensaje universal de El <em data-start=\"473\" data-end=\"487\">Principito<\/em>.<a href=\"https:\/\/savoie-argentine.org\/es\/4362\/aqui-estamos-n32\/\"><br><img decoding=\"async\" class=\"alignright wp-image-4388\" src=\"https:\/\/savoie-argentine.org\/wp-content\/uploads\/2025\/12\/sommaire-300x69.jpg\" alt=\"\" width=\"150\" height=\"34\" srcset=\"https:\/\/savoie-argentine.org\/wp-content\/uploads\/2025\/12\/sommaire-300x69.jpg 300w, https:\/\/savoie-argentine.org\/wp-content\/uploads\/2025\/12\/sommaire-1024x234.jpg 1024w, https:\/\/savoie-argentine.org\/wp-content\/uploads\/2025\/12\/sommaire-768x176.jpg 768w, https:\/\/savoie-argentine.org\/wp-content\/uploads\/2025\/12\/sommaire.jpg 1053w\" sizes=\"(max-width: 150px) 100vw, 150px\" \/><\/a><\/p>\t\t\t\t\t\t\t\t<\/div>\n\t\t\t\t\t<\/div>\n\t\t\t\t<\/div>\n\t\t<div class=\"elementor-element elementor-element-ec1be3a e-flex e-con-boxed e-con e-parent\" data-id=\"ec1be3a\" data-element_type=\"container\" data-e-type=\"container\">\n\t\t\t\t\t<div class=\"e-con-inner\">\n\t\t\t\t<div class=\"elementor-element elementor-element-d0b532c elementor-widget elementor-widget-image\" data-id=\"d0b532c\" data-element_type=\"widget\" data-e-type=\"widget\" data-widget_type=\"image.default\">\n\t\t\t\t\t\t\t\t\t\t\t\t\t\t\t\t<a href=\"https:\/\/savoie-argentine.org\/wp-content\/uploads\/2025\/12\/nous_voila_110.png\" data-elementor-open-lightbox=\"yes\" data-elementor-lightbox-title=\"nous_voila_110\" data-e-action-hash=\"#elementor-action%3Aaction%3Dlightbox%26settings%3DeyJpZCI6NDc3MiwidXJsIjoiaHR0cHM6XC9cL3Nhdm9pZS1hcmdlbnRpbmUub3JnXC93cC1jb250ZW50XC91cGxvYWRzXC8yMDI1XC8xMlwvbm91c192b2lsYV8xMTAucG5nIn0%3D\">\n\t\t\t\t\t\t\t<img loading=\"lazy\" decoding=\"async\" width=\"791\" height=\"1024\" src=\"https:\/\/savoie-argentine.org\/wp-content\/uploads\/2025\/12\/nous_voila_110-791x1024.png\" class=\"attachment-large size-large wp-image-4772\" alt=\"\" srcset=\"https:\/\/savoie-argentine.org\/wp-content\/uploads\/2025\/12\/nous_voila_110-791x1024.png 791w, https:\/\/savoie-argentine.org\/wp-content\/uploads\/2025\/12\/nous_voila_110-232x300.png 232w, https:\/\/savoie-argentine.org\/wp-content\/uploads\/2025\/12\/nous_voila_110-768x994.png 768w, https:\/\/savoie-argentine.org\/wp-content\/uploads\/2025\/12\/nous_voila_110-1187x1536.png 1187w, https:\/\/savoie-argentine.org\/wp-content\/uploads\/2025\/12\/nous_voila_110-1583x2048.png 1583w, https:\/\/savoie-argentine.org\/wp-content\/uploads\/2025\/12\/nous_voila_110-1320x1708.png 1320w, https:\/\/savoie-argentine.org\/wp-content\/uploads\/2025\/12\/nous_voila_110.png 1700w\" sizes=\"(max-width: 791px) 100vw, 791px\" \/>\t\t\t\t\t\t\t\t<\/a>\n\t\t\t\t\t\t\t\t\t\t\t\t\t\t\t<\/div>\n\t\t\t\t\t<\/div>\n\t\t\t\t<\/div>\n\t\t<div class=\"elementor-element elementor-element-5ebe741 e-flex e-con-boxed e-con e-parent\" data-id=\"5ebe741\" data-element_type=\"container\" data-e-type=\"container\">\n\t\t\t\t\t<div class=\"e-con-inner\">\n\t\t\t\t<div class=\"elementor-element elementor-element-ad49715 elementor-widget elementor-widget-heading\" data-id=\"ad49715\" data-element_type=\"widget\" data-e-type=\"widget\" id=\"sommaire_j\" data-widget_type=\"heading.default\">\n\t\t\t\t\t<h5 class=\"elementor-heading-title elementor-size-default\"><a href=\"https:\/\/savoie-argentine.org\/es\/4362\/aqui-estamos-n32\/\">P\u00c1GINA 10 \u2013 MARCHA DE TAMBORES<\/a><\/h5>\t\t\t\t<\/div>\n\t\t\t\t\t<\/div>\n\t\t\t\t<\/div>\n\t\t<div class=\"elementor-element elementor-element-092cc94 e-flex e-con-boxed e-con e-parent\" data-id=\"092cc94\" data-element_type=\"container\" data-e-type=\"container\">\n\t\t\t\t\t<div class=\"e-con-inner\">\n\t\t\t\t<div class=\"elementor-element elementor-element-a13c882 elementor-widget elementor-widget-text-editor\" data-id=\"a13c882\" data-element_type=\"widget\" data-e-type=\"widget\" data-widget_type=\"text-editor.default\">\n\t\t\t\t\t\t\t\t\t<h3 data-start=\"269\" data-end=\"325\"><strong data-start=\"273\" data-end=\"325\">Drum March of the Little \u2013 6\u00aa edici\u00f3n (2025)<\/strong><\/h3><p data-start=\"327\" data-end=\"527\">El 9 de <strong data-start=\"330\" data-end=\"344\">noviembre<\/strong>, la <strong data-start=\"349\" data-end=\"403\">sexta edici\u00f3n de la Marca de los Tambores du Petit<\/strong> tuvo lugar en un ambiente c\u00e1lido y popular, ante una gran audiencia que llen\u00f3 los <strong data-start=\"505\" data-end=\"526\">Salones Multieventos<\/strong>.<\/p><p data-start=\"529\" data-end=\"788\">Este evento, que se celebra cada a\u00f1o con motivo <strong data-start=\"585\" data-end=\"612\">del D\u00eda de la Tradici\u00f3n<\/strong>, rinde homenaje a <strong data-start=\"629\" data-end=\"647\">Jos\u00e9 Hern\u00e1ndez<\/strong>, autor del famoso poema izquierdista <em data-start=\"684\" data-end=\"699\">Mart\u00edn Fierro<\/em>, una obra importante de la literatura argentina y un verdadero s\u00edmbolo de identidad nacional.<\/p><p data-start=\"790\" data-end=\"1014\">Ritmos, encuentros y compartir marcaron una vez m\u00e1s este evento, que a lo largo de los a\u00f1os se ha convertido en un evento muy esperado, celebrando la cultura, la memoria y las tradiciones populares en un esp\u00edritu de convivencia.<a href=\"https:\/\/savoie-argentine.org\/es\/4362\/aqui-estamos-n32\/\"><br><img decoding=\"async\" class=\"alignright wp-image-4388\" src=\"https:\/\/savoie-argentine.org\/wp-content\/uploads\/2025\/12\/sommaire-300x69.jpg\" alt=\"\" width=\"150\" height=\"34\" srcset=\"https:\/\/savoie-argentine.org\/wp-content\/uploads\/2025\/12\/sommaire-300x69.jpg 300w, https:\/\/savoie-argentine.org\/wp-content\/uploads\/2025\/12\/sommaire-1024x234.jpg 1024w, https:\/\/savoie-argentine.org\/wp-content\/uploads\/2025\/12\/sommaire-768x176.jpg 768w, https:\/\/savoie-argentine.org\/wp-content\/uploads\/2025\/12\/sommaire.jpg 1053w\" sizes=\"(max-width: 150px) 100vw, 150px\" \/><\/a><\/p>\t\t\t\t\t\t\t\t<\/div>\n\t\t\t\t\t<\/div>\n\t\t\t\t<\/div>\n\t\t<div class=\"elementor-element elementor-element-ad6e2ae e-flex e-con-boxed e-con e-parent\" data-id=\"ad6e2ae\" data-element_type=\"container\" data-e-type=\"container\">\n\t\t\t\t\t<div class=\"e-con-inner\">\n\t\t\t\t<div class=\"elementor-element elementor-element-f4b8f11 elementor-widget elementor-widget-image\" data-id=\"f4b8f11\" data-element_type=\"widget\" data-e-type=\"widget\" data-widget_type=\"image.default\">\n\t\t\t\t\t\t\t\t\t\t\t\t\t\t\t\t<a href=\"https:\/\/savoie-argentine.org\/wp-content\/uploads\/2025\/12\/nous_voila_111.png\" data-elementor-open-lightbox=\"yes\" data-elementor-lightbox-title=\"nous_voila_111\" data-e-action-hash=\"#elementor-action%3Aaction%3Dlightbox%26settings%3DeyJpZCI6NDc3MywidXJsIjoiaHR0cHM6XC9cL3Nhdm9pZS1hcmdlbnRpbmUub3JnXC93cC1jb250ZW50XC91cGxvYWRzXC8yMDI1XC8xMlwvbm91c192b2lsYV8xMTEucG5nIn0%3D\">\n\t\t\t\t\t\t\t<img loading=\"lazy\" decoding=\"async\" width=\"791\" height=\"1024\" src=\"https:\/\/savoie-argentine.org\/wp-content\/uploads\/2025\/12\/nous_voila_111-791x1024.png\" class=\"attachment-large size-large wp-image-4773\" alt=\"\" srcset=\"https:\/\/savoie-argentine.org\/wp-content\/uploads\/2025\/12\/nous_voila_111-791x1024.png 791w, https:\/\/savoie-argentine.org\/wp-content\/uploads\/2025\/12\/nous_voila_111-232x300.png 232w, https:\/\/savoie-argentine.org\/wp-content\/uploads\/2025\/12\/nous_voila_111-768x994.png 768w, https:\/\/savoie-argentine.org\/wp-content\/uploads\/2025\/12\/nous_voila_111-1187x1536.png 1187w, https:\/\/savoie-argentine.org\/wp-content\/uploads\/2025\/12\/nous_voila_111-1583x2048.png 1583w, https:\/\/savoie-argentine.org\/wp-content\/uploads\/2025\/12\/nous_voila_111-1320x1708.png 1320w, https:\/\/savoie-argentine.org\/wp-content\/uploads\/2025\/12\/nous_voila_111.png 1700w\" sizes=\"(max-width: 791px) 100vw, 791px\" \/>\t\t\t\t\t\t\t\t<\/a>\n\t\t\t\t\t\t\t\t\t\t\t\t\t\t\t<\/div>\n\t\t\t\t\t<\/div>\n\t\t\t\t<\/div>\n\t\t<div class=\"elementor-element elementor-element-7f722ca e-flex e-con-boxed e-con e-parent\" data-id=\"7f722ca\" data-element_type=\"container\" data-e-type=\"container\">\n\t\t\t\t\t<div class=\"e-con-inner\">\n\t\t\t\t<div class=\"elementor-element elementor-element-fc7fb7a elementor-widget elementor-widget-heading\" data-id=\"fc7fb7a\" data-element_type=\"widget\" data-e-type=\"widget\" id=\"sommaire_k\" data-widget_type=\"heading.default\">\n\t\t\t\t\t<h5 class=\"elementor-heading-title elementor-size-default\"><a href=\"https:\/\/savoie-argentine.org\/es\/4362\/aqui-estamos-n32\/\">P\u00c1GINA 11 \u2013 FOTOS<\/a><\/h5>\t\t\t\t<\/div>\n\t\t\t\t\t<\/div>\n\t\t\t\t<\/div>\n\t\t<div class=\"elementor-element elementor-element-10b1751 e-flex e-con-boxed e-con e-parent\" data-id=\"10b1751\" data-element_type=\"container\" data-e-type=\"container\">\n\t\t\t\t\t<div class=\"e-con-inner\">\n\t\t\t\t<div class=\"elementor-element elementor-element-10d553b elementor-widget elementor-widget-text-editor\" data-id=\"10d553b\" data-element_type=\"widget\" data-e-type=\"widget\" data-widget_type=\"text-editor.default\">\n\t\t\t\t\t\t\t\t\t<p>Esta p\u00e1gina muestra en im\u00e1genes los momentos destacados de la <strong data-start=\"265\" data-end=\"297\">Marca de los Tambours du Petit<\/strong>, ampliando el ambiente festivo y acogedor de este popular evento, ahora bien anclado en la vida cultural local.<a href=\"https:\/\/savoie-argentine.org\/es\/4362\/aqui-estamos-n32\/\"><br><img decoding=\"async\" class=\"alignright wp-image-4388\" src=\"https:\/\/savoie-argentine.org\/wp-content\/uploads\/2025\/12\/sommaire-300x69.jpg\" alt=\"\" width=\"150\" height=\"34\" srcset=\"https:\/\/savoie-argentine.org\/wp-content\/uploads\/2025\/12\/sommaire-300x69.jpg 300w, https:\/\/savoie-argentine.org\/wp-content\/uploads\/2025\/12\/sommaire-1024x234.jpg 1024w, https:\/\/savoie-argentine.org\/wp-content\/uploads\/2025\/12\/sommaire-768x176.jpg 768w, https:\/\/savoie-argentine.org\/wp-content\/uploads\/2025\/12\/sommaire.jpg 1053w\" sizes=\"(max-width: 150px) 100vw, 150px\" \/><\/a><\/p>\t\t\t\t\t\t\t\t<\/div>\n\t\t\t\t\t<\/div>\n\t\t\t\t<\/div>\n\t\t<div class=\"elementor-element elementor-element-be097ad e-flex e-con-boxed e-con e-parent\" data-id=\"be097ad\" data-element_type=\"container\" data-e-type=\"container\">\n\t\t\t\t\t<div class=\"e-con-inner\">\n\t\t\t\t<div class=\"elementor-element elementor-element-ad65532 elementor-widget elementor-widget-image\" data-id=\"ad65532\" data-element_type=\"widget\" data-e-type=\"widget\" data-widget_type=\"image.default\">\n\t\t\t\t\t\t\t\t\t\t\t\t\t\t\t\t<a href=\"https:\/\/savoie-argentine.org\/wp-content\/uploads\/2025\/12\/nous_voila_112.png\" data-elementor-open-lightbox=\"yes\" data-elementor-lightbox-title=\"nous_voila_112\" data-e-action-hash=\"#elementor-action%3Aaction%3Dlightbox%26settings%3DeyJpZCI6NDc3NCwidXJsIjoiaHR0cHM6XC9cL3Nhdm9pZS1hcmdlbnRpbmUub3JnXC93cC1jb250ZW50XC91cGxvYWRzXC8yMDI1XC8xMlwvbm91c192b2lsYV8xMTIucG5nIn0%3D\">\n\t\t\t\t\t\t\t<img loading=\"lazy\" decoding=\"async\" width=\"791\" height=\"1024\" src=\"https:\/\/savoie-argentine.org\/wp-content\/uploads\/2025\/12\/nous_voila_112-791x1024.png\" class=\"attachment-large size-large wp-image-4774\" alt=\"\" srcset=\"https:\/\/savoie-argentine.org\/wp-content\/uploads\/2025\/12\/nous_voila_112-791x1024.png 791w, https:\/\/savoie-argentine.org\/wp-content\/uploads\/2025\/12\/nous_voila_112-232x300.png 232w, https:\/\/savoie-argentine.org\/wp-content\/uploads\/2025\/12\/nous_voila_112-768x994.png 768w, https:\/\/savoie-argentine.org\/wp-content\/uploads\/2025\/12\/nous_voila_112-1187x1536.png 1187w, https:\/\/savoie-argentine.org\/wp-content\/uploads\/2025\/12\/nous_voila_112-1583x2048.png 1583w, https:\/\/savoie-argentine.org\/wp-content\/uploads\/2025\/12\/nous_voila_112-1320x1708.png 1320w, https:\/\/savoie-argentine.org\/wp-content\/uploads\/2025\/12\/nous_voila_112.png 1700w\" sizes=\"(max-width: 791px) 100vw, 791px\" \/>\t\t\t\t\t\t\t\t<\/a>\n\t\t\t\t\t\t\t\t\t\t\t\t\t\t\t<\/div>\n\t\t\t\t\t<\/div>\n\t\t\t\t<\/div>\n\t\t<div class=\"elementor-element elementor-element-ff87786 e-flex e-con-boxed e-con e-parent\" data-id=\"ff87786\" data-element_type=\"container\" data-e-type=\"container\">\n\t\t\t\t\t<div class=\"e-con-inner\">\n\t\t\t\t<div class=\"elementor-element elementor-element-6d2eb1a elementor-widget elementor-widget-heading\" data-id=\"6d2eb1a\" data-element_type=\"widget\" data-e-type=\"widget\" id=\"sommaire_l\" data-widget_type=\"heading.default\">\n\t\t\t\t\t<h5 class=\"elementor-heading-title elementor-size-default\"><a href=\"https:\/\/savoie-argentine.org\/es\/4362\/aqui-estamos-n32\/\">P\u00c1GINA 12 \u2013 MEMORIA MIGRATORIA<\/a><\/h5>\t\t\t\t<\/div>\n\t\t\t\t\t<\/div>\n\t\t\t\t<\/div>\n\t\t<div class=\"elementor-element elementor-element-4fde587 e-flex e-con-boxed e-con e-parent\" data-id=\"4fde587\" data-element_type=\"container\" data-e-type=\"container\">\n\t\t\t\t\t<div class=\"e-con-inner\">\n\t\t\t\t<div class=\"elementor-element elementor-element-cc0dc72 elementor-widget elementor-widget-text-editor\" data-id=\"cc0dc72\" data-element_type=\"widget\" data-e-type=\"widget\" data-widget_type=\"text-editor.default\">\n\t\t\t\t\t\t\t\t\t<h3 data-start=\"547\" data-end=\"615\"><strong data-start=\"551\" data-end=\"615\">Conferencia sobre el hundimiento del <em data-start=\"583\" data-end=\"592\">Galileo<\/em> y sus protagonistas<\/strong><\/h3><p data-start=\"617\" data-end=\"1037\">A pesar de la tragedia, muchos pasajeros lograron llegar a la colonia por otros medios y se establecieron all\u00ed de forma permanente, contribuyendo con su trabajo y esfuerzos al desarrollo de la comunidad.<br data-start=\"826\" data-end=\"829\"><strong data-start=\"829\" data-end=\"847\">Carlos Dutruel<\/strong>, acompa\u00f1ado por su esposa <strong data-start=\"874\" data-end=\"898\">Antoinette Echernier<\/strong>, sus hijos y un sobrino, decidi\u00f3 regresar al a\u00f1o siguiente a <strong data-start=\"982\" data-end=\"996\">Montevideo<\/strong>, donde la familia se estableci\u00f3 de forma permanente.<\/p><p data-start=\"1039\" data-end=\"1406\">El <strong data-start=\"1042\" data-end=\"1064\">s\u00e1bado 15 de noviembre<\/strong> tuvimos el privilegio de dar la bienvenida <strong data-start=\"1135\" data-end=\"1161\">a Fernando Correa Alsina<\/strong>, descendiente directo de <strong data-start=\"1184\" data-end=\"1202\">Carlos Dutruel<\/strong>, en nuestra instituci\u00f3n. Nos ofreci\u00f3 una conferencia fascinante dedicada al hundimiento del <em data-start=\"1275\" data-end=\"1284\">Galileo<\/em>, rindiendo homenaje a la memoria de estos inmigrantes que, con valent\u00eda y esperanza, fueron actores en los comienzos de nuestra historia.<\/p><p data-start=\"1408\" data-end=\"1626\">En <strong data-start=\"1411\" data-end=\"1419\">1861<\/strong>, el barco <em data-start=\"1431\" data-end=\"1443\">El Galileo<\/em> naufrag\u00f3 frente a la costa de <strong data-start=\"1479\" data-end=\"1493\">Montevideo<\/strong>. A bordo iban muchos inmigrantes saboyanos de camino a la incipiente <strong data-start=\"1582\" data-end=\"1602\">colonia de San Jos\u00e9<\/strong>. Entre ellos estaban:<\/p><p data-start=\"1628\" data-end=\"1840\"><strong data-start=\"1628\" data-end=\"1840\">Isidro Bordet, Sim\u00f3n Augusto Laurent, Mario Chatelain, Francisco Guionnet,<br data-start=\"1704\" data-end=\"1707\">Carlos Emmanuel Gallay, Francisco Lugrin, Jos\u00e9 Maillet, Jos\u00e9 Paccot,<br data-start=\"1775\" data-end=\"1778\">Cirilo Richard, Francisco Borget y Carlos Emmanuel Dutruel.<\/strong><\/p><p data-start=\"1842\" data-end=\"2093\">A trav\u00e9s de esta reuni\u00f3n, el Centro Saboyano de San Jos\u00e9 contin\u00faa comprometido con <strong data-start=\"1926\" data-end=\"1961\">la preservaci\u00f3n de la memoria migratoria<\/strong>, la transmisi\u00f3n de las historias fundacionales y la vida de las familias que contribuyeron al nacimiento de nuestra comunidad.<a href=\"https:\/\/savoie-argentine.org\/es\/4362\/aqui-estamos-n32\/\"><img decoding=\"async\" class=\"alignright wp-image-4388\" src=\"https:\/\/savoie-argentine.org\/wp-content\/uploads\/2025\/12\/sommaire-300x69.jpg\" alt=\"\" width=\"150\" height=\"34\" srcset=\"https:\/\/savoie-argentine.org\/wp-content\/uploads\/2025\/12\/sommaire-300x69.jpg 300w, https:\/\/savoie-argentine.org\/wp-content\/uploads\/2025\/12\/sommaire-1024x234.jpg 1024w, https:\/\/savoie-argentine.org\/wp-content\/uploads\/2025\/12\/sommaire-768x176.jpg 768w, https:\/\/savoie-argentine.org\/wp-content\/uploads\/2025\/12\/sommaire.jpg 1053w\" sizes=\"(max-width: 150px) 100vw, 150px\" \/><\/a><\/p>\t\t\t\t\t\t\t\t<\/div>\n\t\t\t\t\t<\/div>\n\t\t\t\t<\/div>\n\t\t<div class=\"elementor-element elementor-element-a916bf0 e-flex e-con-boxed e-con e-parent\" data-id=\"a916bf0\" data-element_type=\"container\" data-e-type=\"container\">\n\t\t\t\t\t<div class=\"e-con-inner\">\n\t\t\t\t<div class=\"elementor-element elementor-element-d81afa6 elementor-widget elementor-widget-image\" data-id=\"d81afa6\" data-element_type=\"widget\" data-e-type=\"widget\" data-widget_type=\"image.default\">\n\t\t\t\t\t\t\t\t\t\t\t\t\t\t\t\t<a href=\"https:\/\/savoie-argentine.org\/wp-content\/uploads\/2025\/12\/nous_voila_113.png\" data-elementor-open-lightbox=\"yes\" data-elementor-lightbox-title=\"nous_voila_113\" data-e-action-hash=\"#elementor-action%3Aaction%3Dlightbox%26settings%3DeyJpZCI6NDc3NSwidXJsIjoiaHR0cHM6XC9cL3Nhdm9pZS1hcmdlbnRpbmUub3JnXC93cC1jb250ZW50XC91cGxvYWRzXC8yMDI1XC8xMlwvbm91c192b2lsYV8xMTMucG5nIn0%3D\">\n\t\t\t\t\t\t\t<img loading=\"lazy\" decoding=\"async\" width=\"791\" height=\"1024\" src=\"https:\/\/savoie-argentine.org\/wp-content\/uploads\/2025\/12\/nous_voila_113-791x1024.png\" class=\"attachment-large size-large wp-image-4775\" alt=\"\" srcset=\"https:\/\/savoie-argentine.org\/wp-content\/uploads\/2025\/12\/nous_voila_113-791x1024.png 791w, https:\/\/savoie-argentine.org\/wp-content\/uploads\/2025\/12\/nous_voila_113-232x300.png 232w, https:\/\/savoie-argentine.org\/wp-content\/uploads\/2025\/12\/nous_voila_113-768x994.png 768w, https:\/\/savoie-argentine.org\/wp-content\/uploads\/2025\/12\/nous_voila_113-1187x1536.png 1187w, https:\/\/savoie-argentine.org\/wp-content\/uploads\/2025\/12\/nous_voila_113-1583x2048.png 1583w, https:\/\/savoie-argentine.org\/wp-content\/uploads\/2025\/12\/nous_voila_113-1320x1708.png 1320w, https:\/\/savoie-argentine.org\/wp-content\/uploads\/2025\/12\/nous_voila_113.png 1700w\" sizes=\"(max-width: 791px) 100vw, 791px\" \/>\t\t\t\t\t\t\t\t<\/a>\n\t\t\t\t\t\t\t\t\t\t\t\t\t\t\t<\/div>\n\t\t\t\t\t<\/div>\n\t\t\t\t<\/div>\n\t\t<div class=\"elementor-element elementor-element-a7c3232 e-flex e-con-boxed e-con e-parent\" data-id=\"a7c3232\" data-element_type=\"container\" data-e-type=\"container\">\n\t\t\t\t\t<div class=\"e-con-inner\">\n\t\t\t\t<div class=\"elementor-element elementor-element-5e0ac7b elementor-widget elementor-widget-heading\" data-id=\"5e0ac7b\" data-element_type=\"widget\" data-e-type=\"widget\" id=\"sommaire_m\" data-widget_type=\"heading.default\">\n\t\t\t\t\t<h5 class=\"elementor-heading-title elementor-size-default\"><a href=\"https:\/\/savoie-argentine.org\/es\/4362\/aqui-estamos-n32\/\">P\u00c1GINA 13 \u2013 RETRATO<\/a><\/h5>\t\t\t\t<\/div>\n\t\t\t\t\t<\/div>\n\t\t\t\t<\/div>\n\t\t<div class=\"elementor-element elementor-element-a60e285 e-flex e-con-boxed e-con e-parent\" data-id=\"a60e285\" data-element_type=\"container\" data-e-type=\"container\">\n\t\t\t\t\t<div class=\"e-con-inner\">\n\t\t\t\t<div class=\"elementor-element elementor-element-413bd23 elementor-widget elementor-widget-text-editor\" data-id=\"413bd23\" data-element_type=\"widget\" data-e-type=\"widget\" data-widget_type=\"text-editor.default\">\n\t\t\t\t\t\t\t\t\t<h3 data-start=\"369\" data-end=\"399\"><strong data-start=\"373\" data-end=\"399\">Fernando Correa Alsina<\/strong><\/h3><p data-start=\"401\" data-end=\"616\">Economista uruguayo, formado en <strong data-start=\"433\" data-end=\"464\">la Universidad de la Rep\u00fablica<\/strong> y en la <strong data-start=\"472\" data-end=\"495\">Universidad de Chile<\/strong>, donde obtuvo las m\u00e1s altas distinciones, <strong data-start=\"542\" data-end=\"568\">Fernando Correa Alsina<\/strong> es a la vez docente, investigador y pensador.<\/p><p data-start=\"618\" data-end=\"838\">Ha convertido la econom\u00eda en una herramienta para comprender la vida cotidiana y sus equilibrios a menudo invisibles. Entre los n\u00fameros y las palabras, siempre busca revelar la dimensi\u00f3n humana detr\u00e1s de cada estad\u00edstica. <\/p><p data-start=\"840\" data-end=\"1026\">Su carrera combina rigor acad\u00e9mico con una mirada sensible al interior profundo, donde la econom\u00eda deja de ser una abstracci\u00f3n para convertirse <strong data-start=\"983\" data-end=\"1025\">en historia, territorio y destino compartido<\/strong>.<a href=\"https:\/\/savoie-argentine.org\/es\/4362\/aqui-estamos-n32\/\"><br><img decoding=\"async\" class=\"alignright wp-image-4388\" src=\"https:\/\/savoie-argentine.org\/wp-content\/uploads\/2025\/12\/sommaire-300x69.jpg\" alt=\"\" width=\"150\" height=\"34\" srcset=\"https:\/\/savoie-argentine.org\/wp-content\/uploads\/2025\/12\/sommaire-300x69.jpg 300w, https:\/\/savoie-argentine.org\/wp-content\/uploads\/2025\/12\/sommaire-1024x234.jpg 1024w, https:\/\/savoie-argentine.org\/wp-content\/uploads\/2025\/12\/sommaire-768x176.jpg 768w, https:\/\/savoie-argentine.org\/wp-content\/uploads\/2025\/12\/sommaire.jpg 1053w\" sizes=\"(max-width: 150px) 100vw, 150px\" \/><\/a><\/p>\t\t\t\t\t\t\t\t<\/div>\n\t\t\t\t\t<\/div>\n\t\t\t\t<\/div>\n\t\t<div class=\"elementor-element elementor-element-234163c e-flex e-con-boxed e-con e-parent\" data-id=\"234163c\" data-element_type=\"container\" data-e-type=\"container\">\n\t\t\t\t\t<div class=\"e-con-inner\">\n\t\t\t\t<div class=\"elementor-element elementor-element-c821cde elementor-widget elementor-widget-image\" data-id=\"c821cde\" data-element_type=\"widget\" data-e-type=\"widget\" data-widget_type=\"image.default\">\n\t\t\t\t\t\t\t\t\t\t\t\t\t\t\t\t<a href=\"https:\/\/savoie-argentine.org\/wp-content\/uploads\/2025\/12\/nous_voila_114.png\" data-elementor-open-lightbox=\"yes\" data-elementor-lightbox-title=\"nous_voila_114\" data-e-action-hash=\"#elementor-action%3Aaction%3Dlightbox%26settings%3DeyJpZCI6NDc3NiwidXJsIjoiaHR0cHM6XC9cL3Nhdm9pZS1hcmdlbnRpbmUub3JnXC93cC1jb250ZW50XC91cGxvYWRzXC8yMDI1XC8xMlwvbm91c192b2lsYV8xMTQucG5nIn0%3D\">\n\t\t\t\t\t\t\t<img loading=\"lazy\" decoding=\"async\" width=\"791\" height=\"1024\" src=\"https:\/\/savoie-argentine.org\/wp-content\/uploads\/2025\/12\/nous_voila_114-791x1024.png\" class=\"attachment-large size-large wp-image-4776\" alt=\"\" srcset=\"https:\/\/savoie-argentine.org\/wp-content\/uploads\/2025\/12\/nous_voila_114-791x1024.png 791w, https:\/\/savoie-argentine.org\/wp-content\/uploads\/2025\/12\/nous_voila_114-232x300.png 232w, https:\/\/savoie-argentine.org\/wp-content\/uploads\/2025\/12\/nous_voila_114-768x994.png 768w, https:\/\/savoie-argentine.org\/wp-content\/uploads\/2025\/12\/nous_voila_114-1187x1536.png 1187w, https:\/\/savoie-argentine.org\/wp-content\/uploads\/2025\/12\/nous_voila_114-1583x2048.png 1583w, https:\/\/savoie-argentine.org\/wp-content\/uploads\/2025\/12\/nous_voila_114-1320x1708.png 1320w, https:\/\/savoie-argentine.org\/wp-content\/uploads\/2025\/12\/nous_voila_114.png 1700w\" sizes=\"(max-width: 791px) 100vw, 791px\" \/>\t\t\t\t\t\t\t\t<\/a>\n\t\t\t\t\t\t\t\t\t\t\t\t\t\t\t<\/div>\n\t\t\t\t\t<\/div>\n\t\t\t\t<\/div>\n\t\t<div class=\"elementor-element elementor-element-5f1d8bf e-flex e-con-boxed e-con e-parent\" data-id=\"5f1d8bf\" data-element_type=\"container\" data-e-type=\"container\">\n\t\t\t\t\t<div class=\"e-con-inner\">\n\t\t\t\t<div class=\"elementor-element elementor-element-e590986 elementor-widget elementor-widget-heading\" data-id=\"e590986\" data-element_type=\"widget\" data-e-type=\"widget\" id=\"sommaire_n\" data-widget_type=\"heading.default\">\n\t\t\t\t\t<h5 class=\"elementor-heading-title elementor-size-default\"><a href=\"https:\/\/savoie-argentine.org\/es\/4362\/aqui-estamos-n32\/\">P\u00c1GINA 14 \u2013 ENLACE SABOYA\u2013ARGENTINA<\/a><\/h5>\t\t\t\t<\/div>\n\t\t\t\t\t<\/div>\n\t\t\t\t<\/div>\n\t\t<div class=\"elementor-element elementor-element-df8fe4f e-flex e-con-boxed e-con e-parent\" data-id=\"df8fe4f\" data-element_type=\"container\" data-e-type=\"container\">\n\t\t\t\t\t<div class=\"e-con-inner\">\n\t\t\t\t<div class=\"elementor-element elementor-element-40ed378 elementor-widget elementor-widget-text-editor\" data-id=\"40ed378\" data-element_type=\"widget\" data-e-type=\"widget\" data-widget_type=\"text-editor.default\">\n\t\t\t\t\t\t\t\t\t<h3 data-start=\"1150\" data-end=\"1216\"><strong data-start=\"1154\" data-end=\"1216\">Visita de representantes de la Asociaci\u00f3n Saboya-Argentina<\/strong><\/h3><p data-start=\"1218\" data-end=\"1392\">Los <strong data-start=\"1222\" data-end=\"1243\">d\u00edas 1 y 2 de diciembre<\/strong>, el Centro Saboyano de San Jos\u00e9 tuvo el placer de dar la bienvenida a los miembros del nuevo comit\u00e9 directivo de la <strong data-start=\"1359\" data-end=\"1391\">Asociaci\u00f3n Saboya-Argentina<\/strong>.<\/p><p data-start=\"1394\" data-end=\"1557\">La delegaci\u00f3n estuvo encabezada por su nuevo presidente, <strong data-start=\"1450\" data-end=\"1469\">el Sr. Guy Pasquier<\/strong>, acompa\u00f1ado por <strong data-start=\"1485\" data-end=\"1509\">el Sr. Fran\u00e7ois Birraux<\/strong>, <strong data-start=\"1511\" data-end=\"1532\">el Sr. Chantal Bettschen<\/strong> y <strong data-start=\"1536\" data-end=\"1556\">el Sr. Denise Anthonioz<\/strong>.<\/p><p data-start=\"1559\" data-end=\"1871\">El primer d\u00eda, la nueva presidenta del Centro Saboyano de San Jos\u00e9, la profesora <strong data-start=\"1658\" data-end=\"1677\">Leticia Ben\u00edtez<\/strong>, les dio la bienvenida y present\u00f3 un v\u00eddeo institucional que repasaba <strong data-start=\"1757\" data-end=\"1782\">25 a\u00f1os de actividad<\/strong> desde la inauguraci\u00f3n del edificio actual, situado en la esquina de las calles Urquiza y Sarmiento.<\/p><p data-start=\"1873\" data-end=\"2289\">Este documento destac\u00f3 la construcci\u00f3n e inauguraci\u00f3n del Centro, los cursos de idiomas, las exposiciones, los conciertos y, en particular, la participaci\u00f3n de los ni\u00f1os del jard\u00edn <strong data-start=\"2065\" data-end=\"2082\">P&#8217;tit Poisson<\/strong>. Su presencia siempre aporta una nota de color y emoci\u00f3n durante el izado de las banderas argentina y francesa, la interpretaci\u00f3n de los himnos nacionales, as\u00ed como <strong data-start=\"2254\" data-end=\"2272\">Les Allobroges<\/strong>, un himno saboyano.<\/p><p data-start=\"2291\" data-end=\"2694\">Durante el segundo d\u00eda, <strong data-start=\"2323\" data-end=\"2338\">el Sr. Pasquier<\/strong> present\u00f3 las principales orientaciones laborales previstas para su mandato, as\u00ed como las modalidades para la presentaci\u00f3n de proyectos. Tambi\u00e9n indic\u00f3 que, a pesar del cese del apoyo del Consejo Departamental de Alta Saboya, la asociaci\u00f3n sigue desarroll\u00e1ndose gracias a la llegada de nuevos miembros y a la b\u00fasqueda de asociaciones con empresas.<\/p><p data-start=\"2696\" data-end=\"2988\">Ese mismo d\u00eda, el Centro tambi\u00e9n recibi\u00f3 la visita del <strong data-start=\"2750\" data-end=\"2791\">alcalde de San Jos\u00e9, el se\u00f1or Gustavo Basti\u00e1n<\/strong>, que se tom\u00f3 el tiempo de saludar a los participantes a pesar de una agenda apretada. Le agradecemos calurosamente su presencia y su disponibilidad para futuros intercambios y proyectos conjuntos.<a href=\"https:\/\/savoie-argentine.org\/es\/4362\/aqui-estamos-n32\/\"><br><img decoding=\"async\" class=\"alignright wp-image-4388\" src=\"https:\/\/savoie-argentine.org\/wp-content\/uploads\/2025\/12\/sommaire-300x69.jpg\" alt=\"\" width=\"150\" height=\"34\" srcset=\"https:\/\/savoie-argentine.org\/wp-content\/uploads\/2025\/12\/sommaire-300x69.jpg 300w, https:\/\/savoie-argentine.org\/wp-content\/uploads\/2025\/12\/sommaire-1024x234.jpg 1024w, https:\/\/savoie-argentine.org\/wp-content\/uploads\/2025\/12\/sommaire-768x176.jpg 768w, https:\/\/savoie-argentine.org\/wp-content\/uploads\/2025\/12\/sommaire.jpg 1053w\" sizes=\"(max-width: 150px) 100vw, 150px\" \/><\/a><\/p>\t\t\t\t\t\t\t\t<\/div>\n\t\t\t\t\t<\/div>\n\t\t\t\t<\/div>\n\t\t<div class=\"elementor-element elementor-element-988361c e-flex e-con-boxed e-con e-parent\" data-id=\"988361c\" data-element_type=\"container\" data-e-type=\"container\">\n\t\t\t\t\t<div class=\"e-con-inner\">\n\t\t\t\t<div class=\"elementor-element elementor-element-06db16b elementor-widget elementor-widget-image\" data-id=\"06db16b\" data-element_type=\"widget\" data-e-type=\"widget\" data-widget_type=\"image.default\">\n\t\t\t\t\t\t\t\t\t\t\t\t\t\t\t\t<a href=\"https:\/\/savoie-argentine.org\/wp-content\/uploads\/2025\/12\/nous_voila_115.png\" data-elementor-open-lightbox=\"yes\" data-elementor-lightbox-title=\"nous_voila_115\" data-e-action-hash=\"#elementor-action%3Aaction%3Dlightbox%26settings%3DeyJpZCI6NDc3NywidXJsIjoiaHR0cHM6XC9cL3Nhdm9pZS1hcmdlbnRpbmUub3JnXC93cC1jb250ZW50XC91cGxvYWRzXC8yMDI1XC8xMlwvbm91c192b2lsYV8xMTUucG5nIn0%3D\">\n\t\t\t\t\t\t\t<img loading=\"lazy\" decoding=\"async\" width=\"791\" height=\"1024\" src=\"https:\/\/savoie-argentine.org\/wp-content\/uploads\/2025\/12\/nous_voila_115-791x1024.png\" class=\"attachment-large size-large wp-image-4777\" alt=\"\" srcset=\"https:\/\/savoie-argentine.org\/wp-content\/uploads\/2025\/12\/nous_voila_115-791x1024.png 791w, https:\/\/savoie-argentine.org\/wp-content\/uploads\/2025\/12\/nous_voila_115-232x300.png 232w, https:\/\/savoie-argentine.org\/wp-content\/uploads\/2025\/12\/nous_voila_115-768x994.png 768w, https:\/\/savoie-argentine.org\/wp-content\/uploads\/2025\/12\/nous_voila_115-1187x1536.png 1187w, https:\/\/savoie-argentine.org\/wp-content\/uploads\/2025\/12\/nous_voila_115-1583x2048.png 1583w, https:\/\/savoie-argentine.org\/wp-content\/uploads\/2025\/12\/nous_voila_115-1320x1708.png 1320w, https:\/\/savoie-argentine.org\/wp-content\/uploads\/2025\/12\/nous_voila_115.png 1700w\" sizes=\"(max-width: 791px) 100vw, 791px\" \/>\t\t\t\t\t\t\t\t<\/a>\n\t\t\t\t\t\t\t\t\t\t\t\t\t\t\t<\/div>\n\t\t\t\t\t<\/div>\n\t\t\t\t<\/div>\n\t\t<div class=\"elementor-element elementor-element-db1c6db e-flex e-con-boxed e-con e-parent\" data-id=\"db1c6db\" data-element_type=\"container\" data-e-type=\"container\">\n\t\t\t\t\t<div class=\"e-con-inner\">\n\t\t\t\t<div class=\"elementor-element elementor-element-8c18529 elementor-widget elementor-widget-heading\" data-id=\"8c18529\" data-element_type=\"widget\" data-e-type=\"widget\" id=\"sommaire_o\" data-widget_type=\"heading.default\">\n\t\t\t\t\t<h5 class=\"elementor-heading-title elementor-size-default\"><a href=\"https:\/\/savoie-argentine.org\/es\/4362\/aqui-estamos-n32\/\">P\u00c1GINA 15 \u2013 CURSOS DE IDIOMAS<\/a><\/h5>\t\t\t\t<\/div>\n\t\t\t\t\t<\/div>\n\t\t\t\t<\/div>\n\t\t<div class=\"elementor-element elementor-element-db3b208 e-flex e-con-boxed e-con e-parent\" data-id=\"db3b208\" data-element_type=\"container\" data-e-type=\"container\">\n\t\t\t\t\t<div class=\"e-con-inner\">\n\t\t\t\t<div class=\"elementor-element elementor-element-5e88fce elementor-widget elementor-widget-text-editor\" data-id=\"5e88fce\" data-element_type=\"widget\" data-e-type=\"widget\" data-widget_type=\"text-editor.default\">\n\t\t\t\t\t\t\t\t\t<h3 data-start=\"433\" data-end=\"474\"><strong data-start=\"437\" data-end=\"474\">Cierre de los cursos de idiomas 2025<\/strong><\/h3><p data-start=\"476\" data-end=\"694\">El <strong data-start=\"479\" data-end=\"499\">jueves 4 de diciembre<\/strong>, el Centro Saboyano de San Jos\u00e9 celebr\u00f3 el cierre de los cursos de idiomas, coronando un a\u00f1o rico, intenso y especialmente fruct\u00edfero en aprendizaje y experiencias compartidas.<\/p><p data-start=\"696\" data-end=\"982\">La velada ofreci\u00f3 un programa variado y colorido: presentaciones orales, interpretaciones de canciones, obras de teatro, as\u00ed como una degustaci\u00f3n de especialidades culinarias que permiti\u00f3 a los participantes acercarse a\u00fan m\u00e1s a las <strong data-start=\"942\" data-end=\"981\">culturas saboyana, brasile\u00f1a e italiana<\/strong>.<\/p><p data-start=\"984\" data-end=\"1234\">La reuni\u00f3n termin\u00f3 en un ambiente festivo con un <strong data-start=\"1045\" data-end=\"1065\">carnaval carioca<\/strong>, donde estudiantes, profesores y familias se dejaron llevar por el ritmo animado de la batucada, ofreciendo un momento de alegr\u00eda colectiva y verdadera convivencia.<\/p><p data-start=\"1236\" data-end=\"1407\">Esta velada fue la culminaci\u00f3n de un trabajo realizado conjuntamente por los estudiantes y sus profesores, cada uno habiendo preparado su contribuci\u00f3n con compromiso y entusiasmo.<\/p><p data-start=\"1409\" data-end=\"1732\">El Centro expresa su <strong data-start=\"1431\" data-end=\"1466\">m\u00e1s sincero agradecimiento<\/strong> a las familias por su apoyo constante, a los miembros del Comit\u00e9 Directivo por su apoyo, as\u00ed como a todo el profesorado, cuya implicaci\u00f3n y creatividad renuevan cada a\u00f1o la vitalidad de este lugar de transmisi\u00f3n y compartir.<a href=\"https:\/\/savoie-argentine.org\/es\/4362\/aqui-estamos-n32\/\"><br><img decoding=\"async\" class=\"alignright wp-image-4388\" src=\"https:\/\/savoie-argentine.org\/wp-content\/uploads\/2025\/12\/sommaire-300x69.jpg\" alt=\"\" width=\"150\" height=\"34\" srcset=\"https:\/\/savoie-argentine.org\/wp-content\/uploads\/2025\/12\/sommaire-300x69.jpg 300w, https:\/\/savoie-argentine.org\/wp-content\/uploads\/2025\/12\/sommaire-1024x234.jpg 1024w, https:\/\/savoie-argentine.org\/wp-content\/uploads\/2025\/12\/sommaire-768x176.jpg 768w, https:\/\/savoie-argentine.org\/wp-content\/uploads\/2025\/12\/sommaire.jpg 1053w\" sizes=\"(max-width: 150px) 100vw, 150px\" \/><\/a><\/p>\t\t\t\t\t\t\t\t<\/div>\n\t\t\t\t\t<\/div>\n\t\t\t\t<\/div>\n\t\t<div class=\"elementor-element elementor-element-9c8d996 e-flex e-con-boxed e-con e-parent\" data-id=\"9c8d996\" data-element_type=\"container\" data-e-type=\"container\">\n\t\t\t\t\t<div class=\"e-con-inner\">\n\t\t\t\t<div class=\"elementor-element elementor-element-da81bad elementor-widget elementor-widget-image\" data-id=\"da81bad\" data-element_type=\"widget\" data-e-type=\"widget\" data-widget_type=\"image.default\">\n\t\t\t\t\t\t\t\t\t\t\t\t\t\t\t\t<a href=\"https:\/\/savoie-argentine.org\/wp-content\/uploads\/2025\/12\/nous_voila_116.png\" data-elementor-open-lightbox=\"yes\" data-elementor-lightbox-title=\"nous_voila_116\" data-e-action-hash=\"#elementor-action%3Aaction%3Dlightbox%26settings%3DeyJpZCI6NDc3OCwidXJsIjoiaHR0cHM6XC9cL3Nhdm9pZS1hcmdlbnRpbmUub3JnXC93cC1jb250ZW50XC91cGxvYWRzXC8yMDI1XC8xMlwvbm91c192b2lsYV8xMTYucG5nIn0%3D\">\n\t\t\t\t\t\t\t<img loading=\"lazy\" decoding=\"async\" width=\"791\" height=\"1024\" src=\"https:\/\/savoie-argentine.org\/wp-content\/uploads\/2025\/12\/nous_voila_116-791x1024.png\" class=\"attachment-large size-large wp-image-4778\" alt=\"\" srcset=\"https:\/\/savoie-argentine.org\/wp-content\/uploads\/2025\/12\/nous_voila_116-791x1024.png 791w, https:\/\/savoie-argentine.org\/wp-content\/uploads\/2025\/12\/nous_voila_116-232x300.png 232w, https:\/\/savoie-argentine.org\/wp-content\/uploads\/2025\/12\/nous_voila_116-768x994.png 768w, https:\/\/savoie-argentine.org\/wp-content\/uploads\/2025\/12\/nous_voila_116-1187x1536.png 1187w, https:\/\/savoie-argentine.org\/wp-content\/uploads\/2025\/12\/nous_voila_116-1583x2048.png 1583w, https:\/\/savoie-argentine.org\/wp-content\/uploads\/2025\/12\/nous_voila_116-1320x1708.png 1320w, https:\/\/savoie-argentine.org\/wp-content\/uploads\/2025\/12\/nous_voila_116.png 1700w\" sizes=\"(max-width: 791px) 100vw, 791px\" \/>\t\t\t\t\t\t\t\t<\/a>\n\t\t\t\t\t\t\t\t\t\t\t\t\t\t\t<\/div>\n\t\t\t\t\t<\/div>\n\t\t\t\t<\/div>\n\t\t<div class=\"elementor-element elementor-element-1fbaf7f e-flex e-con-boxed e-con e-parent\" data-id=\"1fbaf7f\" data-element_type=\"container\" data-e-type=\"container\">\n\t\t\t\t\t<div class=\"e-con-inner\">\n\t\t\t\t<div class=\"elementor-element elementor-element-00670cb elementor-widget elementor-widget-heading\" data-id=\"00670cb\" data-element_type=\"widget\" data-e-type=\"widget\" id=\"sommaire_p\" data-widget_type=\"heading.default\">\n\t\t\t\t\t<h5 class=\"elementor-heading-title elementor-size-default\"><a href=\"https:\/\/savoie-argentine.org\/es\/4362\/aqui-estamos-n32\/\">P\u00c1GINA 16 \u2013 MERCADO DE NAVIDAD<\/a><\/h5>\t\t\t\t<\/div>\n\t\t\t\t\t<\/div>\n\t\t\t\t<\/div>\n\t\t<div class=\"elementor-element elementor-element-761bdc7 e-flex e-con-boxed e-con e-parent\" data-id=\"761bdc7\" data-element_type=\"container\" data-e-type=\"container\">\n\t\t\t\t\t<div class=\"e-con-inner\">\n\t\t\t\t<div class=\"elementor-element elementor-element-4d15ca7 elementor-widget elementor-widget-text-editor\" data-id=\"4d15ca7\" data-element_type=\"widget\" data-e-type=\"widget\" data-widget_type=\"text-editor.default\">\n\t\t\t\t\t\t\t\t\t<h3 data-start=\"1856\" data-end=\"1902\"><strong data-start=\"1860\" data-end=\"1902\">Mercado de Navidad \u2013 Primera edici\u00f3n 2025<\/strong><\/h3><p data-start=\"1904\" data-end=\"2046\">El <strong data-start=\"1907\" data-end=\"1931\">domingo 14 de diciembre<\/strong>, el Centro Saboyano de San Jos\u00e9 organiz\u00f3 con gran <strong data-start=\"1983\" data-end=\"1999\">\u00e9xito<\/strong> la primera <strong data-start=\"2027\" data-end=\"2045\">edici\u00f3n de su Mercado de Navidad<\/strong>.<\/p><p data-start=\"2048\" data-end=\"2349\">Instalado frente al edificio del Centre, en la rue Urquiza, el evento fue recibido con gran entusiasmo tanto por parte del p\u00fablico como de los expositores. En esta ocasi\u00f3n, la calle tuvo que estar excepcionalmente cerrada al tr\u00e1fico, y agradecemos calurosamente a las autoridades municipales su permiso y apoyo. <\/p><p data-start=\"2351\" data-end=\"2544\">Esta primera edici\u00f3n cumpli\u00f3 plenamente su objetivo: crear un momento c\u00e1lido de encuentro, intercambio y convivencia, fiel al esp\u00edritu navide\u00f1o y a los valores de nuestra asociaci\u00f3n.<a href=\"https:\/\/savoie-argentine.org\/es\/4362\/aqui-estamos-n32\/\"><br><img decoding=\"async\" class=\"alignright wp-image-4388\" src=\"https:\/\/savoie-argentine.org\/wp-content\/uploads\/2025\/12\/sommaire-300x69.jpg\" alt=\"\" width=\"150\" height=\"34\" srcset=\"https:\/\/savoie-argentine.org\/wp-content\/uploads\/2025\/12\/sommaire-300x69.jpg 300w, https:\/\/savoie-argentine.org\/wp-content\/uploads\/2025\/12\/sommaire-1024x234.jpg 1024w, https:\/\/savoie-argentine.org\/wp-content\/uploads\/2025\/12\/sommaire-768x176.jpg 768w, https:\/\/savoie-argentine.org\/wp-content\/uploads\/2025\/12\/sommaire.jpg 1053w\" sizes=\"(max-width: 150px) 100vw, 150px\" \/><\/a><\/p>\t\t\t\t\t\t\t\t<\/div>\n\t\t\t\t\t<\/div>\n\t\t\t\t<\/div>\n\t\t<div class=\"elementor-element elementor-element-3c8586d e-flex e-con-boxed e-con e-parent\" data-id=\"3c8586d\" data-element_type=\"container\" data-e-type=\"container\">\n\t\t\t\t\t<div class=\"e-con-inner\">\n\t\t\t\t<div class=\"elementor-element elementor-element-b469557 elementor-widget elementor-widget-image\" data-id=\"b469557\" data-element_type=\"widget\" data-e-type=\"widget\" data-widget_type=\"image.default\">\n\t\t\t\t\t\t\t\t\t\t\t\t\t\t\t\t<a href=\"https:\/\/savoie-argentine.org\/wp-content\/uploads\/2025\/12\/nous_voila_117.png\" data-elementor-open-lightbox=\"yes\" data-elementor-lightbox-title=\"nous_voila_117\" data-e-action-hash=\"#elementor-action%3Aaction%3Dlightbox%26settings%3DeyJpZCI6NDc3OSwidXJsIjoiaHR0cHM6XC9cL3Nhdm9pZS1hcmdlbnRpbmUub3JnXC93cC1jb250ZW50XC91cGxvYWRzXC8yMDI1XC8xMlwvbm91c192b2lsYV8xMTcucG5nIn0%3D\">\n\t\t\t\t\t\t\t<img loading=\"lazy\" decoding=\"async\" width=\"791\" height=\"1024\" src=\"https:\/\/savoie-argentine.org\/wp-content\/uploads\/2025\/12\/nous_voila_117-791x1024.png\" class=\"attachment-large size-large wp-image-4779\" alt=\"\" srcset=\"https:\/\/savoie-argentine.org\/wp-content\/uploads\/2025\/12\/nous_voila_117-791x1024.png 791w, https:\/\/savoie-argentine.org\/wp-content\/uploads\/2025\/12\/nous_voila_117-232x300.png 232w, https:\/\/savoie-argentine.org\/wp-content\/uploads\/2025\/12\/nous_voila_117-768x994.png 768w, https:\/\/savoie-argentine.org\/wp-content\/uploads\/2025\/12\/nous_voila_117-1187x1536.png 1187w, https:\/\/savoie-argentine.org\/wp-content\/uploads\/2025\/12\/nous_voila_117-1583x2048.png 1583w, https:\/\/savoie-argentine.org\/wp-content\/uploads\/2025\/12\/nous_voila_117-1320x1708.png 1320w, https:\/\/savoie-argentine.org\/wp-content\/uploads\/2025\/12\/nous_voila_117.png 1700w\" sizes=\"(max-width: 791px) 100vw, 791px\" \/>\t\t\t\t\t\t\t\t<\/a>\n\t\t\t\t\t\t\t\t\t\t\t\t\t\t\t<\/div>\n\t\t\t\t\t<\/div>\n\t\t\t\t<\/div>\n\t\t<div class=\"elementor-element elementor-element-b0f6441 e-flex e-con-boxed e-con e-parent\" data-id=\"b0f6441\" data-element_type=\"container\" data-e-type=\"container\">\n\t\t\t\t\t<div class=\"e-con-inner\">\n\t\t\t\t<div class=\"elementor-element elementor-element-4a57f2d elementor-widget elementor-widget-heading\" data-id=\"4a57f2d\" data-element_type=\"widget\" data-e-type=\"widget\" id=\"sommaire_q\" data-widget_type=\"heading.default\">\n\t\t\t\t\t<h5 class=\"elementor-heading-title elementor-size-default\"><a href=\"https:\/\/savoie-argentine.org\/es\/4362\/aqui-estamos-n32\/\">P\u00c1GINA 17 \u2013 FOTOS<\/a><\/h5>\t\t\t\t<\/div>\n\t\t\t\t\t<\/div>\n\t\t\t\t<\/div>\n\t\t<div class=\"elementor-element elementor-element-31dce68 e-flex e-con-boxed e-con e-parent\" data-id=\"31dce68\" data-element_type=\"container\" data-e-type=\"container\">\n\t\t\t\t\t<div class=\"e-con-inner\">\n\t\t\t\t<div class=\"elementor-element elementor-element-33ae978 elementor-widget elementor-widget-text-editor\" data-id=\"33ae978\" data-element_type=\"widget\" data-e-type=\"widget\" data-widget_type=\"text-editor.default\">\n\t\t\t\t\t\t\t\t\t<p>Esta p\u00e1gina ilustra con im\u00e1genes el ambiente festivo y familiar del <strong data-start=\"2768\" data-end=\"2786\">Mercado de Navidad<\/strong>, reflejando la implicaci\u00f3n de los voluntarios y la participaci\u00f3n activa de la comunidad.<a href=\"https:\/\/savoie-argentine.org\/es\/4362\/aqui-estamos-n32\/\"><br><img decoding=\"async\" class=\"alignright wp-image-4388\" src=\"https:\/\/savoie-argentine.org\/wp-content\/uploads\/2025\/12\/sommaire-300x69.jpg\" alt=\"\" width=\"150\" height=\"34\" srcset=\"https:\/\/savoie-argentine.org\/wp-content\/uploads\/2025\/12\/sommaire-300x69.jpg 300w, https:\/\/savoie-argentine.org\/wp-content\/uploads\/2025\/12\/sommaire-1024x234.jpg 1024w, https:\/\/savoie-argentine.org\/wp-content\/uploads\/2025\/12\/sommaire-768x176.jpg 768w, https:\/\/savoie-argentine.org\/wp-content\/uploads\/2025\/12\/sommaire.jpg 1053w\" sizes=\"(max-width: 150px) 100vw, 150px\" \/><\/a><\/p>\t\t\t\t\t\t\t\t<\/div>\n\t\t\t\t\t<\/div>\n\t\t\t\t<\/div>\n\t\t<div class=\"elementor-element elementor-element-08a813e e-flex e-con-boxed e-con e-parent\" data-id=\"08a813e\" data-element_type=\"container\" data-e-type=\"container\">\n\t\t\t\t\t<div class=\"e-con-inner\">\n\t\t\t\t<div class=\"elementor-element elementor-element-58c3bb2 elementor-widget elementor-widget-image\" data-id=\"58c3bb2\" data-element_type=\"widget\" data-e-type=\"widget\" data-widget_type=\"image.default\">\n\t\t\t\t\t\t\t\t\t\t\t\t\t\t\t\t<a href=\"https:\/\/savoie-argentine.org\/wp-content\/uploads\/2025\/12\/nous_voila_118.png\" data-elementor-open-lightbox=\"yes\" data-elementor-lightbox-title=\"nous_voila_118\" data-e-action-hash=\"#elementor-action%3Aaction%3Dlightbox%26settings%3DeyJpZCI6NDc4MCwidXJsIjoiaHR0cHM6XC9cL3Nhdm9pZS1hcmdlbnRpbmUub3JnXC93cC1jb250ZW50XC91cGxvYWRzXC8yMDI1XC8xMlwvbm91c192b2lsYV8xMTgucG5nIn0%3D\">\n\t\t\t\t\t\t\t<img loading=\"lazy\" decoding=\"async\" width=\"791\" height=\"1024\" src=\"https:\/\/savoie-argentine.org\/wp-content\/uploads\/2025\/12\/nous_voila_118-791x1024.png\" class=\"attachment-large size-large wp-image-4780\" alt=\"\" srcset=\"https:\/\/savoie-argentine.org\/wp-content\/uploads\/2025\/12\/nous_voila_118-791x1024.png 791w, https:\/\/savoie-argentine.org\/wp-content\/uploads\/2025\/12\/nous_voila_118-232x300.png 232w, https:\/\/savoie-argentine.org\/wp-content\/uploads\/2025\/12\/nous_voila_118-768x994.png 768w, https:\/\/savoie-argentine.org\/wp-content\/uploads\/2025\/12\/nous_voila_118-1187x1536.png 1187w, https:\/\/savoie-argentine.org\/wp-content\/uploads\/2025\/12\/nous_voila_118-1583x2048.png 1583w, https:\/\/savoie-argentine.org\/wp-content\/uploads\/2025\/12\/nous_voila_118-1320x1708.png 1320w, https:\/\/savoie-argentine.org\/wp-content\/uploads\/2025\/12\/nous_voila_118.png 1700w\" sizes=\"(max-width: 791px) 100vw, 791px\" \/>\t\t\t\t\t\t\t\t<\/a>\n\t\t\t\t\t\t\t\t\t\t\t\t\t\t\t<\/div>\n\t\t\t\t\t<\/div>\n\t\t\t\t<\/div>\n\t\t<div class=\"elementor-element elementor-element-2cdabfe e-flex e-con-boxed e-con e-parent\" data-id=\"2cdabfe\" data-element_type=\"container\" data-e-type=\"container\">\n\t\t\t\t\t<div class=\"e-con-inner\">\n\t\t\t\t<div class=\"elementor-element elementor-element-add704b elementor-widget elementor-widget-heading\" data-id=\"add704b\" data-element_type=\"widget\" data-e-type=\"widget\" id=\"sommaire_r\" data-widget_type=\"heading.default\">\n\t\t\t\t\t<h5 class=\"elementor-heading-title elementor-size-default\"><a href=\"https:\/\/savoie-argentine.org\/es\/4362\/aqui-estamos-n32\/\">P\u00c1GINA 18 \u2013 Saludos de A\u00f1o Nuevo<\/a><\/h5>\t\t\t\t<\/div>\n\t\t\t\t\t<\/div>\n\t\t\t\t<\/div>\n\t\t<div class=\"elementor-element elementor-element-862f29f e-flex e-con-boxed e-con e-parent\" data-id=\"862f29f\" data-element_type=\"container\" data-e-type=\"container\">\n\t\t\t\t\t<div class=\"e-con-inner\">\n\t\t\t\t<div class=\"elementor-element elementor-element-dba5fef elementor-widget elementor-widget-text-editor\" data-id=\"dba5fef\" data-element_type=\"widget\" data-e-type=\"widget\" data-widget_type=\"text-editor.default\">\n\t\t\t\t\t\t\t\t\t<p>Feliz Navidad y Pr\u00f3spero A\u00f1o Nuevo 2026 a todos los miembros y amigos del Centro Saboyano de San Jos\u00e9.<a href=\"https:\/\/savoie-argentine.org\/es\/4362\/aqui-estamos-n32\/\"><img decoding=\"async\" class=\"alignright wp-image-4388\" src=\"https:\/\/savoie-argentine.org\/wp-content\/uploads\/2025\/12\/sommaire-300x69.jpg\" alt=\"\" width=\"150\" height=\"34\" srcset=\"https:\/\/savoie-argentine.org\/wp-content\/uploads\/2025\/12\/sommaire-300x69.jpg 300w, https:\/\/savoie-argentine.org\/wp-content\/uploads\/2025\/12\/sommaire-1024x234.jpg 1024w, https:\/\/savoie-argentine.org\/wp-content\/uploads\/2025\/12\/sommaire-768x176.jpg 768w, https:\/\/savoie-argentine.org\/wp-content\/uploads\/2025\/12\/sommaire.jpg 1053w\" sizes=\"(max-width: 150px) 100vw, 150px\" \/><\/a><\/p>\t\t\t\t\t\t\t\t<\/div>\n\t\t\t\t\t<\/div>\n\t\t\t\t<\/div>\n\t\t<div class=\"elementor-element elementor-element-3e2038d e-flex e-con-boxed e-con e-parent\" data-id=\"3e2038d\" data-element_type=\"container\" data-e-type=\"container\">\n\t\t\t\t\t<div class=\"e-con-inner\">\n\t\t\t\t<div class=\"elementor-element elementor-element-5140392 elementor-widget elementor-widget-image\" data-id=\"5140392\" data-element_type=\"widget\" data-e-type=\"widget\" data-widget_type=\"image.default\">\n\t\t\t\t\t\t\t\t\t\t\t\t\t\t\t\t<a href=\"https:\/\/savoie-argentine.org\/wp-content\/uploads\/2025\/12\/nous_voila_119.png\" data-elementor-open-lightbox=\"yes\" data-elementor-lightbox-title=\"nous_voila_119\" data-e-action-hash=\"#elementor-action%3Aaction%3Dlightbox%26settings%3DeyJpZCI6NDc4MSwidXJsIjoiaHR0cHM6XC9cL3Nhdm9pZS1hcmdlbnRpbmUub3JnXC93cC1jb250ZW50XC91cGxvYWRzXC8yMDI1XC8xMlwvbm91c192b2lsYV8xMTkucG5nIn0%3D\">\n\t\t\t\t\t\t\t<img loading=\"lazy\" decoding=\"async\" width=\"791\" height=\"1024\" src=\"https:\/\/savoie-argentine.org\/wp-content\/uploads\/2025\/12\/nous_voila_119-791x1024.png\" class=\"attachment-large size-large wp-image-4781\" alt=\"\" srcset=\"https:\/\/savoie-argentine.org\/wp-content\/uploads\/2025\/12\/nous_voila_119-791x1024.png 791w, https:\/\/savoie-argentine.org\/wp-content\/uploads\/2025\/12\/nous_voila_119-232x300.png 232w, https:\/\/savoie-argentine.org\/wp-content\/uploads\/2025\/12\/nous_voila_119-768x994.png 768w, https:\/\/savoie-argentine.org\/wp-content\/uploads\/2025\/12\/nous_voila_119-1187x1536.png 1187w, https:\/\/savoie-argentine.org\/wp-content\/uploads\/2025\/12\/nous_voila_119-1583x2048.png 1583w, https:\/\/savoie-argentine.org\/wp-content\/uploads\/2025\/12\/nous_voila_119-1320x1708.png 1320w, https:\/\/savoie-argentine.org\/wp-content\/uploads\/2025\/12\/nous_voila_119.png 1700w\" sizes=\"(max-width: 791px) 100vw, 791px\" \/>\t\t\t\t\t\t\t\t<\/a>\n\t\t\t\t\t\t\t\t\t\t\t\t\t\t\t<\/div>\n\t\t\t\t\t<\/div>\n\t\t\t\t<\/div>\n\t\t<div class=\"elementor-element elementor-element-bb1b4cd e-flex e-con-boxed e-con e-parent\" data-id=\"bb1b4cd\" data-element_type=\"container\" data-e-type=\"container\">\n\t\t\t\t\t<div class=\"e-con-inner\">\n\t\t\t\t<div class=\"elementor-element elementor-element-93fdca9 elementor-widget elementor-widget-heading\" data-id=\"93fdca9\" data-element_type=\"widget\" data-e-type=\"widget\" id=\"sommaire_s\" data-widget_type=\"heading.default\">\n\t\t\t\t\t<h5 class=\"elementor-heading-title elementor-size-default\"><a href=\"https:\/\/savoie-argentine.org\/es\/4362\/aqui-estamos-n32\/\">P\u00c1GINA 19 \u2013 PRESENTACI\u00d3N DEL CENTRO<\/a><\/h5>\t\t\t\t<\/div>\n\t\t\t\t\t<\/div>\n\t\t\t\t<\/div>\n\t\t<div class=\"elementor-element elementor-element-5f7006d e-flex e-con-boxed e-con e-parent\" data-id=\"5f7006d\" data-element_type=\"container\" data-e-type=\"container\">\n\t\t\t\t\t<div class=\"e-con-inner\">\n\t\t\t\t<div class=\"elementor-element elementor-element-abf1a1d elementor-widget elementor-widget-text-editor\" data-id=\"abf1a1d\" data-element_type=\"widget\" data-e-type=\"widget\" data-widget_type=\"text-editor.default\">\n\t\t\t\t\t\t\t\t\t<p>El Centro Saboyano de San Jos\u00e9, fundado en 1989, trabaja por la lengua francesa, la genealog\u00eda, la cultura y el v\u00ednculo entre los pueblos.<a href=\"https:\/\/savoie-argentine.org\/es\/4362\/aqui-estamos-n32\/\"><img decoding=\"async\" class=\"alignright wp-image-4388\" src=\"https:\/\/savoie-argentine.org\/wp-content\/uploads\/2025\/12\/sommaire-300x69.jpg\" alt=\"\" width=\"150\" height=\"34\" srcset=\"https:\/\/savoie-argentine.org\/wp-content\/uploads\/2025\/12\/sommaire-300x69.jpg 300w, https:\/\/savoie-argentine.org\/wp-content\/uploads\/2025\/12\/sommaire-1024x234.jpg 1024w, https:\/\/savoie-argentine.org\/wp-content\/uploads\/2025\/12\/sommaire-768x176.jpg 768w, https:\/\/savoie-argentine.org\/wp-content\/uploads\/2025\/12\/sommaire.jpg 1053w\" sizes=\"(max-width: 150px) 100vw, 150px\" \/><\/a><\/p>\t\t\t\t\t\t\t\t<\/div>\n\t\t\t\t\t<\/div>\n\t\t\t\t<\/div>\n\t\t<div class=\"elementor-element elementor-element-def1f7a e-flex e-con-boxed e-con e-parent\" data-id=\"def1f7a\" data-element_type=\"container\" data-e-type=\"container\">\n\t\t\t\t\t<div class=\"e-con-inner\">\n\t\t\t\t<div class=\"elementor-element elementor-element-2d96c90 elementor-widget elementor-widget-image\" data-id=\"2d96c90\" data-element_type=\"widget\" data-e-type=\"widget\" data-widget_type=\"image.default\">\n\t\t\t\t\t\t\t\t\t\t\t\t\t\t\t\t<a href=\"https:\/\/savoie-argentine.org\/wp-content\/uploads\/2025\/12\/nous_voila_120.png\" data-elementor-open-lightbox=\"yes\" data-elementor-lightbox-title=\"nous_voila_120\" data-e-action-hash=\"#elementor-action%3Aaction%3Dlightbox%26settings%3DeyJpZCI6NDc4MiwidXJsIjoiaHR0cHM6XC9cL3Nhdm9pZS1hcmdlbnRpbmUub3JnXC93cC1jb250ZW50XC91cGxvYWRzXC8yMDI1XC8xMlwvbm91c192b2lsYV8xMjAucG5nIn0%3D\">\n\t\t\t\t\t\t\t<img loading=\"lazy\" decoding=\"async\" width=\"791\" height=\"1024\" src=\"https:\/\/savoie-argentine.org\/wp-content\/uploads\/2025\/12\/nous_voila_120-791x1024.png\" class=\"attachment-large size-large wp-image-4782\" alt=\"\" srcset=\"https:\/\/savoie-argentine.org\/wp-content\/uploads\/2025\/12\/nous_voila_120-791x1024.png 791w, https:\/\/savoie-argentine.org\/wp-content\/uploads\/2025\/12\/nous_voila_120-232x300.png 232w, https:\/\/savoie-argentine.org\/wp-content\/uploads\/2025\/12\/nous_voila_120-768x994.png 768w, https:\/\/savoie-argentine.org\/wp-content\/uploads\/2025\/12\/nous_voila_120-1187x1536.png 1187w, https:\/\/savoie-argentine.org\/wp-content\/uploads\/2025\/12\/nous_voila_120-1583x2048.png 1583w, https:\/\/savoie-argentine.org\/wp-content\/uploads\/2025\/12\/nous_voila_120-1320x1708.png 1320w, https:\/\/savoie-argentine.org\/wp-content\/uploads\/2025\/12\/nous_voila_120.png 1700w\" sizes=\"(max-width: 791px) 100vw, 791px\" \/>\t\t\t\t\t\t\t\t<\/a>\n\t\t\t\t\t\t\t\t\t\t\t\t\t\t\t<\/div>\n\t\t\t\t\t<\/div>\n\t\t\t\t<\/div>\n\t\t\t\t<\/div>\n\t\t","protected":false},"excerpt":{"rendered":"<p>P\u00c1GINA 1 \u2013 EDITORIAL CENTRO SABOYARDO DE SAN JOS\u00c9Urquiza 1001 \u2013 3283 San Jos\u00e9 \u2013 Entre R\u00edos \u2013 Argentina San Jos\u00e9, cuna de la inmigraci\u00f3n saboyana en Entre R\u00edos Feliz Navidad 1989 \u2013 2025: 36 a\u00f1os desde la creaci\u00f3n del Centro Saboyar de San Jos\u00e9 Las instituciones se fortalecen cuando saben c\u00f3mo renovarse y abrirse. [&hellip;]<\/p>\n","protected":false},"author":2,"featured_media":4361,"parent":0,"menu_order":0,"comment_status":"closed","ping_status":"closed","template":"","meta":{"iawp_total_views":3,"footnotes":""},"folder":[],"class_list":["post-4783","page","type-page","status-publish","has-post-thumbnail","hentry"],"_links":{"self":[{"href":"https:\/\/savoie-argentine.org\/es\/wp-json\/wp\/v2\/pages\/4783","targetHints":{"allow":["GET"]}}],"collection":[{"href":"https:\/\/savoie-argentine.org\/es\/wp-json\/wp\/v2\/pages"}],"about":[{"href":"https:\/\/savoie-argentine.org\/es\/wp-json\/wp\/v2\/types\/page"}],"author":[{"embeddable":true,"href":"https:\/\/savoie-argentine.org\/es\/wp-json\/wp\/v2\/users\/2"}],"replies":[{"embeddable":true,"href":"https:\/\/savoie-argentine.org\/es\/wp-json\/wp\/v2\/comments?post=4783"}],"version-history":[{"count":7,"href":"https:\/\/savoie-argentine.org\/es\/wp-json\/wp\/v2\/pages\/4783\/revisions"}],"predecessor-version":[{"id":5918,"href":"https:\/\/savoie-argentine.org\/es\/wp-json\/wp\/v2\/pages\/4783\/revisions\/5918"}],"wp:featuredmedia":[{"embeddable":true,"href":"https:\/\/savoie-argentine.org\/es\/wp-json\/wp\/v2\/media\/4361"}],"wp:attachment":[{"href":"https:\/\/savoie-argentine.org\/es\/wp-json\/wp\/v2\/media?parent=4783"}],"wp:term":[{"taxonomy":"folder","embeddable":true,"href":"https:\/\/savoie-argentine.org\/es\/wp-json\/wp\/v2\/folder?post=4783"}],"curies":[{"name":"wp","href":"https:\/\/api.w.org\/{rel}","templated":true}]}}